{"id":1256,"date":"2013-05-08T15:13:54","date_gmt":"2013-05-08T13:13:54","guid":{"rendered":"\/?page_id=1256"},"modified":"2018-04-26T11:05:45","modified_gmt":"2018-04-26T09:05:45","slug":"pedro-producteur-de-bijoux-en-graines","status":"publish","type":"page","link":"https:\/\/www.ayudart.org\/es\/demarche-ethique\/pedro-producteur-de-bijoux-en-graines\/","title":{"rendered":"Pedro, productor de alhajas con granos"},"content":{"rendered":"<p style=\"text-align: justify;\"><a href=\"https:\/\/www.ayudart.org\/wp-content\/uploads\/2013\/01\/producteur-de-bijoux.v2.jpg\"><img loading=\"lazy\" decoding=\"async\" class=\" wp-image-1198 alignleft\" alt=\"producteur de bijoux.v2\" src=\"https:\/\/www.ayudart.org\/wp-content\/uploads\/2013\/01\/producteur-de-bijoux.v2.jpg\" width=\"300\" height=\"225\" srcset=\"https:\/\/www.ayudart.org\/wp-content\/uploads\/2013\/01\/producteur-de-bijoux.v2.jpg 800w, https:\/\/www.ayudart.org\/wp-content\/uploads\/2013\/01\/producteur-de-bijoux.v2-300x225.jpg 300w, https:\/\/www.ayudart.org\/wp-content\/uploads\/2013\/01\/producteur-de-bijoux.v2-768x576.jpg 768w\" sizes=\"auto, (max-width: 300px) 100vw, 300px\" \/><\/a>La lista de granos utilizados por Pedro en la fabricaci\u00f3n de sus alhajas se parece a un cat\u00e1logo de viajes al pa\u00eds de la poes\u00eda&#8230;<\/p>\n<p style=\"text-align: justify;\">Anillos de palmera, granos tagua, c\u00e1scaras de naranjas, granos de caf\u00e9, coraz\u00f3n de Amazon\u00eda, huayruro, mini tagua, escamas de pescado, coco, asai, grano cerebrito te\u00f1ido, grano pachaca, l\u00e1grima de Job, coco tallado, bamb\u00fa, enebro, platino\u2026<\/p>\n<p>&nbsp;<\/p>\n<table>\n<tbody>\n<tr>\n<td>\n<p style=\"text-align: center;\"><a href=\"https:\/\/www.ayudart.org\/wp-content\/uploads\/2013\/05\/huayruro.v2.jpg\"><img loading=\"lazy\" decoding=\"async\" class=\"alignnone size-thumbnail wp-image-1464\" alt=\"huayruro.v2\" src=\"https:\/\/www.ayudart.org\/wp-content\/uploads\/2013\/05\/huayruro.v2-150x150.jpg\" width=\"150\" height=\"150\" srcset=\"https:\/\/www.ayudart.org\/wp-content\/uploads\/2013\/05\/huayruro.v2-150x150.jpg 150w, https:\/\/www.ayudart.org\/wp-content\/uploads\/2013\/05\/huayruro.v2-100x100.jpg 100w\" sizes=\"auto, (max-width: 150px) 100vw, 150px\" \/><\/a><br \/>\nEl \u00e1rbol de huayruro<\/p>\n<\/td>\n<td>\n<p style=\"text-align: center;\"><a href=\"https:\/\/www.ayudart.org\/wp-content\/uploads\/2013\/05\/semillas.v2.jpg\"><img loading=\"lazy\" decoding=\"async\" class=\"alignnone size-thumbnail wp-image-1465\" alt=\"semillas.v2\" src=\"https:\/\/www.ayudart.org\/wp-content\/uploads\/2013\/05\/semillas.v2-150x150.jpg\" width=\"150\" height=\"150\" srcset=\"https:\/\/www.ayudart.org\/wp-content\/uploads\/2013\/05\/semillas.v2-150x150.jpg 150w, https:\/\/www.ayudart.org\/wp-content\/uploads\/2013\/05\/semillas.v2-100x100.jpg 100w\" sizes=\"auto, (max-width: 150px) 100vw, 150px\" \/><\/a><br \/>\nTagua (m\u00e1rfil vegetal)<\/p>\n<\/td>\n<td>\n<p style=\"text-align: center;\"><a href=\"https:\/\/www.ayudart.org\/wp-content\/uploads\/2013\/05\/b-perce_graine01.v2.jpg\"><img loading=\"lazy\" decoding=\"async\" class=\"alignnone size-thumbnail wp-image-1466\" alt=\"b-perce_graine01.v2\" src=\"https:\/\/www.ayudart.org\/wp-content\/uploads\/2013\/05\/b-perce_graine01.v2-150x150.jpg\" width=\"150\" height=\"150\" srcset=\"https:\/\/www.ayudart.org\/wp-content\/uploads\/2013\/05\/b-perce_graine01.v2-150x150.jpg 150w, https:\/\/www.ayudart.org\/wp-content\/uploads\/2013\/05\/b-perce_graine01.v2-100x100.jpg 100w\" sizes=\"auto, (max-width: 150px) 100vw, 150px\" \/><\/a><br \/>\nAgujerear los granos<\/p>\n<\/td>\n<td>\n<p style=\"text-align: center;\"><a href=\"https:\/\/www.ayudart.org\/wp-content\/uploads\/2013\/05\/P1170078.v2.jpg\"><img loading=\"lazy\" decoding=\"async\" class=\"alignnone size-thumbnail wp-image-1467\" alt=\"P1170078.v2\" src=\"https:\/\/www.ayudart.org\/wp-content\/uploads\/2013\/05\/P1170078.v2-150x150.jpg\" width=\"150\" height=\"150\" srcset=\"https:\/\/www.ayudart.org\/wp-content\/uploads\/2013\/05\/P1170078.v2-150x150.jpg 150w, https:\/\/www.ayudart.org\/wp-content\/uploads\/2013\/05\/P1170078.v2-100x100.jpg 100w\" sizes=\"auto, (max-width: 150px) 100vw, 150px\" \/><\/a><br \/>\nRajas de tagua y<br \/>\nasai<\/p>\n<\/td>\n<\/tr>\n<tr>\n<td>\n<p style=\"text-align: center;\"><a href=\"https:\/\/www.ayudart.org\/wp-content\/uploads\/2013\/05\/P1170075.v2.jpg\"><img loading=\"lazy\" decoding=\"async\" class=\"alignnone size-thumbnail wp-image-1469\" alt=\"P1170075.v2\" src=\"https:\/\/www.ayudart.org\/wp-content\/uploads\/2013\/05\/P1170075.v2-150x150.jpg\" width=\"150\" height=\"150\" srcset=\"https:\/\/www.ayudart.org\/wp-content\/uploads\/2013\/05\/P1170075.v2-150x150.jpg 150w, https:\/\/www.ayudart.org\/wp-content\/uploads\/2013\/05\/P1170075.v2-100x100.jpg 100w\" sizes=\"auto, (max-width: 150px) 100vw, 150px\" \/><\/a><br \/>\nTagua, asai y rajas<br \/>\nde coco <\/p>\n<\/td>\n<td>\n<p style=\"text-align: center;\"><a href=\"https:\/\/www.ayudart.org\/wp-content\/uploads\/2013\/05\/perles-tagua-pas-cher-importateur-solidaire.v2.jpg\"><img loading=\"lazy\" decoding=\"async\" class=\"alignnone size-thumbnail wp-image-1470\" alt=\"perles-tagua-pas-cher-importateur-solidaire.v2\" src=\"https:\/\/www.ayudart.org\/wp-content\/uploads\/2013\/05\/perles-tagua-pas-cher-importateur-solidaire.v2-150x150.jpg\" width=\"150\" height=\"150\" srcset=\"https:\/\/www.ayudart.org\/wp-content\/uploads\/2013\/05\/perles-tagua-pas-cher-importateur-solidaire.v2-150x150.jpg 150w, https:\/\/www.ayudart.org\/wp-content\/uploads\/2013\/05\/perles-tagua-pas-cher-importateur-solidaire.v2-100x100.jpg 100w\" sizes=\"auto, (max-width: 150px) 100vw, 150px\" \/><\/a><br \/>\nTagua rajada,<br \/>\ncoloreada y pulida <\/p>\n<\/td>\n<td>\n<p style=\"text-align: center;\"><a href=\"https:\/\/www.ayudart.org\/wp-content\/uploads\/2013\/05\/direct-import-perles-tagua-pas-cher.v2.jpg\"><img loading=\"lazy\" decoding=\"async\" class=\"alignnone size-thumbnail wp-image-1471\" alt=\"direct-import-perles-tagua-pas-cher.v2\" src=\"https:\/\/www.ayudart.org\/wp-content\/uploads\/2013\/05\/direct-import-perles-tagua-pas-cher.v2-150x150.jpg\" width=\"150\" height=\"150\" srcset=\"https:\/\/www.ayudart.org\/wp-content\/uploads\/2013\/05\/direct-import-perles-tagua-pas-cher.v2-150x150.jpg 150w, https:\/\/www.ayudart.org\/wp-content\/uploads\/2013\/05\/direct-import-perles-tagua-pas-cher.v2-100x100.jpg 100w\" sizes=\"auto, (max-width: 150px) 100vw, 150px\" \/><\/a><br \/>\nPachaca rajada y<br \/>\ncoloreada<\/p>\n<\/td>\n<td>\n<p style=\"text-align: center;\"><a href=\"https:\/\/www.ayudart.org\/wp-content\/uploads\/2013\/05\/b-fil-graine02.v2.jpg\"><img loading=\"lazy\" decoding=\"async\" class=\"alignnone size-thumbnail wp-image-1472\" alt=\"b-fil-graine02.v2\" src=\"https:\/\/www.ayudart.org\/wp-content\/uploads\/2013\/05\/b-fil-graine02.v2-150x150.jpg\" width=\"150\" height=\"150\" srcset=\"https:\/\/www.ayudart.org\/wp-content\/uploads\/2013\/05\/b-fil-graine02.v2-150x150.jpg 150w, https:\/\/www.ayudart.org\/wp-content\/uploads\/2013\/05\/b-fil-graine02.v2-100x100.jpg 100w\" sizes=\"auto, (max-width: 150px) 100vw, 150px\" \/><\/a><br \/>\nEnsartar las perlas<\/p>\n<\/td>\n<\/tr>\n<tr>\n<td>\n<p style=\"text-align: center;\"><a href=\"https:\/\/www.ayudart.org\/wp-content\/uploads\/2013\/05\/P1170073.v2.jpg\"><img loading=\"lazy\" decoding=\"async\" class=\"alignnone size-thumbnail wp-image-1473\" alt=\"P1170073.v2\" src=\"https:\/\/www.ayudart.org\/wp-content\/uploads\/2013\/05\/P1170073.v2-150x150.jpg\" width=\"150\" height=\"150\" srcset=\"https:\/\/www.ayudart.org\/wp-content\/uploads\/2013\/05\/P1170073.v2-150x150.jpg 150w, https:\/\/www.ayudart.org\/wp-content\/uploads\/2013\/05\/P1170073.v2-100x100.jpg 100w\" sizes=\"auto, (max-width: 150px) 100vw, 150px\" \/><\/a><br \/>\nSeparar por color<\/p>\n<\/td>\n<td>\n<p style=\"text-align: center;\"><a href=\"https:\/\/www.ayudart.org\/wp-content\/uploads\/2013\/05\/bijoux-graine.v2.jpg\"><img loading=\"lazy\" decoding=\"async\" class=\"alignnone size-thumbnail wp-image-1474\" alt=\"bijoux graine.v2\" src=\"https:\/\/www.ayudart.org\/wp-content\/uploads\/2013\/05\/bijoux-graine.v2-150x150.jpg\" width=\"150\" height=\"150\" srcset=\"https:\/\/www.ayudart.org\/wp-content\/uploads\/2013\/05\/bijoux-graine.v2-150x150.jpg 150w, https:\/\/www.ayudart.org\/wp-content\/uploads\/2013\/05\/bijoux-graine.v2-100x100.jpg 100w\" sizes=\"auto, (max-width: 150px) 100vw, 150px\" \/><\/a><br \/>\nConfeccionar una alhaja con las<br \/>\nperlas<\/p>\n<\/td>\n<td>\n<p style=\"text-align: center;\"><a href=\"https:\/\/www.ayudart.org\/wp-content\/uploads\/2013\/05\/bijoux.v2.jpg\"><img loading=\"lazy\" decoding=\"async\" class=\"alignnone size-thumbnail wp-image-1477\" alt=\"bijoux.v2\" src=\"https:\/\/www.ayudart.org\/wp-content\/uploads\/2013\/05\/bijoux.v2-150x150.jpg\" width=\"150\" height=\"150\" srcset=\"https:\/\/www.ayudart.org\/wp-content\/uploads\/2013\/05\/bijoux.v2-150x150.jpg 150w, https:\/\/www.ayudart.org\/wp-content\/uploads\/2013\/05\/bijoux.v2-100x100.jpg 100w\" sizes=\"auto, (max-width: 150px) 100vw, 150px\" \/><\/a><br \/>\nAsociar los colores<\/p>\n<\/td>\n<td>\n<p style=\"text-align: center;\"><a href=\"https:\/\/www.ayudart.org\/wp-content\/uploads\/2013\/05\/boucles-d-oreille-boucles-acai-rouge-vert-orange-1184613-fotos-colliers-082-a3979_570x0.v2.jpg\"><img loading=\"lazy\" decoding=\"async\" class=\"alignnone size-thumbnail wp-image-1476\" alt=\"boucles-d-oreille-boucles-acai-rouge-vert-orange-1184613-fotos-colliers--082-a3979_570x0.v2\" src=\"https:\/\/www.ayudart.org\/wp-content\/uploads\/2013\/05\/boucles-d-oreille-boucles-acai-rouge-vert-orange-1184613-fotos-colliers-082-a3979_570x0.v2-150x150.jpg\" width=\"150\" height=\"150\" srcset=\"https:\/\/www.ayudart.org\/wp-content\/uploads\/2013\/05\/boucles-d-oreille-boucles-acai-rouge-vert-orange-1184613-fotos-colliers-082-a3979_570x0.v2-150x150.jpg 150w, https:\/\/www.ayudart.org\/wp-content\/uploads\/2013\/05\/boucles-d-oreille-boucles-acai-rouge-vert-orange-1184613-fotos-colliers-082-a3979_570x0.v2-100x100.jpg 100w\" sizes=\"auto, (max-width: 150px) 100vw, 150px\" \/><\/a><br \/>\nDejar hablar los granos<\/p>\n<\/td>\n<\/tr>\n<tr>\n<td>\n<p style=\"text-align: center;\"><a href=\"https:\/\/www.ayudart.org\/wp-content\/uploads\/2013\/05\/boucles-d-oreille-boucle-grain-de-cafe-1184720-fotos-colliers-028-83d49_570x0.v2.jpg\"><img loading=\"lazy\" decoding=\"async\" class=\"alignnone size-thumbnail wp-image-1478\" alt=\"boucles-d-oreille-boucle-grain-de-cafe-1184720-fotos-colliers--028-83d49_570x0.v2\" src=\"https:\/\/www.ayudart.org\/wp-content\/uploads\/2013\/05\/boucles-d-oreille-boucle-grain-de-cafe-1184720-fotos-colliers-028-83d49_570x0.v2-150x150.jpg\" width=\"150\" height=\"150\" srcset=\"https:\/\/www.ayudart.org\/wp-content\/uploads\/2013\/05\/boucles-d-oreille-boucle-grain-de-cafe-1184720-fotos-colliers-028-83d49_570x0.v2-150x150.jpg 150w, https:\/\/www.ayudart.org\/wp-content\/uploads\/2013\/05\/boucles-d-oreille-boucle-grain-de-cafe-1184720-fotos-colliers-028-83d49_570x0.v2-100x100.jpg 100w\" sizes=\"auto, (max-width: 150px) 100vw, 150px\" \/><\/a><br \/>\nPendientes de<br \/>\ngranos de caf\u00e9<\/p>\n<\/td>\n<td>\n<p style=\"text-align: center;\"><a href=\"https:\/\/www.ayudart.org\/wp-content\/uploads\/2013\/05\/bracelets-graines-fil-nylon-coulissant-perou.v2.jpg\"><img loading=\"lazy\" decoding=\"async\" class=\"alignnone size-thumbnail wp-image-1479\" alt=\"bracelets-graines-fil-nylon-coulissant-perou.v2\" src=\"https:\/\/www.ayudart.org\/wp-content\/uploads\/2013\/05\/bracelets-graines-fil-nylon-coulissant-perou.v2-150x150.jpg\" width=\"150\" height=\"150\" srcset=\"https:\/\/www.ayudart.org\/wp-content\/uploads\/2013\/05\/bracelets-graines-fil-nylon-coulissant-perou.v2-150x150.jpg 150w, https:\/\/www.ayudart.org\/wp-content\/uploads\/2013\/05\/bracelets-graines-fil-nylon-coulissant-perou.v2-100x100.jpg 100w\" sizes=\"auto, (max-width: 150px) 100vw, 150px\" \/><\/a><br \/>\nTrenzar las perlas<\/p>\n<\/td>\n<td>\n<p style=\"text-align: center;\"><a href=\"https:\/\/www.ayudart.org\/wp-content\/uploads\/2013\/05\/bracelet-en-graines-du-perou.v2.jpg\"><img loading=\"lazy\" decoding=\"async\" class=\"alignnone size-thumbnail wp-image-1475\" alt=\"bracelet-en-graines-du-perou.v2\" src=\"https:\/\/www.ayudart.org\/wp-content\/uploads\/2013\/05\/bracelet-en-graines-du-perou.v2-150x150.jpg\" width=\"150\" height=\"150\" srcset=\"https:\/\/www.ayudart.org\/wp-content\/uploads\/2013\/05\/bracelet-en-graines-du-perou.v2-150x150.jpg 150w, https:\/\/www.ayudart.org\/wp-content\/uploads\/2013\/05\/bracelet-en-graines-du-perou.v2-100x100.jpg 100w, https:\/\/www.ayudart.org\/wp-content\/uploads\/2013\/05\/bracelet-en-graines-du-perou.v2.jpg 264w\" sizes=\"auto, (max-width: 150px) 100vw, 150px\" \/><\/a><br \/>\nBrazalete de asai<\/p>\n<\/td>\n<td>\n<p style=\"text-align: center;\"><a href=\"https:\/\/www.ayudart.org\/wp-content\/uploads\/2013\/05\/Sans-titre.v2.jpg\"><img loading=\"lazy\" decoding=\"async\" class=\"alignnone size-thumbnail wp-image-1481\" alt=\"Sans titre.v2\" src=\"https:\/\/www.ayudart.org\/wp-content\/uploads\/2013\/05\/Sans-titre.v2-150x150.jpg\" width=\"150\" height=\"150\" srcset=\"https:\/\/www.ayudart.org\/wp-content\/uploads\/2013\/05\/Sans-titre.v2-150x150.jpg 150w, https:\/\/www.ayudart.org\/wp-content\/uploads\/2013\/05\/Sans-titre.v2-100x100.jpg 100w\" sizes=\"auto, (max-width: 150px) 100vw, 150px\" \/><br \/>\n<\/a>Collar de pachaca<br \/>\nrajada<a href=\"https:\/\/www.ayudart.org\/wp-content\/uploads\/2013\/05\/Sans-titre.v2.jpg\"><br \/>\n<\/a><\/p>\n<\/td>\n<\/tr>\n<\/tbody>\n<\/table>\n","protected":false},"excerpt":{"rendered":"<p>La lista de granos utilizados por Pedro en la fabricaci\u00f3n de sus alhajas se parece a un cat\u00e1logo de viajes al pa\u00eds de la poes\u00eda&#8230; Anillos de palmera, granos tagua, c\u00e1scaras de naranjas, granos de caf\u00e9, coraz\u00f3n de Amazon\u00eda, huayruro, mini tagua, escamas de pescado, coco, asai, grano cerebrito te\u00f1ido, grano pachaca, l\u00e1grima de Job, &hellip; <\/p>\n<p class=\"link-more\"><a href=\"https:\/\/www.ayudart.org\/es\/demarche-ethique\/pedro-producteur-de-bijoux-en-graines\/\" class=\"more-link\">Continuar leyendo<span class=\"screen-reader-text\"> \u00abPedro, productor de alhajas con granos\u00bb<\/span><\/a><\/p>\n","protected":false},"author":2,"featured_media":0,"parent":10,"menu_order":0,"comment_status":"closed","ping_status":"closed","template":"","meta":{"footnotes":""},"class_list":["post-1256","page","type-page","status-publish","hentry"],"yoast_head":"<!-- This site is optimized with the Yoast SEO plugin v27.5 - https:\/\/yoast.com\/product\/yoast-seo-wordpress\/ -->\n<title>Pedro, productor de alhajas con granos<\/title>\n<meta name=\"robots\" content=\"index, follow, max-snippet:-1, max-image-preview:large, max-video-preview:-1\" \/>\n<link rel=\"canonical\" href=\"https:\/\/www.ayudart.org\/es\/demarche-ethique\/pedro-producteur-de-bijoux-en-graines\/\" \/>\n<meta property=\"og:locale\" content=\"es_ES\" \/>\n<meta property=\"og:locale:alternate\" content=\"fr_FR\" \/>\n<meta property=\"og:locale:alternate\" content=\"en_US\" \/>\n<meta property=\"og:type\" content=\"article\" \/>\n<meta property=\"og:title\" content=\"Pedro, productor de alhajas con granos\" \/>\n<meta property=\"og:description\" content=\"La lista de granos utilizados por Pedro en la fabricaci\u00f3n de sus alhajas se parece a un cat\u00e1logo de viajes al pa\u00eds de la poes\u00eda&#8230; Anillos de palmera, granos tagua, c\u00e1scaras de naranjas, granos de caf\u00e9, coraz\u00f3n de Amazon\u00eda, huayruro, mini tagua, escamas de pescado, coco, asai, grano cerebrito te\u00f1ido, grano pachaca, l\u00e1grima de Job, &hellip; Continuar leyendo &quot;Pedro, productor de alhajas con granos&quot;\" \/>\n<meta property=\"og:url\" content=\"https:\/\/www.ayudart.org\/es\/demarche-ethique\/pedro-producteur-de-bijoux-en-graines\/\" \/>\n<meta property=\"og:site_name\" content=\"Association d&#039;aide aux enfants des rues du P\u00e9rou\" \/>\n<meta property=\"article:publisher\" content=\"https:\/\/www.facebook.com\/AyudArt\" \/>\n<meta property=\"article:modified_time\" content=\"2018-04-26T09:05:45+00:00\" \/>\n<meta property=\"og:image\" content=\"https:\/\/www.ayudart.org\/wp-content\/uploads\/2013\/01\/producteur-de-bijoux.v2.jpg\" \/>\n<meta name=\"twitter:card\" content=\"summary_large_image\" \/>\n<meta name=\"twitter:label1\" content=\"Tiempo de lectura\" \/>\n\t<meta name=\"twitter:data1\" content=\"2 minutos\" \/>\n<script type=\"application\/ld+json\" class=\"yoast-schema-graph\">{\"@context\":\"https:\\\/\\\/schema.org\",\"@graph\":[{\"@type\":\"WebPage\",\"@id\":\"https:\\\/\\\/www.ayudart.org\\\/demarche-ethique\\\/pedro-producteur-de-bijoux-en-graines\\\/\",\"url\":\"https:\\\/\\\/www.ayudart.org\\\/demarche-ethique\\\/pedro-producteur-de-bijoux-en-graines\\\/\",\"name\":\"Pedro, productor de alhajas con granos\",\"isPartOf\":{\"@id\":\"https:\\\/\\\/www.ayudart.org\\\/#website\"},\"primaryImageOfPage\":{\"@id\":\"https:\\\/\\\/www.ayudart.org\\\/demarche-ethique\\\/pedro-producteur-de-bijoux-en-graines\\\/#primaryimage\"},\"image\":{\"@id\":\"https:\\\/\\\/www.ayudart.org\\\/demarche-ethique\\\/pedro-producteur-de-bijoux-en-graines\\\/#primaryimage\"},\"thumbnailUrl\":\"https:\\\/\\\/www.ayudart.org\\\/wp-content\\\/uploads\\\/2013\\\/01\\\/producteur-de-bijoux.v2.jpg\",\"datePublished\":\"2013-05-08T13:13:54+00:00\",\"dateModified\":\"2018-04-26T09:05:45+00:00\",\"breadcrumb\":{\"@id\":\"https:\\\/\\\/www.ayudart.org\\\/demarche-ethique\\\/pedro-producteur-de-bijoux-en-graines\\\/#breadcrumb\"},\"inLanguage\":\"es-ES\",\"potentialAction\":[{\"@type\":\"ReadAction\",\"target\":[\"https:\\\/\\\/www.ayudart.org\\\/demarche-ethique\\\/pedro-producteur-de-bijoux-en-graines\\\/\"]}]},{\"@type\":\"ImageObject\",\"inLanguage\":\"es-ES\",\"@id\":\"https:\\\/\\\/www.ayudart.org\\\/demarche-ethique\\\/pedro-producteur-de-bijoux-en-graines\\\/#primaryimage\",\"url\":\"https:\\\/\\\/www.ayudart.org\\\/wp-content\\\/uploads\\\/2013\\\/01\\\/producteur-de-bijoux.v2.jpg\",\"contentUrl\":\"https:\\\/\\\/www.ayudart.org\\\/wp-content\\\/uploads\\\/2013\\\/01\\\/producteur-de-bijoux.v2.jpg\"},{\"@type\":\"BreadcrumbList\",\"@id\":\"https:\\\/\\\/www.ayudart.org\\\/demarche-ethique\\\/pedro-producteur-de-bijoux-en-graines\\\/#breadcrumb\",\"itemListElement\":[{\"@type\":\"ListItem\",\"position\":1,\"name\":\"Accueil\",\"item\":\"https:\\\/\\\/www.ayudart.org\\\/\"},{\"@type\":\"ListItem\",\"position\":2,\"name\":\"Le commerce \u00e9thique\",\"item\":\"https:\\\/\\\/www.ayudart.org\\\/demarche-ethique\\\/\"},{\"@type\":\"ListItem\",\"position\":3,\"name\":\"Pedro : producteur de bijoux en graines\"}]},{\"@type\":\"WebSite\",\"@id\":\"https:\\\/\\\/www.ayudart.org\\\/#website\",\"url\":\"https:\\\/\\\/www.ayudart.org\\\/\",\"name\":\"Association d'aide aux enfants des rues du P\u00e9rou\",\"description\":\"\",\"publisher\":{\"@id\":\"https:\\\/\\\/www.ayudart.org\\\/#organization\"},\"potentialAction\":[{\"@type\":\"SearchAction\",\"target\":{\"@type\":\"EntryPoint\",\"urlTemplate\":\"https:\\\/\\\/www.ayudart.org\\\/?s={search_term_string}\"},\"query-input\":{\"@type\":\"PropertyValueSpecification\",\"valueRequired\":true,\"valueName\":\"search_term_string\"}}],\"inLanguage\":\"es-ES\"},{\"@type\":\"Organization\",\"@id\":\"https:\\\/\\\/www.ayudart.org\\\/#organization\",\"name\":\"Ayud'Art\",\"url\":\"https:\\\/\\\/www.ayudart.org\\\/\",\"logo\":{\"@type\":\"ImageObject\",\"inLanguage\":\"es-ES\",\"@id\":\"https:\\\/\\\/www.ayudart.org\\\/#\\\/schema\\\/logo\\\/image\\\/\",\"url\":\"https:\\\/\\\/www.ayudart.org\\\/wp-content\\\/uploads\\\/2018\\\/03\\\/cropped-logo-1000-1.jpg\",\"contentUrl\":\"https:\\\/\\\/www.ayudart.org\\\/wp-content\\\/uploads\\\/2018\\\/03\\\/cropped-logo-1000-1.jpg\",\"width\":547,\"height\":250,\"caption\":\"Ayud'Art\"},\"image\":{\"@id\":\"https:\\\/\\\/www.ayudart.org\\\/#\\\/schema\\\/logo\\\/image\\\/\"},\"sameAs\":[\"https:\\\/\\\/www.facebook.com\\\/AyudArt\",\"https:\\\/\\\/www.instagram.com\\\/ayud.art\\\/\",\"https:\\\/\\\/www.linkedin.com\\\/groups\\\/27245\\\/profile\"]}]}<\/script>\n<!-- \/ Yoast SEO plugin. -->","yoast_head_json":{"title":"Pedro, productor de alhajas con granos","robots":{"index":"index","follow":"follow","max-snippet":"max-snippet:-1","max-image-preview":"max-image-preview:large","max-video-preview":"max-video-preview:-1"},"canonical":"https:\/\/www.ayudart.org\/es\/demarche-ethique\/pedro-producteur-de-bijoux-en-graines\/","og_locale":"es_ES","og_type":"article","og_title":"[:fr]Pedro : producteur de bijoux en graines[:es]Pedro, productor de alhajas con granos[:en]Pedro: Grain jewel producer[:] - Association d'aide aux enfants des rues du P\u00e9rou","og_description":"La lista de granos utilizados por Pedro en la fabricaci\u00f3n de sus alhajas se parece a un cat\u00e1logo de viajes al pa\u00eds de la poes\u00eda&#8230; Anillos de palmera, granos tagua, c\u00e1scaras de naranjas, granos de caf\u00e9, coraz\u00f3n de Amazon\u00eda, huayruro, mini tagua, escamas de pescado, coco, asai, grano cerebrito te\u00f1ido, grano pachaca, l\u00e1grima de Job, &hellip; Continuar leyendo \"Pedro, productor de alhajas con granos\"","og_url":"https:\/\/www.ayudart.org\/es\/demarche-ethique\/pedro-producteur-de-bijoux-en-graines\/","og_site_name":"Association d'aide aux enfants des rues du P\u00e9rou","article_publisher":"https:\/\/www.facebook.com\/AyudArt","article_modified_time":"2018-04-26T09:05:45+00:00","og_image":[{"url":"https:\/\/www.ayudart.org\/wp-content\/uploads\/2013\/01\/producteur-de-bijoux.v2.jpg","type":"","width":"","height":""}],"twitter_card":"summary_large_image","twitter_misc":{"Tiempo de lectura":"2 minutos"},"schema":{"@context":"https:\/\/schema.org","@graph":[{"@type":"WebPage","@id":"https:\/\/www.ayudart.org\/demarche-ethique\/pedro-producteur-de-bijoux-en-graines\/","url":"https:\/\/www.ayudart.org\/demarche-ethique\/pedro-producteur-de-bijoux-en-graines\/","name":"Pedro, productor de alhajas con granos","isPartOf":{"@id":"https:\/\/www.ayudart.org\/#website"},"primaryImageOfPage":{"@id":"https:\/\/www.ayudart.org\/demarche-ethique\/pedro-producteur-de-bijoux-en-graines\/#primaryimage"},"image":{"@id":"https:\/\/www.ayudart.org\/demarche-ethique\/pedro-producteur-de-bijoux-en-graines\/#primaryimage"},"thumbnailUrl":"https:\/\/www.ayudart.org\/wp-content\/uploads\/2013\/01\/producteur-de-bijoux.v2.jpg","datePublished":"2013-05-08T13:13:54+00:00","dateModified":"2018-04-26T09:05:45+00:00","breadcrumb":{"@id":"https:\/\/www.ayudart.org\/demarche-ethique\/pedro-producteur-de-bijoux-en-graines\/#breadcrumb"},"inLanguage":"es-ES","potentialAction":[{"@type":"ReadAction","target":["https:\/\/www.ayudart.org\/demarche-ethique\/pedro-producteur-de-bijoux-en-graines\/"]}]},{"@type":"ImageObject","inLanguage":"es-ES","@id":"https:\/\/www.ayudart.org\/demarche-ethique\/pedro-producteur-de-bijoux-en-graines\/#primaryimage","url":"https:\/\/www.ayudart.org\/wp-content\/uploads\/2013\/01\/producteur-de-bijoux.v2.jpg","contentUrl":"https:\/\/www.ayudart.org\/wp-content\/uploads\/2013\/01\/producteur-de-bijoux.v2.jpg"},{"@type":"BreadcrumbList","@id":"https:\/\/www.ayudart.org\/demarche-ethique\/pedro-producteur-de-bijoux-en-graines\/#breadcrumb","itemListElement":[{"@type":"ListItem","position":1,"name":"Accueil","item":"https:\/\/www.ayudart.org\/"},{"@type":"ListItem","position":2,"name":"Le commerce \u00e9thique","item":"https:\/\/www.ayudart.org\/demarche-ethique\/"},{"@type":"ListItem","position":3,"name":"Pedro : producteur de bijoux en graines"}]},{"@type":"WebSite","@id":"https:\/\/www.ayudart.org\/#website","url":"https:\/\/www.ayudart.org\/","name":"Association d'aide aux enfants des rues du P\u00e9rou","description":"","publisher":{"@id":"https:\/\/www.ayudart.org\/#organization"},"potentialAction":[{"@type":"SearchAction","target":{"@type":"EntryPoint","urlTemplate":"https:\/\/www.ayudart.org\/?s={search_term_string}"},"query-input":{"@type":"PropertyValueSpecification","valueRequired":true,"valueName":"search_term_string"}}],"inLanguage":"es-ES"},{"@type":"Organization","@id":"https:\/\/www.ayudart.org\/#organization","name":"Ayud'Art","url":"https:\/\/www.ayudart.org\/","logo":{"@type":"ImageObject","inLanguage":"es-ES","@id":"https:\/\/www.ayudart.org\/#\/schema\/logo\/image\/","url":"https:\/\/www.ayudart.org\/wp-content\/uploads\/2018\/03\/cropped-logo-1000-1.jpg","contentUrl":"https:\/\/www.ayudart.org\/wp-content\/uploads\/2018\/03\/cropped-logo-1000-1.jpg","width":547,"height":250,"caption":"Ayud'Art"},"image":{"@id":"https:\/\/www.ayudart.org\/#\/schema\/logo\/image\/"},"sameAs":["https:\/\/www.facebook.com\/AyudArt","https:\/\/www.instagram.com\/ayud.art\/","https:\/\/www.linkedin.com\/groups\/27245\/profile"]}]}},"_links":{"self":[{"href":"https:\/\/www.ayudart.org\/es\/wp-json\/wp\/v2\/pages\/1256","targetHints":{"allow":["GET"]}}],"collection":[{"href":"https:\/\/www.ayudart.org\/es\/wp-json\/wp\/v2\/pages"}],"about":[{"href":"https:\/\/www.ayudart.org\/es\/wp-json\/wp\/v2\/types\/page"}],"author":[{"embeddable":true,"href":"https:\/\/www.ayudart.org\/es\/wp-json\/wp\/v2\/users\/2"}],"replies":[{"embeddable":true,"href":"https:\/\/www.ayudart.org\/es\/wp-json\/wp\/v2\/comments?post=1256"}],"version-history":[{"count":3,"href":"https:\/\/www.ayudart.org\/es\/wp-json\/wp\/v2\/pages\/1256\/revisions"}],"predecessor-version":[{"id":3487,"href":"https:\/\/www.ayudart.org\/es\/wp-json\/wp\/v2\/pages\/1256\/revisions\/3487"}],"up":[{"embeddable":true,"href":"https:\/\/www.ayudart.org\/es\/wp-json\/wp\/v2\/pages\/10"}],"wp:attachment":[{"href":"https:\/\/www.ayudart.org\/es\/wp-json\/wp\/v2\/media?parent=1256"}],"curies":[{"name":"wp","href":"https:\/\/api.w.org\/{rel}","templated":true}]}}