{"id":570,"date":"2013-04-30T12:44:57","date_gmt":"2013-04-30T10:44:57","guid":{"rendered":"\/?page_id=570"},"modified":"2019-05-10T18:27:17","modified_gmt":"2019-05-10T16:27:17","slug":"quest-ce-que-cima","status":"publish","type":"page","link":"https:\/\/www.ayudart.org\/en\/le-centre-cima\/quest-ce-que-cima\/","title":{"rendered":"(Fran\u00e7ais) Qu\u2019est-ce que CIMA?"},"content":{"rendered":"<p style=\"text-align: justify;\"><a href=\"https:\/\/www.ayudart.org\/wp-content\/uploads\/2013\/04\/PerouMonde.v2.jpg\"><img loading=\"lazy\" decoding=\"async\" class=\" wp-image-1960 alignleft\" src=\"https:\/\/www.ayudart.org\/wp-content\/uploads\/2013\/04\/PerouMonde.v2.jpg\" alt=\"\" width=\"170\" height=\"127\" srcset=\"https:\/\/www.ayudart.org\/wp-content\/uploads\/2013\/04\/PerouMonde.v2.jpg 461w, https:\/\/www.ayudart.org\/wp-content\/uploads\/2013\/04\/PerouMonde.v2-300x225.jpg 300w\" sizes=\"auto, (max-width: 170px) 100vw, 170px\" \/><\/a><\/p>\n<p>Le Centre d&#8217;Int\u00e9gration des Mineurs en Abandon (CIMA) est une association civile p\u00e9ruvienne, \u00e0 but non lucratif, enregistr\u00e9e conform\u00e9ment \u00e0 la loi.<\/p>\n<p style=\"text-align: right;\"><a href=\"https:\/\/www.ayudart.org\/wp-content\/uploads\/2013\/04\/Organisation-du-CIMA.jpg\"><img loading=\"lazy\" decoding=\"async\" class=\"alignright wp-image-239 size-thumbnail\" src=\"https:\/\/www.ayudart.org\/wp-content\/uploads\/2013\/04\/Organisation-du-CIMA-150x150.jpg\" alt=\"Le fondateur\" width=\"150\" height=\"150\" srcset=\"https:\/\/www.ayudart.org\/wp-content\/uploads\/2013\/04\/Organisation-du-CIMA-150x150.jpg 150w, https:\/\/www.ayudart.org\/wp-content\/uploads\/2013\/04\/Organisation-du-CIMA-100x100.jpg 100w\" sizes=\"auto, (max-width: 150px) 100vw, 150px\" \/><\/a><\/p>\n<p>&nbsp;<\/p>\n<p style=\"text-align: justify;\">Elle a \u00e9t\u00e9 cr\u00e9\u00e9e par Jean-Louis Lebel, un professeur de sport canadien, en 1989, pour offrir une alternative aux enfants qui vivent dans les rues de Lima ou issus de l&#8217;extr\u00eame pauvret\u00e9.<\/p>\n<p style=\"text-align: justify;\"><a href=\"https:\/\/www.ayudart.org\/wp-content\/uploads\/2013\/04\/carte.v2.jpg\"><img loading=\"lazy\" decoding=\"async\" class=\" wp-image-1537 alignleft\" src=\"https:\/\/www.ayudart.org\/wp-content\/uploads\/2013\/04\/carte.v2-300x163.jpg\" alt=\"\" width=\"250\" height=\"136\" \/><\/a><\/p>\n<p>&nbsp;<\/p>\n<p style=\"text-align: left;\"><a href=\"https:\/\/www.ayudart.org\/wp-content\/uploads\/2013\/04\/carte.v2.jpg\"><img loading=\"lazy\" decoding=\"async\" class=\"alignleft wp-image-1537 size-medium\" src=\"https:\/\/www.ayudart.org\/wp-content\/uploads\/2013\/04\/carte.v2-300x164.jpg\" alt=\"\" width=\"300\" height=\"164\" srcset=\"https:\/\/www.ayudart.org\/wp-content\/uploads\/2013\/04\/carte.v2-300x164.jpg 300w, https:\/\/www.ayudart.org\/wp-content\/uploads\/2013\/04\/carte.v2.jpg 400w\" sizes=\"auto, (max-width: 300px) 100vw, 300px\" \/><\/a>Le Centre est install\u00e9 \u00e0 21km de Lima, dans le district \u00e9cologique de Cieneguilla sur un terrain de 12 000m\u00b2. CIMA se situe au milieu de ruines arch\u00e9ologiques \u00e0 flanc de montagnes.<\/p>\n<p>&nbsp;<\/p>\n<p style=\"text-align: center;\">\u00a0Le centre accueille entre 80 et 90 gar\u00e7ons de 8 \u00e0 18 ans r\u00e9partis en pavillons selon leur tranche d&#8217;\u00e2ge et leur profil.<\/p>\n<p><a href=\"https:\/\/www.ayudart.org\/wp-content\/uploads\/2013\/04\/PANORAMACIMA.v2.jpg\"><img loading=\"lazy\" decoding=\"async\" class=\" wp-image-1870 alignleft\" src=\"https:\/\/www.ayudart.org\/wp-content\/uploads\/2013\/04\/PANORAMACIMA.v2.jpg\" alt=\"\" width=\"800\" height=\"215\" srcset=\"https:\/\/www.ayudart.org\/wp-content\/uploads\/2013\/04\/PANORAMACIMA.v2.jpg 800w, https:\/\/www.ayudart.org\/wp-content\/uploads\/2013\/04\/PANORAMACIMA.v2-300x81.jpg 300w, https:\/\/www.ayudart.org\/wp-content\/uploads\/2013\/04\/PANORAMACIMA.v2-768x206.jpg 768w\" sizes=\"auto, (max-width: 767px) 89vw, (max-width: 1000px) 54vw, (max-width: 1071px) 543px, 580px\" \/><\/a><\/p>\n<p style=\"text-align: center;\">Des tuteurs vivent nuit et jour aux c\u00f4t\u00e9s des enfants et les accompagnent dans leur quotidien.<\/p>\n<p style=\"text-align: center;\"><a href=\"https:\/\/www.ayudart.org\/wp-content\/uploads\/2013\/04\/tuteurs-pano.v2.jpg\"><img loading=\"lazy\" decoding=\"async\" class=\" wp-image-2002 aligncenter\" src=\"https:\/\/www.ayudart.org\/wp-content\/uploads\/2013\/04\/tuteurs-pano.v2.jpg\" alt=\"\" width=\"800\" height=\"215\" srcset=\"https:\/\/www.ayudart.org\/wp-content\/uploads\/2013\/04\/tuteurs-pano.v2.jpg 800w, https:\/\/www.ayudart.org\/wp-content\/uploads\/2013\/04\/tuteurs-pano.v2-300x81.jpg 300w, https:\/\/www.ayudart.org\/wp-content\/uploads\/2013\/04\/tuteurs-pano.v2-768x206.jpg 768w\" sizes=\"auto, (max-width: 767px) 89vw, (max-width: 1000px) 54vw, (max-width: 1071px) 543px, 580px\" \/><\/a><\/p>\n<table>\n<tbody>\n<tr>\n<td>\n<p style=\"text-align: center;\"><a href=\"https:\/\/www.ayudart.org\/wp-content\/uploads\/2013\/04\/tutora-andrea.v2.jpg\"><img loading=\"lazy\" decoding=\"async\" class=\"size-thumbnail wp-image-2005 aligncenter\" src=\"https:\/\/www.ayudart.org\/wp-content\/uploads\/2013\/04\/tutora-andrea.v2-150x150.jpg\" alt=\"\" width=\"150\" height=\"150\" srcset=\"https:\/\/www.ayudart.org\/wp-content\/uploads\/2013\/04\/tutora-andrea.v2-150x150.jpg 150w, https:\/\/www.ayudart.org\/wp-content\/uploads\/2013\/04\/tutora-andrea.v2-100x100.jpg 100w\" sizes=\"auto, (max-width: 150px) 100vw, 150px\" \/><\/a><\/p>\n<\/td>\n<td>\n<p style=\"text-align: center;\"><a href=\"https:\/\/www.ayudart.org\/wp-content\/uploads\/2013\/04\/ninos3.v3.jpg\"><img loading=\"lazy\" decoding=\"async\" class=\"size-thumbnail wp-image-2011 aligncenter\" src=\"https:\/\/www.ayudart.org\/wp-content\/uploads\/2013\/04\/ninos3.v3-150x150.jpg\" alt=\"\" width=\"150\" height=\"150\" srcset=\"https:\/\/www.ayudart.org\/wp-content\/uploads\/2013\/04\/ninos3.v3-150x150.jpg 150w, https:\/\/www.ayudart.org\/wp-content\/uploads\/2013\/04\/ninos3.v3-100x100.jpg 100w\" sizes=\"auto, (max-width: 150px) 100vw, 150px\" \/><\/a><\/p>\n<\/td>\n<td>\n<p style=\"text-align: center;\"><a href=\"https:\/\/www.ayudart.org\/wp-content\/uploads\/2013\/04\/soutien7.v3.jpg\"><img loading=\"lazy\" decoding=\"async\" class=\"size-thumbnail wp-image-2008 aligncenter\" src=\"https:\/\/www.ayudart.org\/wp-content\/uploads\/2013\/04\/soutien7.v3-150x150.jpg\" alt=\"\" width=\"150\" height=\"150\" srcset=\"https:\/\/www.ayudart.org\/wp-content\/uploads\/2013\/04\/soutien7.v3-150x150.jpg 150w, https:\/\/www.ayudart.org\/wp-content\/uploads\/2013\/04\/soutien7.v3-100x100.jpg 100w\" sizes=\"auto, (max-width: 150px) 100vw, 150px\" \/><\/a><\/p>\n<\/td>\n<td>\n<p style=\"text-align: center;\"><a href=\"https:\/\/www.ayudart.org\/wp-content\/uploads\/2013\/04\/le-soutien-des-adultes-11.v2.jpg\"><img loading=\"lazy\" decoding=\"async\" class=\"size-thumbnail wp-image-2009 aligncenter\" src=\"https:\/\/www.ayudart.org\/wp-content\/uploads\/2013\/04\/le-soutien-des-adultes-11.v2-150x150.jpg\" alt=\"\" width=\"150\" height=\"150\" srcset=\"https:\/\/www.ayudart.org\/wp-content\/uploads\/2013\/04\/le-soutien-des-adultes-11.v2-150x150.jpg 150w, https:\/\/www.ayudart.org\/wp-content\/uploads\/2013\/04\/le-soutien-des-adultes-11.v2-100x100.jpg 100w\" sizes=\"auto, (max-width: 150px) 100vw, 150px\" \/><\/a><\/p>\n<\/td>\n<\/tr>\n<\/tbody>\n<\/table>\n<p style=\"text-align: justify;\">Pour accompagner les enfants, voici l\u2019\u00e9quipe de CIMA :<\/p>\n<table>\n<tbody>\n<tr>\n<td>\n<p style=\"text-align: center;\"><a href=\"https:\/\/www.ayudart.org\/wp-content\/uploads\/2013\/04\/photo-lebel.v2.jpg\"><img loading=\"lazy\" decoding=\"async\" class=\"size-thumbnail wp-image-2014 aligncenter\" src=\"https:\/\/www.ayudart.org\/wp-content\/uploads\/2013\/04\/photo-lebel.v2-150x150.jpg\" alt=\"\" width=\"150\" height=\"150\" srcset=\"https:\/\/www.ayudart.org\/wp-content\/uploads\/2013\/04\/photo-lebel.v2-150x150.jpg 150w, https:\/\/www.ayudart.org\/wp-content\/uploads\/2013\/04\/photo-lebel.v2-100x100.jpg 100w\" sizes=\"auto, (max-width: 150px) 100vw, 150px\" \/><\/a>Jean-Louis Lebel<br \/>\nPr\u00e9sident\/Fondateur<\/p>\n<\/td>\n<td>\n<p style=\"text-align: center;\"><a href=\"https:\/\/www.ayudart.org\/wp-content\/uploads\/2013\/04\/Mario-directeur.v2.jpg\"><img loading=\"lazy\" decoding=\"async\" class=\"size-thumbnail wp-image-1601 aligncenter\" src=\"https:\/\/www.ayudart.org\/wp-content\/uploads\/2013\/04\/Mario-directeur.v2-150x150.jpg\" alt=\"\" width=\"150\" height=\"150\" srcset=\"https:\/\/www.ayudart.org\/wp-content\/uploads\/2013\/04\/Mario-directeur.v2-150x150.jpg 150w, https:\/\/www.ayudart.org\/wp-content\/uploads\/2013\/04\/Mario-directeur.v2-100x100.jpg 100w\" sizes=\"auto, (max-width: 150px) 100vw, 150px\" \/><\/a>Mario Lopez<br \/>\nDirecteur<\/p>\n<\/td>\n<td>\n<p style=\"text-align: center;\"><a href=\"https:\/\/www.ayudart.org\/wp-content\/uploads\/2013\/04\/anne.v2.jpg\"><img loading=\"lazy\" decoding=\"async\" class=\"size-thumbnail wp-image-1581 aligncenter\" src=\"https:\/\/www.ayudart.org\/wp-content\/uploads\/2013\/04\/anne.v2-150x150.jpg\" alt=\"\" width=\"150\" height=\"150\" srcset=\"https:\/\/www.ayudart.org\/wp-content\/uploads\/2013\/04\/anne.v2-150x150.jpg 150w, https:\/\/www.ayudart.org\/wp-content\/uploads\/2013\/04\/anne.v2-100x100.jpg 100w\" sizes=\"auto, (max-width: 150px) 100vw, 150px\" \/><\/a>Anne Crabbe-Lozano<br \/>\nRelations exterieures,<br \/>\npolyglotte<\/p>\n<\/td>\n<td>\n<p style=\"text-align: center;\"><a href=\"https:\/\/www.ayudart.org\/wp-content\/uploads\/2013\/04\/Elsa.v2.jpg\"><img loading=\"lazy\" decoding=\"async\" class=\"size-thumbnail wp-image-1591 aligncenter\" src=\"https:\/\/www.ayudart.org\/wp-content\/uploads\/2013\/04\/Elsa.v2-150x150.jpg\" alt=\"\" width=\"150\" height=\"150\" srcset=\"https:\/\/www.ayudart.org\/wp-content\/uploads\/2013\/04\/Elsa.v2-150x150.jpg 150w, https:\/\/www.ayudart.org\/wp-content\/uploads\/2013\/04\/Elsa.v2-100x100.jpg 100w\" sizes=\"auto, (max-width: 150px) 100vw, 150px\" \/><\/a>Elsa Baltran<br \/>\nLogistique, achats et<br \/>\nadministration<\/p>\n<\/td>\n<\/tr>\n<tr>\n<td>\n<p style=\"text-align: center;\"><a href=\"https:\/\/www.ayudart.org\/wp-content\/uploads\/2013\/04\/sandrita-compta.v2.jpg\"><img loading=\"lazy\" decoding=\"async\" class=\"size-thumbnail wp-image-1579 aligncenter\" src=\"https:\/\/www.ayudart.org\/wp-content\/uploads\/2013\/04\/sandrita-compta.v2-150x150.jpg\" alt=\"\" width=\"150\" height=\"150\" srcset=\"https:\/\/www.ayudart.org\/wp-content\/uploads\/2013\/04\/sandrita-compta.v2-150x150.jpg 150w, https:\/\/www.ayudart.org\/wp-content\/uploads\/2013\/04\/sandrita-compta.v2-100x100.jpg 100w\" sizes=\"auto, (max-width: 150px) 100vw, 150px\" \/><\/a>Sandra<br \/>\nComptabilit\u00e9<\/p>\n<\/td>\n<td>\n<p style=\"text-align: center;\"><a href=\"https:\/\/www.ayudart.org\/wp-content\/uploads\/2013\/04\/psy-henri.v2.jpg\"><img loading=\"lazy\" decoding=\"async\" class=\"size-thumbnail wp-image-1602 aligncenter\" src=\"https:\/\/www.ayudart.org\/wp-content\/uploads\/2013\/04\/psy-henri.v2-150x150.jpg\" alt=\"\" width=\"150\" height=\"150\" srcset=\"https:\/\/www.ayudart.org\/wp-content\/uploads\/2013\/04\/psy-henri.v2-150x150.jpg 150w, https:\/\/www.ayudart.org\/wp-content\/uploads\/2013\/04\/psy-henri.v2-100x100.jpg 100w\" sizes=\"auto, (max-width: 150px) 100vw, 150px\" \/><\/a>Henri<br \/>\nPsychologue<\/p>\n<\/td>\n<td>\n<p style=\"text-align: center;\"><a href=\"https:\/\/www.ayudart.org\/wp-content\/uploads\/2013\/04\/asistonta-2.v2.jpg\"><img loading=\"lazy\" decoding=\"async\" class=\"size-thumbnail wp-image-1584 aligncenter\" src=\"https:\/\/www.ayudart.org\/wp-content\/uploads\/2013\/04\/asistonta-2.v2-150x150.jpg\" alt=\"\" width=\"150\" height=\"150\" srcset=\"https:\/\/www.ayudart.org\/wp-content\/uploads\/2013\/04\/asistonta-2.v2-150x150.jpg 150w, https:\/\/www.ayudart.org\/wp-content\/uploads\/2013\/04\/asistonta-2.v2-100x100.jpg 100w\" sizes=\"auto, (max-width: 150px) 100vw, 150px\" \/><\/a>Eva<br \/>\nAssistante sociale<\/p>\n<\/td>\n<td>\n<p style=\"text-align: center;\"><a href=\"https:\/\/www.ayudart.org\/wp-content\/uploads\/2013\/04\/P1140886.v2.jpg\"><img loading=\"lazy\" decoding=\"async\" class=\"size-thumbnail wp-image-2015 aligncenter\" src=\"https:\/\/www.ayudart.org\/wp-content\/uploads\/2013\/04\/P1140886.v2-150x150.jpg\" alt=\"\" width=\"150\" height=\"150\" srcset=\"https:\/\/www.ayudart.org\/wp-content\/uploads\/2013\/04\/P1140886.v2-150x150.jpg 150w, https:\/\/www.ayudart.org\/wp-content\/uploads\/2013\/04\/P1140886.v2-100x100.jpg 100w\" sizes=\"auto, (max-width: 150px) 100vw, 150px\" \/><\/a><\/p>\n<p style=\"text-align: center;\">Pamela<br \/>\nDentiste<\/p>\n<\/td>\n<\/tr>\n<tr>\n<td>\n<p style=\"text-align: center;\"><a href=\"https:\/\/www.ayudart.org\/wp-content\/uploads\/2013\/04\/Infirmi\u00e8re.v2.jpg\"><img loading=\"lazy\" decoding=\"async\" class=\"size-thumbnail wp-image-1603 aligncenter\" src=\"https:\/\/www.ayudart.org\/wp-content\/uploads\/2013\/04\/Infirmi\u00e8re.v2-150x150.jpg\" alt=\"\" width=\"150\" height=\"150\" srcset=\"https:\/\/www.ayudart.org\/wp-content\/uploads\/2013\/04\/Infirmi\u00e8re.v2-150x150.jpg 150w, https:\/\/www.ayudart.org\/wp-content\/uploads\/2013\/04\/Infirmi\u00e8re.v2-100x100.jpg 100w\" sizes=\"auto, (max-width: 150px) 100vw, 150px\" \/><\/a>Ana<br \/>\nInfirmi\u00e8re<\/p>\n<\/td>\n<td>\n<p style=\"text-align: center;\"><a href=\"https:\/\/www.ayudart.org\/wp-content\/uploads\/2013\/04\/Rosa.v2.jpg\"><img loading=\"lazy\" decoding=\"async\" class=\"size-thumbnail wp-image-1578 aligncenter\" src=\"https:\/\/www.ayudart.org\/wp-content\/uploads\/2013\/04\/Rosa.v2-150x150.jpg\" alt=\"\" width=\"150\" height=\"150\" srcset=\"https:\/\/www.ayudart.org\/wp-content\/uploads\/2013\/04\/Rosa.v2-150x150.jpg 150w, https:\/\/www.ayudart.org\/wp-content\/uploads\/2013\/04\/Rosa.v2-100x100.jpg 100w\" sizes=\"auto, (max-width: 150px) 100vw, 150px\" \/><\/a>Rosa<br \/>\nProfesseure de peinture<br \/>\nsur tissus<\/p>\n<\/td>\n<td>\n<p style=\"text-align: center;\"><a href=\"https:\/\/www.ayudart.org\/wp-content\/uploads\/2013\/04\/sebastian-agriculture-2.v2.jpg\"><img loading=\"lazy\" decoding=\"async\" class=\"size-thumbnail wp-image-1582 aligncenter\" src=\"https:\/\/www.ayudart.org\/wp-content\/uploads\/2013\/04\/sebastian-agriculture-2.v2-150x150.jpg\" alt=\"\" width=\"150\" height=\"150\" srcset=\"https:\/\/www.ayudart.org\/wp-content\/uploads\/2013\/04\/sebastian-agriculture-2.v2-150x150.jpg 150w, https:\/\/www.ayudart.org\/wp-content\/uploads\/2013\/04\/sebastian-agriculture-2.v2-100x100.jpg 100w\" sizes=\"auto, (max-width: 150px) 100vw, 150px\" \/><\/a>Sebastian<br \/>\nProfesseur d&#8217;\u00e9levage<\/p>\n<\/td>\n<td>\n<p style=\"text-align: center;\"><a href=\"https:\/\/www.ayudart.org\/wp-content\/uploads\/2013\/04\/pedroagriculture.v2.jpg\"><img loading=\"lazy\" decoding=\"async\" class=\"size-thumbnail wp-image-1598 aligncenter\" src=\"https:\/\/www.ayudart.org\/wp-content\/uploads\/2013\/04\/pedroagriculture.v2-150x150.jpg\" alt=\"\" width=\"150\" height=\"150\" srcset=\"https:\/\/www.ayudart.org\/wp-content\/uploads\/2013\/04\/pedroagriculture.v2-150x150.jpg 150w, https:\/\/www.ayudart.org\/wp-content\/uploads\/2013\/04\/pedroagriculture.v2-100x100.jpg 100w\" sizes=\"auto, (max-width: 150px) 100vw, 150px\" \/><\/a>Pedro<br \/>\nProfesseur d&#8217;agriculture<\/p>\n<\/td>\n<\/tr>\n<tr>\n<td>\n<p style=\"text-align: center;\"><a href=\"https:\/\/www.ayudart.org\/wp-content\/uploads\/2013\/04\/Felipe-fer.v2.jpg\"><img loading=\"lazy\" decoding=\"async\" class=\"size-thumbnail wp-image-1593 aligncenter\" src=\"https:\/\/www.ayudart.org\/wp-content\/uploads\/2013\/04\/Felipe-fer.v2-150x150.jpg\" alt=\"\" width=\"150\" height=\"150\" srcset=\"https:\/\/www.ayudart.org\/wp-content\/uploads\/2013\/04\/Felipe-fer.v2-150x150.jpg 150w, https:\/\/www.ayudart.org\/wp-content\/uploads\/2013\/04\/Felipe-fer.v2-100x100.jpg 100w\" sizes=\"auto, (max-width: 150px) 100vw, 150px\" \/><\/a>Felipe<br \/>\nProfesseur de ferronerie<\/p>\n<\/td>\n<td>\n<p style=\"text-align: center;\"><a href=\"https:\/\/www.ayudart.org\/wp-content\/uploads\/2013\/04\/hernan.v3.jpg\"><img loading=\"lazy\" decoding=\"async\" class=\"size-thumbnail wp-image-2022 aligncenter\" src=\"https:\/\/www.ayudart.org\/wp-content\/uploads\/2013\/04\/hernan.v3-150x150.jpg\" alt=\"\" width=\"150\" height=\"150\" srcset=\"https:\/\/www.ayudart.org\/wp-content\/uploads\/2013\/04\/hernan.v3-150x150.jpg 150w, https:\/\/www.ayudart.org\/wp-content\/uploads\/2013\/04\/hernan.v3-100x100.jpg 100w\" sizes=\"auto, (max-width: 150px) 100vw, 150px\" \/><\/a>Hernan<br \/>\nProfesseur<br \/>\nd&#8217;informatique<\/p>\n<\/td>\n<td>\n<p style=\"text-align: center;\"><a href=\"https:\/\/www.ayudart.org\/wp-content\/uploads\/2013\/04\/nestor-musique.v2.jpg\"><img loading=\"lazy\" decoding=\"async\" class=\"size-thumbnail wp-image-1596 aligncenter\" src=\"https:\/\/www.ayudart.org\/wp-content\/uploads\/2013\/04\/nestor-musique.v2-150x150.jpg\" alt=\"\" width=\"150\" height=\"150\" srcset=\"https:\/\/www.ayudart.org\/wp-content\/uploads\/2013\/04\/nestor-musique.v2-150x150.jpg 150w, https:\/\/www.ayudart.org\/wp-content\/uploads\/2013\/04\/nestor-musique.v2-100x100.jpg 100w\" sizes=\"auto, (max-width: 150px) 100vw, 150px\" \/><\/a>Nestor<br \/>\nProfesseur de musique<\/p>\n<\/td>\n<td>\n<p style=\"text-align: center;\"><a href=\"https:\/\/www.ayudart.org\/wp-content\/uploads\/2013\/04\/percy-musique.v2.jpg\"><img loading=\"lazy\" decoding=\"async\" class=\"size-thumbnail wp-image-1600 aligncenter\" src=\"https:\/\/www.ayudart.org\/wp-content\/uploads\/2013\/04\/percy-musique.v2-150x150.jpg\" alt=\"\" width=\"150\" height=\"150\" srcset=\"https:\/\/www.ayudart.org\/wp-content\/uploads\/2013\/04\/percy-musique.v2-150x150.jpg 150w, https:\/\/www.ayudart.org\/wp-content\/uploads\/2013\/04\/percy-musique.v2-100x100.jpg 100w\" sizes=\"auto, (max-width: 150px) 100vw, 150px\" \/><\/a>Percy<br \/>\nProfesseur de musique<\/p>\n<\/td>\n<\/tr>\n<tr>\n<td>\n<p style=\"text-align: center;\"><a href=\"https:\/\/www.ayudart.org\/wp-content\/uploads\/2013\/04\/Bizante.v2.jpg\"><img loading=\"lazy\" decoding=\"async\" class=\"size-thumbnail wp-image-1599 aligncenter\" src=\"https:\/\/www.ayudart.org\/wp-content\/uploads\/2013\/04\/Bizante.v2-150x150.jpg\" alt=\"\" width=\"150\" height=\"150\" srcset=\"https:\/\/www.ayudart.org\/wp-content\/uploads\/2013\/04\/Bizante.v2-150x150.jpg 150w, https:\/\/www.ayudart.org\/wp-content\/uploads\/2013\/04\/Bizante.v2-100x100.jpg 100w\" sizes=\"auto, (max-width: 150px) 100vw, 150px\" \/><\/a>Bizante<br \/>\nProfesseur de mise \u00e0<br \/>\nniveau scolaire<\/p>\n<\/td>\n<td>\n<p style=\"text-align: center;\"><a href=\"https:\/\/www.ayudart.org\/wp-content\/uploads\/2013\/04\/Elise-prof.v2.jpg\"><img loading=\"lazy\" decoding=\"async\" class=\"size-thumbnail wp-image-1589 aligncenter\" src=\"https:\/\/www.ayudart.org\/wp-content\/uploads\/2013\/04\/Elise-prof.v2-150x150.jpg\" alt=\"\" width=\"150\" height=\"150\" srcset=\"https:\/\/www.ayudart.org\/wp-content\/uploads\/2013\/04\/Elise-prof.v2-150x150.jpg 150w, https:\/\/www.ayudart.org\/wp-content\/uploads\/2013\/04\/Elise-prof.v2-100x100.jpg 100w\" sizes=\"auto, (max-width: 150px) 100vw, 150px\" \/><\/a>Elisa<br \/>\nProfesseur de mise \u00e0<br \/>\nniveau scolaire<\/p>\n<\/td>\n<td>\n<p style=\"text-align: center;\"><a href=\"https:\/\/www.ayudart.org\/wp-content\/uploads\/2013\/04\/edith.v3.jpg\"><img loading=\"lazy\" decoding=\"async\" class=\"size-thumbnail wp-image-2018 aligncenter\" src=\"https:\/\/www.ayudart.org\/wp-content\/uploads\/2013\/04\/edith.v3-150x150.jpg\" alt=\"\" width=\"150\" height=\"150\" srcset=\"https:\/\/www.ayudart.org\/wp-content\/uploads\/2013\/04\/edith.v3-150x150.jpg 150w, https:\/\/www.ayudart.org\/wp-content\/uploads\/2013\/04\/edith.v3-100x100.jpg 100w\" sizes=\"auto, (max-width: 150px) 100vw, 150px\" \/><\/a>Edith<br \/>\nProfesseure<br \/>\nd&#8217;hydroponie<\/p>\n<\/td>\n<td>\n<p style=\"text-align: center;\"><a href=\"https:\/\/www.ayudart.org\/wp-content\/uploads\/2013\/04\/Dina-manualit\u00e9s.v2.jpg\"><img loading=\"lazy\" decoding=\"async\" class=\"size-thumbnail wp-image-1583 aligncenter\" src=\"https:\/\/www.ayudart.org\/wp-content\/uploads\/2013\/04\/Dina-manualit\u00e9s.v2-150x150.jpg\" alt=\"\" width=\"150\" height=\"150\" srcset=\"https:\/\/www.ayudart.org\/wp-content\/uploads\/2013\/04\/Dina-manualit\u00e9s.v2-150x150.jpg 150w, https:\/\/www.ayudart.org\/wp-content\/uploads\/2013\/04\/Dina-manualit\u00e9s.v2-100x100.jpg 100w\" sizes=\"auto, (max-width: 150px) 100vw, 150px\" \/><\/a>Dina<br \/>\nProfesseure de<br \/>\ntravaux manuels et<br \/>\ncouture<\/p>\n<\/td>\n<\/tr>\n<tr>\n<td>\n<p style=\"text-align: center;\"><a href=\"https:\/\/www.ayudart.org\/wp-content\/uploads\/2013\/04\/julita-linge.v2.jpg\"><img loading=\"lazy\" decoding=\"async\" class=\"size-thumbnail wp-image-1592 aligncenter\" src=\"https:\/\/www.ayudart.org\/wp-content\/uploads\/2013\/04\/julita-linge.v2-150x150.jpg\" alt=\"\" width=\"150\" height=\"150\" srcset=\"https:\/\/www.ayudart.org\/wp-content\/uploads\/2013\/04\/julita-linge.v2-150x150.jpg 150w, https:\/\/www.ayudart.org\/wp-content\/uploads\/2013\/04\/julita-linge.v2-100x100.jpg 100w\" sizes=\"auto, (max-width: 150px) 100vw, 150px\" \/><\/a>Julita<br \/>\nAffaires scolaires et<br \/>\nlinge<\/p>\n<\/td>\n<td>\n<p style=\"text-align: center;\"><a href=\"https:\/\/www.ayudart.org\/wp-content\/uploads\/2013\/04\/Felix-cuisine.v2.jpg\"><img loading=\"lazy\" decoding=\"async\" class=\"size-thumbnail wp-image-1595 aligncenter\" src=\"https:\/\/www.ayudart.org\/wp-content\/uploads\/2013\/04\/Felix-cuisine.v2-150x150.jpg\" alt=\"\" width=\"150\" height=\"150\" srcset=\"https:\/\/www.ayudart.org\/wp-content\/uploads\/2013\/04\/Felix-cuisine.v2-150x150.jpg 150w, https:\/\/www.ayudart.org\/wp-content\/uploads\/2013\/04\/Felix-cuisine.v2-100x100.jpg 100w\" sizes=\"auto, (max-width: 150px) 100vw, 150px\" \/><\/a>Felix<br \/>\nCuisinier<\/p>\n<\/td>\n<td>\n<p style=\"text-align: center;\"><a href=\"https:\/\/www.ayudart.org\/wp-content\/uploads\/2013\/04\/vilma-cuisine.v2.jpg\"><img loading=\"lazy\" decoding=\"async\" class=\"size-thumbnail wp-image-1588 aligncenter\" src=\"https:\/\/www.ayudart.org\/wp-content\/uploads\/2013\/04\/vilma-cuisine.v2-150x150.jpg\" alt=\"\" width=\"150\" height=\"150\" srcset=\"https:\/\/www.ayudart.org\/wp-content\/uploads\/2013\/04\/vilma-cuisine.v2-150x150.jpg 150w, https:\/\/www.ayudart.org\/wp-content\/uploads\/2013\/04\/vilma-cuisine.v2-100x100.jpg 100w\" sizes=\"auto, (max-width: 150px) 100vw, 150px\" \/><\/a>Vilma<br \/>\nCuisini\u00e8re<\/p>\n<\/td>\n<td>\n<p style=\"text-align: center;\"><a href=\"https:\/\/www.ayudart.org\/wp-content\/uploads\/2013\/04\/Claudia-cuisine.v2.jpg\"><img loading=\"lazy\" decoding=\"async\" class=\"size-thumbnail wp-image-1577 aligncenter\" src=\"https:\/\/www.ayudart.org\/wp-content\/uploads\/2013\/04\/Claudia-cuisine.v2-150x150.jpg\" alt=\"\" width=\"150\" height=\"150\" srcset=\"https:\/\/www.ayudart.org\/wp-content\/uploads\/2013\/04\/Claudia-cuisine.v2-150x150.jpg 150w, https:\/\/www.ayudart.org\/wp-content\/uploads\/2013\/04\/Claudia-cuisine.v2-100x100.jpg 100w\" sizes=\"auto, (max-width: 150px) 100vw, 150px\" \/><\/a>Claudia<br \/>\nCuisini\u00e8re<\/p>\n<\/td>\n<\/tr>\n<tr>\n<td><\/td>\n<td>\n<p style=\"text-align: center;\"><a href=\"https:\/\/www.ayudart.org\/wp-content\/uploads\/2013\/04\/Regalos-para-el-personal.v2.jpg\"><img loading=\"lazy\" decoding=\"async\" class=\"size-thumbnail wp-image-1585 aligncenter\" src=\"https:\/\/www.ayudart.org\/wp-content\/uploads\/2013\/04\/Regalos-para-el-personal.v2-150x150.jpg\" alt=\"\" width=\"150\" height=\"150\" srcset=\"https:\/\/www.ayudart.org\/wp-content\/uploads\/2013\/04\/Regalos-para-el-personal.v2-150x150.jpg 150w, https:\/\/www.ayudart.org\/wp-content\/uploads\/2013\/04\/Regalos-para-el-personal.v2-100x100.jpg 100w\" sizes=\"auto, (max-width: 150px) 100vw, 150px\" \/><\/a>Santiago<br \/>\nTransport d&#8217;enfants et de<br \/>\nmarchandises<\/p>\n<\/td>\n<td>\n<p style=\"text-align: center;\"><a href=\"https:\/\/www.ayudart.org\/wp-content\/uploads\/2013\/04\/mauro-vigile.v2.jpg\"><img loading=\"lazy\" decoding=\"async\" class=\"size-thumbnail wp-image-1594 aligncenter\" src=\"https:\/\/www.ayudart.org\/wp-content\/uploads\/2013\/04\/mauro-vigile.v2-150x150.jpg\" alt=\"\" width=\"150\" height=\"150\" srcset=\"https:\/\/www.ayudart.org\/wp-content\/uploads\/2013\/04\/mauro-vigile.v2-150x150.jpg 150w, https:\/\/www.ayudart.org\/wp-content\/uploads\/2013\/04\/mauro-vigile.v2-100x100.jpg 100w\" sizes=\"auto, (max-width: 150px) 100vw, 150px\" \/><\/a>Mauro<br \/>\nGardien de nuit<\/p>\n<\/td>\n<td><\/td>\n<\/tr>\n<\/tbody>\n<\/table>\n<p><strong>CIMA &#8211; INFORMATIONS LEGALES<\/strong><\/p>\n<pre>Asociaci\u00f3n C.I.M.A. \u2013 Centro de Integraci\u00f3n de Menores en Abandono RUC 20140656870\r\n<span style=\"text-decoration: underline;\">Adresse postale<\/span> : Av. Lu\u00eds Felipe de las Casas s\/n Km. 21, Cieneguilla, Lima 40\r\n<span style=\"text-decoration: underline;\">Contact<\/span> : Telf. 479 8201-9040 \u2013 Cel. 985 023 180 - 996 603332 - 997 402 631\r\n<span style=\"text-decoration: underline;\">Email<\/span> : <span style=\"color: #3366ff;\"><a title=\"cimalpe@hotmail.com\" href=\"http:\/\/cimalpe@hotmail.com\" target=\"_blank\" rel=\"noopener noreferrer\"><span style=\"color: #3366ff;\">cimalpe@hotmail.com<\/span><\/a><\/span> - P\u00e1g.web. <span style=\"color: #3366ff;\"><a title=\"www.hogarcima.org\/fr\" href=\"http:\/\/www.hogarcima.org\/fr\" target=\"_blank\" rel=\"noopener noreferrer\"><span style=\"color: #3366ff;\">http:\/\/www.hogarcima.org\/fr<\/span><\/a><\/span>\r\nResoluci\u00f3n Ministerial N\u00ba 731-2007.EF\/15 del 30 de noviembre 2007\r\nConstancia de Reinscripci\u00f3n N\u00b0031 Resoluci\u00f3n Directoral N\u00b0 046 \u2013 2008MIMDESDGFC-DINNA -\r\nc\u00f3digo de inscripci\u00f3n N\u00b0 221- Ministerio de la Mujer y Desarrollo Social, 01 de Agosto 2008\u2022\r\nLicencia Municipal de Funcionamiento \u2013 Certificado N\u00b0 A-0000213.03.10.09<\/pre>\n","protected":false},"excerpt":{"rendered":"<p>Le Centre d&#8217;Int\u00e9gration des Mineurs en Abandon (CIMA) est une association civile p\u00e9ruvienne, \u00e0 but non lucratif, enregistr\u00e9e conform\u00e9ment \u00e0 la loi. &nbsp; Elle a \u00e9t\u00e9 cr\u00e9\u00e9e par Jean-Louis Lebel, un professeur de sport canadien, en 1989, pour offrir une alternative aux enfants qui vivent dans les rues de Lima ou issus de l&#8217;extr\u00eame pauvret\u00e9. &hellip; <\/p>\n<p class=\"link-more\"><a href=\"https:\/\/www.ayudart.org\/en\/le-centre-cima\/quest-ce-que-cima\/\" class=\"more-link\">Continue reading<span class=\"screen-reader-text\"> &#8220;(Fran\u00e7ais) Qu\u2019est-ce que CIMA?&#8221;<\/span><\/a><\/p>\n","protected":false},"author":2,"featured_media":0,"parent":8,"menu_order":0,"comment_status":"closed","ping_status":"closed","template":"","meta":{"footnotes":""},"class_list":["post-570","page","type-page","status-publish","hentry"],"yoast_head":"<!-- This site is optimized with the Yoast SEO plugin v27.5 - https:\/\/yoast.com\/product\/yoast-seo-wordpress\/ -->\n<title>(Fran\u00e7ais) Qu\u2019est-ce que CIMA?<\/title>\n<meta name=\"robots\" content=\"index, follow, max-snippet:-1, max-image-preview:large, max-video-preview:-1\" \/>\n<link rel=\"canonical\" href=\"https:\/\/www.ayudart.org\/en\/le-centre-cima\/quest-ce-que-cima\/\" \/>\n<meta property=\"og:locale\" content=\"en_US\" \/>\n<meta property=\"og:locale:alternate\" content=\"fr_FR\" \/>\n<meta property=\"og:locale:alternate\" content=\"es_ES\" \/>\n<meta property=\"og:type\" content=\"article\" \/>\n<meta property=\"og:title\" content=\"(Fran\u00e7ais) Qu\u2019est-ce que CIMA?\" \/>\n<meta property=\"og:description\" content=\"Le Centre d&#8217;Int\u00e9gration des Mineurs en Abandon (CIMA) est une association civile p\u00e9ruvienne, \u00e0 but non lucratif, enregistr\u00e9e conform\u00e9ment \u00e0 la loi. &nbsp; Elle a \u00e9t\u00e9 cr\u00e9\u00e9e par Jean-Louis Lebel, un professeur de sport canadien, en 1989, pour offrir une alternative aux enfants qui vivent dans les rues de Lima ou issus de l&#8217;extr\u00eame pauvret\u00e9. &hellip; Continue reading &quot;(Fran\u00e7ais) Qu\u2019est-ce que CIMA?&quot;\" \/>\n<meta property=\"og:url\" content=\"https:\/\/www.ayudart.org\/en\/le-centre-cima\/quest-ce-que-cima\/\" \/>\n<meta property=\"og:site_name\" content=\"Ayud&#039;Art - Association d&#039;aide aux enfants des rues du P\u00e9rou\" \/>\n<meta property=\"article:publisher\" content=\"https:\/\/www.facebook.com\/AyudArt\" \/>\n<meta property=\"article:modified_time\" content=\"2019-05-10T16:27:17+00:00\" \/>\n<meta property=\"og:image\" content=\"https:\/\/www.ayudart.org\/wp-content\/uploads\/2013\/04\/PerouMonde.v2.jpg\" \/>\n<meta name=\"twitter:card\" content=\"summary_large_image\" \/>\n<meta name=\"twitter:label1\" content=\"Est. reading time\" \/>\n\t<meta name=\"twitter:data1\" content=\"5 minutes\" \/>\n<script type=\"application\/ld+json\" class=\"yoast-schema-graph\">{\"@context\":\"https:\\\/\\\/schema.org\",\"@graph\":[{\"@type\":\"WebPage\",\"@id\":\"https:\\\/\\\/www.ayudart.org\\\/le-centre-cima\\\/quest-ce-que-cima\\\/\",\"url\":\"https:\\\/\\\/www.ayudart.org\\\/le-centre-cima\\\/quest-ce-que-cima\\\/\",\"name\":\"(Fran\u00e7ais) Qu\u2019est-ce que CIMA?\",\"isPartOf\":{\"@id\":\"https:\\\/\\\/www.ayudart.org\\\/#website\"},\"primaryImageOfPage\":{\"@id\":\"https:\\\/\\\/www.ayudart.org\\\/le-centre-cima\\\/quest-ce-que-cima\\\/#primaryimage\"},\"image\":{\"@id\":\"https:\\\/\\\/www.ayudart.org\\\/le-centre-cima\\\/quest-ce-que-cima\\\/#primaryimage\"},\"thumbnailUrl\":\"https:\\\/\\\/www.ayudart.org\\\/wp-content\\\/uploads\\\/2013\\\/04\\\/PerouMonde.v2.jpg\",\"datePublished\":\"2013-04-30T10:44:57+00:00\",\"dateModified\":\"2019-05-10T16:27:17+00:00\",\"breadcrumb\":{\"@id\":\"https:\\\/\\\/www.ayudart.org\\\/le-centre-cima\\\/quest-ce-que-cima\\\/#breadcrumb\"},\"inLanguage\":\"en-US\",\"potentialAction\":[{\"@type\":\"ReadAction\",\"target\":[\"https:\\\/\\\/www.ayudart.org\\\/le-centre-cima\\\/quest-ce-que-cima\\\/\"]}]},{\"@type\":\"ImageObject\",\"inLanguage\":\"en-US\",\"@id\":\"https:\\\/\\\/www.ayudart.org\\\/le-centre-cima\\\/quest-ce-que-cima\\\/#primaryimage\",\"url\":\"https:\\\/\\\/www.ayudart.org\\\/wp-content\\\/uploads\\\/2013\\\/04\\\/PerouMonde.v2.jpg\",\"contentUrl\":\"https:\\\/\\\/www.ayudart.org\\\/wp-content\\\/uploads\\\/2013\\\/04\\\/PerouMonde.v2.jpg\"},{\"@type\":\"BreadcrumbList\",\"@id\":\"https:\\\/\\\/www.ayudart.org\\\/le-centre-cima\\\/quest-ce-que-cima\\\/#breadcrumb\",\"itemListElement\":[{\"@type\":\"ListItem\",\"position\":1,\"name\":\"Accueil\",\"item\":\"https:\\\/\\\/www.ayudart.org\\\/\"},{\"@type\":\"ListItem\",\"position\":2,\"name\":\"Le Centre CIMA\",\"item\":\"https:\\\/\\\/www.ayudart.org\\\/le-centre-cima\\\/\"},{\"@type\":\"ListItem\",\"position\":3,\"name\":\"Qu&rsquo;est-ce que CIMA?\"}]},{\"@type\":\"WebSite\",\"@id\":\"https:\\\/\\\/www.ayudart.org\\\/#website\",\"url\":\"https:\\\/\\\/www.ayudart.org\\\/\",\"name\":\"Ayud'Art - Association d'aide aux enfants des rues du P\u00e9rou\",\"description\":\"\",\"publisher\":{\"@id\":\"https:\\\/\\\/www.ayudart.org\\\/#organization\"},\"potentialAction\":[{\"@type\":\"SearchAction\",\"target\":{\"@type\":\"EntryPoint\",\"urlTemplate\":\"https:\\\/\\\/www.ayudart.org\\\/?s={search_term_string}\"},\"query-input\":{\"@type\":\"PropertyValueSpecification\",\"valueRequired\":true,\"valueName\":\"search_term_string\"}}],\"inLanguage\":\"en-US\"},{\"@type\":\"Organization\",\"@id\":\"https:\\\/\\\/www.ayudart.org\\\/#organization\",\"name\":\"Ayud'Art\",\"url\":\"https:\\\/\\\/www.ayudart.org\\\/\",\"logo\":{\"@type\":\"ImageObject\",\"inLanguage\":\"en-US\",\"@id\":\"https:\\\/\\\/www.ayudart.org\\\/#\\\/schema\\\/logo\\\/image\\\/\",\"url\":\"https:\\\/\\\/www.ayudart.org\\\/wp-content\\\/uploads\\\/2018\\\/03\\\/cropped-logo-1000-1.jpg\",\"contentUrl\":\"https:\\\/\\\/www.ayudart.org\\\/wp-content\\\/uploads\\\/2018\\\/03\\\/cropped-logo-1000-1.jpg\",\"width\":547,\"height\":250,\"caption\":\"Ayud'Art\"},\"image\":{\"@id\":\"https:\\\/\\\/www.ayudart.org\\\/#\\\/schema\\\/logo\\\/image\\\/\"},\"sameAs\":[\"https:\\\/\\\/www.facebook.com\\\/AyudArt\",\"https:\\\/\\\/www.instagram.com\\\/ayud.art\\\/\",\"https:\\\/\\\/www.linkedin.com\\\/groups\\\/27245\\\/profile\"]}]}<\/script>\n<!-- \/ Yoast SEO plugin. -->","yoast_head_json":{"title":"(Fran\u00e7ais) Qu\u2019est-ce que CIMA?","robots":{"index":"index","follow":"follow","max-snippet":"max-snippet:-1","max-image-preview":"max-image-preview:large","max-video-preview":"max-video-preview:-1"},"canonical":"https:\/\/www.ayudart.org\/en\/le-centre-cima\/quest-ce-que-cima\/","og_locale":"en_US","og_type":"article","og_title":"[:fr]Qu'est-ce que CIMA?[:es]\u00bfQu\u00e9 es CIMA?[:en](Fran\u00e7ais) Qu\u2019est-ce que CIMA?[:] - Ayud'Art - Association d'aide aux enfants des rues du P\u00e9rou","og_description":"Le Centre d&#8217;Int\u00e9gration des Mineurs en Abandon (CIMA) est une association civile p\u00e9ruvienne, \u00e0 but non lucratif, enregistr\u00e9e conform\u00e9ment \u00e0 la loi. &nbsp; Elle a \u00e9t\u00e9 cr\u00e9\u00e9e par Jean-Louis Lebel, un professeur de sport canadien, en 1989, pour offrir une alternative aux enfants qui vivent dans les rues de Lima ou issus de l&#8217;extr\u00eame pauvret\u00e9. &hellip; Continue reading \"(Fran\u00e7ais) Qu\u2019est-ce que CIMA?\"","og_url":"https:\/\/www.ayudart.org\/en\/le-centre-cima\/quest-ce-que-cima\/","og_site_name":"Ayud'Art - Association d'aide aux enfants des rues du P\u00e9rou","article_publisher":"https:\/\/www.facebook.com\/AyudArt","article_modified_time":"2019-05-10T16:27:17+00:00","og_image":[{"url":"https:\/\/www.ayudart.org\/wp-content\/uploads\/2013\/04\/PerouMonde.v2.jpg","type":"","width":"","height":""}],"twitter_card":"summary_large_image","twitter_misc":{"Est. reading time":"5 minutes"},"schema":{"@context":"https:\/\/schema.org","@graph":[{"@type":"WebPage","@id":"https:\/\/www.ayudart.org\/le-centre-cima\/quest-ce-que-cima\/","url":"https:\/\/www.ayudart.org\/le-centre-cima\/quest-ce-que-cima\/","name":"(Fran\u00e7ais) Qu\u2019est-ce que CIMA?","isPartOf":{"@id":"https:\/\/www.ayudart.org\/#website"},"primaryImageOfPage":{"@id":"https:\/\/www.ayudart.org\/le-centre-cima\/quest-ce-que-cima\/#primaryimage"},"image":{"@id":"https:\/\/www.ayudart.org\/le-centre-cima\/quest-ce-que-cima\/#primaryimage"},"thumbnailUrl":"https:\/\/www.ayudart.org\/wp-content\/uploads\/2013\/04\/PerouMonde.v2.jpg","datePublished":"2013-04-30T10:44:57+00:00","dateModified":"2019-05-10T16:27:17+00:00","breadcrumb":{"@id":"https:\/\/www.ayudart.org\/le-centre-cima\/quest-ce-que-cima\/#breadcrumb"},"inLanguage":"en-US","potentialAction":[{"@type":"ReadAction","target":["https:\/\/www.ayudart.org\/le-centre-cima\/quest-ce-que-cima\/"]}]},{"@type":"ImageObject","inLanguage":"en-US","@id":"https:\/\/www.ayudart.org\/le-centre-cima\/quest-ce-que-cima\/#primaryimage","url":"https:\/\/www.ayudart.org\/wp-content\/uploads\/2013\/04\/PerouMonde.v2.jpg","contentUrl":"https:\/\/www.ayudart.org\/wp-content\/uploads\/2013\/04\/PerouMonde.v2.jpg"},{"@type":"BreadcrumbList","@id":"https:\/\/www.ayudart.org\/le-centre-cima\/quest-ce-que-cima\/#breadcrumb","itemListElement":[{"@type":"ListItem","position":1,"name":"Accueil","item":"https:\/\/www.ayudart.org\/"},{"@type":"ListItem","position":2,"name":"Le Centre CIMA","item":"https:\/\/www.ayudart.org\/le-centre-cima\/"},{"@type":"ListItem","position":3,"name":"Qu&rsquo;est-ce que CIMA?"}]},{"@type":"WebSite","@id":"https:\/\/www.ayudart.org\/#website","url":"https:\/\/www.ayudart.org\/","name":"Ayud'Art - Association d'aide aux enfants des rues du P\u00e9rou","description":"","publisher":{"@id":"https:\/\/www.ayudart.org\/#organization"},"potentialAction":[{"@type":"SearchAction","target":{"@type":"EntryPoint","urlTemplate":"https:\/\/www.ayudart.org\/?s={search_term_string}"},"query-input":{"@type":"PropertyValueSpecification","valueRequired":true,"valueName":"search_term_string"}}],"inLanguage":"en-US"},{"@type":"Organization","@id":"https:\/\/www.ayudart.org\/#organization","name":"Ayud'Art","url":"https:\/\/www.ayudart.org\/","logo":{"@type":"ImageObject","inLanguage":"en-US","@id":"https:\/\/www.ayudart.org\/#\/schema\/logo\/image\/","url":"https:\/\/www.ayudart.org\/wp-content\/uploads\/2018\/03\/cropped-logo-1000-1.jpg","contentUrl":"https:\/\/www.ayudart.org\/wp-content\/uploads\/2018\/03\/cropped-logo-1000-1.jpg","width":547,"height":250,"caption":"Ayud'Art"},"image":{"@id":"https:\/\/www.ayudart.org\/#\/schema\/logo\/image\/"},"sameAs":["https:\/\/www.facebook.com\/AyudArt","https:\/\/www.instagram.com\/ayud.art\/","https:\/\/www.linkedin.com\/groups\/27245\/profile"]}]}},"_links":{"self":[{"href":"https:\/\/www.ayudart.org\/en\/wp-json\/wp\/v2\/pages\/570","targetHints":{"allow":["GET"]}}],"collection":[{"href":"https:\/\/www.ayudart.org\/en\/wp-json\/wp\/v2\/pages"}],"about":[{"href":"https:\/\/www.ayudart.org\/en\/wp-json\/wp\/v2\/types\/page"}],"author":[{"embeddable":true,"href":"https:\/\/www.ayudart.org\/en\/wp-json\/wp\/v2\/users\/2"}],"replies":[{"embeddable":true,"href":"https:\/\/www.ayudart.org\/en\/wp-json\/wp\/v2\/comments?post=570"}],"version-history":[{"count":16,"href":"https:\/\/www.ayudart.org\/en\/wp-json\/wp\/v2\/pages\/570\/revisions"}],"predecessor-version":[{"id":3864,"href":"https:\/\/www.ayudart.org\/en\/wp-json\/wp\/v2\/pages\/570\/revisions\/3864"}],"up":[{"embeddable":true,"href":"https:\/\/www.ayudart.org\/en\/wp-json\/wp\/v2\/pages\/8"}],"wp:attachment":[{"href":"https:\/\/www.ayudart.org\/en\/wp-json\/wp\/v2\/media?parent=570"}],"curies":[{"name":"wp","href":"https:\/\/api.w.org\/{rel}","templated":true}]}}