{"id":565,"date":"2013-04-30T12:32:46","date_gmt":"2013-04-30T10:32:46","guid":{"rendered":"\/?page_id=565"},"modified":"2018-12-21T21:24:11","modified_gmt":"2018-12-21T20:24:11","slug":"ou-qui","status":"publish","type":"page","link":"https:\/\/www.ayudart.org\/en\/le-centre-cima\/ou-qui\/","title":{"rendered":"Who are the children of CIMA?"},"content":{"rendered":"<p><span style=\"color: #000000;\"><strong>D&#8217;OU VIENNENT LES ENFANTS DU CIMA?<\/strong><\/span><\/p>\n<div style=\"text-align: center;\">Depuis 2001, une seule et m\u00eame question se devine ou se dessine sur toutes les l\u00e8vres lorsque Ayud&#8217;Art intervient et communique sur le th\u00e8me des enfants des rues de Lima : &#8220;Mais pourquoi ces gens abandonnent-ils leurs enfants, pourquoi le P\u00e9rou ne fait-il rien?&#8221;.<\/div>\n<p style=\"text-align: center;\">\u00a0La meilleure des r\u00e9ponses consiste \u00e0 grimper dans un avion et se donne \u00e0 voir d\u00e8s les premiers pas lorsqu&#8217;on s&#8217;\u00e9loigne de seulement quelques m\u00e8tres de l&#8217;a\u00e9roport de Lima. Tout \u00e0 coup, tout para\u00eet \u00e9vident et CIMA appara\u00eet\u00a0en une fraction de seconde comme un radeau de la derni\u00e8re chance.<\/p>\n<p style=\"text-align: center;\">\u00a0Lima&#8230; 31% de la population d&#8217;un pays grand comme deux fois la France s&#8217;agite ici. Et quel pays.. splendide, d\u00e9routant&#8230;<\/p>\n<p style=\"text-align: center;\">\u00a0Une population qui a plus que quadrupl\u00e9 en 70 ans, deux p\u00e9ruviens sur trois\u00a0ont moins de 30 ans. Un\u00a0\u00e9tat qui\u00a0consacre 2.6% de tout son PIB \u00e0 l&#8217;\u00e9ducation et 1% de ce m\u00eame PIB \u00e0 la sant\u00e9 (!!!). Un p\u00e9ruvien sur deux n&#8217;a pas de revenu personnel et un enfant p\u00e9ruvien sur cinq souffre de malnutrition.<\/p>\n<p style=\"text-align: center;\">\u00a0Loin de Lima, ce sont les chiffres qui traduisent ce que l&#8217;ambiance distille quand on s&#8217;y prom\u00e8ne.<\/p>\n<p style=\"text-align: center;\">\u00a0Alors non, cela n&#8217;est pas un sport national que d&#8217;abandonner ses enfants, non, l&#8217;\u00e9tat p\u00e9ruvien n&#8217;investit pas plus de 4% du PIB pour toutes les d\u00e9penses de sant\u00e9 et d&#8217;\u00e9ducation de son peuple et non il n&#8217;y a parfois pas d&#8217;autres solutions pour certains enfants que de vivre dans la rue ou dans l&#8217;extr\u00eame pauvret\u00e9.<\/p>\n<p style=\"text-align: center;\">\u00a0Ce sont eux, les enfants du CIMA.<\/p>\n<table>\n<tbody>\n<tr>\n<td>\u00a0<\/td>\n<td>\n<p style=\"text-align: center;\"><a href=\"https:\/\/www.ayudart.org\/wp-content\/uploads\/2013\/04\/IMG_5294.v2.jpg\"><img loading=\"lazy\" decoding=\"async\" class=\"size-medium wp-image-998 aligncenter\" src=\"https:\/\/www.ayudart.org\/wp-content\/uploads\/2013\/04\/IMG_5294.v2-300x225.jpg\" alt=\"Issus de l'extr\u00eame pauvret\u00e9,\" width=\"300\" height=\"225\" srcset=\"https:\/\/www.ayudart.org\/wp-content\/uploads\/2013\/04\/IMG_5294.v2-300x225.jpg 300w, https:\/\/www.ayudart.org\/wp-content\/uploads\/2013\/04\/IMG_5294.v2-768x576.jpg 768w, https:\/\/www.ayudart.org\/wp-content\/uploads\/2013\/04\/IMG_5294.v2.jpg 800w\" sizes=\"auto, (max-width: 300px) 100vw, 300px\" \/><\/a>D&#8217;o\u00f9 viennent-ils?<\/p>\n<div class=\"fancybox-hidden\">\n<div id='gallery-1' class='gallery galleryid-565 gallery-columns-3 gallery-size-thumbnail'><figure class='gallery-item'>\r\n\t\t\t<div class='gallery-icon landscape'>\r\n\t\t\t\t<a href='https:\/\/www.ayudart.org\/wp-content\/uploads\/2013\/04\/dou-viennent-ils.v2.jpg'><img loading=\"lazy\" decoding=\"async\" width=\"150\" height=\"150\" src=\"https:\/\/www.ayudart.org\/wp-content\/uploads\/2013\/04\/dou-viennent-ils.v2-150x150.jpg\" class=\"attachment-thumbnail size-thumbnail\" alt=\"les enfants qui arrivent \u00e0 CIMA sont pour la plupart originaires des bidonvilles alentours.\" srcset=\"https:\/\/www.ayudart.org\/wp-content\/uploads\/2013\/04\/dou-viennent-ils.v2-150x150.jpg 150w, https:\/\/www.ayudart.org\/wp-content\/uploads\/2013\/04\/dou-viennent-ils.v2-100x100.jpg 100w\" sizes=\"auto, 100vw\" \/><\/a>\r\n\t\t\t<\/div><\/figure><figure class='gallery-item'>\r\n\t\t\t<div class='gallery-icon portrait'>\r\n\t\t\t\t<a href='https:\/\/www.ayudart.org\/wp-content\/uploads\/2013\/04\/logo_perou.v2.jpg'><img loading=\"lazy\" decoding=\"async\" width=\"150\" height=\"150\" src=\"https:\/\/www.ayudart.org\/wp-content\/uploads\/2013\/04\/logo_perou.v2-150x150.jpg\" class=\"attachment-thumbnail size-thumbnail\" alt=\"\" srcset=\"https:\/\/www.ayudart.org\/wp-content\/uploads\/2013\/04\/logo_perou.v2-150x150.jpg 150w, https:\/\/www.ayudart.org\/wp-content\/uploads\/2013\/04\/logo_perou.v2-100x100.jpg 100w\" sizes=\"auto, 100vw\" \/><\/a>\r\n\t\t\t<\/div><\/figure><figure class='gallery-item'>\r\n\t\t\t<div class='gallery-icon landscape'>\r\n\t\t\t\t<a href='https:\/\/www.ayudart.org\/wp-content\/uploads\/2013\/04\/p\u00e9rou0941.v2.jpg'><img loading=\"lazy\" decoding=\"async\" width=\"150\" height=\"150\" src=\"https:\/\/www.ayudart.org\/wp-content\/uploads\/2013\/04\/p\u00e9rou0941.v2-150x150.jpg\" class=\"attachment-thumbnail size-thumbnail\" alt=\"\" srcset=\"https:\/\/www.ayudart.org\/wp-content\/uploads\/2013\/04\/p\u00e9rou0941.v2-150x150.jpg 150w, https:\/\/www.ayudart.org\/wp-content\/uploads\/2013\/04\/p\u00e9rou0941.v2-100x100.jpg 100w\" sizes=\"auto, 100vw\" \/><\/a>\r\n\t\t\t<\/div><\/figure><figure class='gallery-item'>\r\n\t\t\t<div class='gallery-icon portrait'>\r\n\t\t\t\t<a href='https:\/\/www.ayudart.org\/wp-content\/uploads\/2013\/04\/DSC_0041.v2.jpg'><img loading=\"lazy\" decoding=\"async\" width=\"150\" height=\"150\" src=\"https:\/\/www.ayudart.org\/wp-content\/uploads\/2013\/04\/DSC_0041.v2-150x150.jpg\" class=\"attachment-thumbnail size-thumbnail\" alt=\"L&#039;arriv\u00e9e massive de populations qui migrent depuis la campagne jusqu&#039;\u00e0 Lima en esp\u00e9rant y trouver une vie meilleure conduit la ville \u00e0 une expansion urbaine hors du commun.\" srcset=\"https:\/\/www.ayudart.org\/wp-content\/uploads\/2013\/04\/DSC_0041.v2-150x150.jpg 150w, https:\/\/www.ayudart.org\/wp-content\/uploads\/2013\/04\/DSC_0041.v2-100x100.jpg 100w\" sizes=\"auto, 100vw\" \/><\/a>\r\n\t\t\t<\/div><\/figure><figure class='gallery-item'>\r\n\t\t\t<div class='gallery-icon landscape'>\r\n\t\t\t\t<a href='https:\/\/www.ayudart.org\/wp-content\/uploads\/2013\/04\/Cerro-san-Cristobal-02-cylindrique.v2.jpg'><img loading=\"lazy\" decoding=\"async\" width=\"150\" height=\"150\" src=\"https:\/\/www.ayudart.org\/wp-content\/uploads\/2013\/04\/Cerro-san-Cristobal-02-cylindrique.v2-150x150.jpg\" class=\"attachment-thumbnail size-thumbnail\" alt=\"La &quot;grande ville&quot; repr\u00e9sente un Eden prometteur.\" srcset=\"https:\/\/www.ayudart.org\/wp-content\/uploads\/2013\/04\/Cerro-san-Cristobal-02-cylindrique.v2-150x150.jpg 150w, https:\/\/www.ayudart.org\/wp-content\/uploads\/2013\/04\/Cerro-san-Cristobal-02-cylindrique.v2-100x100.jpg 100w\" sizes=\"auto, 100vw\" \/><\/a>\r\n\t\t\t<\/div><\/figure><figure class='gallery-item'>\r\n\t\t\t<div class='gallery-icon landscape'>\r\n\t\t\t\t<a href='https:\/\/www.ayudart.org\/wp-content\/uploads\/2013\/04\/p\u00e9rou0880.v2.jpg'><img loading=\"lazy\" decoding=\"async\" width=\"150\" height=\"150\" src=\"https:\/\/www.ayudart.org\/wp-content\/uploads\/2013\/04\/p\u00e9rou0880.v2-150x150.jpg\" class=\"attachment-thumbnail size-thumbnail\" alt=\"Mais tr\u00e8s rapidement le r\u00eave de ceux qui ont quitt\u00e9 la campagne se transforme en l&#039;occupation de terrains insalubres engendrant des situations sanitaires et sociales tr\u00e8s pr\u00e9caires.\" srcset=\"https:\/\/www.ayudart.org\/wp-content\/uploads\/2013\/04\/p\u00e9rou0880.v2-150x150.jpg 150w, https:\/\/www.ayudart.org\/wp-content\/uploads\/2013\/04\/p\u00e9rou0880.v2-100x100.jpg 100w\" sizes=\"auto, 100vw\" \/><\/a>\r\n\t\t\t<\/div><\/figure><figure class='gallery-item'>\r\n\t\t\t<div class='gallery-icon landscape'>\r\n\t\t\t\t<a href='https:\/\/www.ayudart.org\/wp-content\/uploads\/2013\/04\/p\u00e9rou0288.v2.jpg'><img loading=\"lazy\" decoding=\"async\" width=\"150\" height=\"150\" src=\"https:\/\/www.ayudart.org\/wp-content\/uploads\/2013\/04\/p\u00e9rou0288.v2-150x150.jpg\" class=\"attachment-thumbnail size-thumbnail\" alt=\"La surpopulation conduit les populations \u00e0 envahir les collines et \u00e0 s&#039;abriter dans des installations de fortune. Les maisons n&#039;ont ni eau courante, ni toilettes et beaucoup n&#039;ont pas la lumi\u00e8re. L&#039;eau s&#039;ach\u00e8te \u00e0 prix fort \u00e0 un camion citerne.\" srcset=\"https:\/\/www.ayudart.org\/wp-content\/uploads\/2013\/04\/p\u00e9rou0288.v2-150x150.jpg 150w, https:\/\/www.ayudart.org\/wp-content\/uploads\/2013\/04\/p\u00e9rou0288.v2-100x100.jpg 100w\" sizes=\"auto, 100vw\" \/><\/a>\r\n\t\t\t<\/div><\/figure><figure class='gallery-item'>\r\n\t\t\t<div class='gallery-icon landscape'>\r\n\t\t\t\t<a href='https:\/\/www.ayudart.org\/wp-content\/uploads\/2013\/04\/enfantsrue.v2.jpg'><img loading=\"lazy\" decoding=\"async\" width=\"150\" height=\"150\" src=\"https:\/\/www.ayudart.org\/wp-content\/uploads\/2013\/04\/enfantsrue.v2-150x150.jpg\" class=\"attachment-thumbnail size-thumbnail\" alt=\"Cette situation conduit les enfants \u00e0 quitter leur milieu familial pour se tourner vers la rue avant d&#039;arriver \u00e0 CIMA.\" srcset=\"https:\/\/www.ayudart.org\/wp-content\/uploads\/2013\/04\/enfantsrue.v2-150x150.jpg 150w, https:\/\/www.ayudart.org\/wp-content\/uploads\/2013\/04\/enfantsrue.v2-100x100.jpg 100w\" sizes=\"auto, 100vw\" \/><\/a>\r\n\t\t\t<\/div><\/figure><figure class='gallery-item'>\r\n\t\t\t<div class='gallery-icon landscape'>\r\n\t\t\t\t<a href='https:\/\/www.ayudart.org\/wp-content\/uploads\/2013\/01\/Page-quitter.jpg'><img loading=\"lazy\" decoding=\"async\" width=\"150\" height=\"150\" src=\"https:\/\/www.ayudart.org\/wp-content\/uploads\/2013\/01\/Page-quitter-150x150.jpg\" class=\"attachment-thumbnail size-thumbnail\" alt=\"\" srcset=\"https:\/\/www.ayudart.org\/wp-content\/uploads\/2013\/01\/Page-quitter-150x150.jpg 150w, https:\/\/www.ayudart.org\/wp-content\/uploads\/2013\/01\/Page-quitter-100x100.jpg 100w\" sizes=\"auto, 100vw\" \/><\/a>\r\n\t\t\t<\/div><\/figure><\/div>\n\n<\/div>\n<\/td>\n<\/tr>\n<\/tbody>\n<\/table>\n<p><span style=\"color: #000000;\"><strong>PORTRAIT<\/strong><\/span><br \/>Le film.<\/p>\n\n\n<figure class=\"wp-block-embed-youtube wp-block-embed is-type-video is-provider-youtube wp-embed-aspect-16-9 wp-has-aspect-ratio\"><div class=\"wp-block-embed__wrapper\">\n<iframe loading=\"lazy\" title=\"Ayud&#039;art\" width=\"525\" height=\"295\" src=\"https:\/\/www.youtube.com\/embed\/fv_GAA0PIVY?feature=oembed\" frameborder=\"0\" allow=\"accelerometer; autoplay; clipboard-write; encrypted-media; gyroscope; picture-in-picture; web-share\" referrerpolicy=\"strict-origin-when-cross-origin\" allowfullscreen><\/iframe>\n<\/div><\/figure>\n","protected":false},"excerpt":{"rendered":"<p>D&#8217;OU VIENNENT LES ENFANTS DU CIMA? Depuis 2001, une seule et m\u00eame question se devine ou se dessine sur toutes les l\u00e8vres lorsque Ayud&#8217;Art intervient et communique sur le th\u00e8me des enfants des rues de Lima : &#8220;Mais pourquoi ces gens abandonnent-ils leurs enfants, pourquoi le P\u00e9rou ne fait-il rien?&#8221;. \u00a0La meilleure des r\u00e9ponses consiste &hellip; <\/p>\n<p class=\"link-more\"><a href=\"https:\/\/www.ayudart.org\/en\/le-centre-cima\/ou-qui\/\" class=\"more-link\">Continue reading<span class=\"screen-reader-text\"> &#8220;Who are the children of CIMA?&#8221;<\/span><\/a><\/p>\n","protected":false},"author":2,"featured_media":0,"parent":8,"menu_order":0,"comment_status":"closed","ping_status":"closed","template":"","meta":{"footnotes":""},"class_list":["post-565","page","type-page","status-publish","hentry"],"yoast_head":"<!-- This site is optimized with the Yoast SEO plugin v27.5 - https:\/\/yoast.com\/product\/yoast-seo-wordpress\/ -->\n<title>Who are the children of CIMA?<\/title>\n<meta name=\"robots\" content=\"index, follow, max-snippet:-1, max-image-preview:large, max-video-preview:-1\" \/>\n<link rel=\"canonical\" href=\"https:\/\/www.ayudart.org\/en\/le-centre-cima\/ou-qui\/\" \/>\n<meta property=\"og:locale\" content=\"en_US\" \/>\n<meta property=\"og:locale:alternate\" content=\"fr_FR\" \/>\n<meta property=\"og:locale:alternate\" content=\"es_ES\" \/>\n<meta property=\"og:type\" content=\"article\" \/>\n<meta property=\"og:title\" content=\"Who are the children of CIMA?\" \/>\n<meta property=\"og:description\" content=\"D&#8217;OU VIENNENT LES ENFANTS DU CIMA? Depuis 2001, une seule et m\u00eame question se devine ou se dessine sur toutes les l\u00e8vres lorsque Ayud&#8217;Art intervient et communique sur le th\u00e8me des enfants des rues de Lima : &#8220;Mais pourquoi ces gens abandonnent-ils leurs enfants, pourquoi le P\u00e9rou ne fait-il rien?&#8221;. \u00a0La meilleure des r\u00e9ponses consiste &hellip; Continue reading &quot;Who are the children of CIMA?&quot;\" \/>\n<meta property=\"og:url\" content=\"https:\/\/www.ayudart.org\/en\/le-centre-cima\/ou-qui\/\" \/>\n<meta property=\"og:site_name\" content=\"Ayud&#039;Art - Association d&#039;aide aux enfants des rues du P\u00e9rou\" \/>\n<meta property=\"article:publisher\" content=\"https:\/\/www.facebook.com\/AyudArt\" \/>\n<meta property=\"article:modified_time\" content=\"2018-12-21T20:24:11+00:00\" \/>\n<meta property=\"og:image\" content=\"https:\/\/www.ayudart.org\/wp-content\/uploads\/2013\/04\/dou-viennent-ils.v2-150x150.jpg\" \/>\n<meta name=\"twitter:card\" content=\"summary_large_image\" \/>\n<meta name=\"twitter:label1\" content=\"Est. reading time\" \/>\n\t<meta name=\"twitter:data1\" content=\"4 minutes\" \/>\n<script type=\"application\/ld+json\" class=\"yoast-schema-graph\">{\"@context\":\"https:\\\/\\\/schema.org\",\"@graph\":[{\"@type\":\"WebPage\",\"@id\":\"https:\\\/\\\/www.ayudart.org\\\/le-centre-cima\\\/ou-qui\\\/\",\"url\":\"https:\\\/\\\/www.ayudart.org\\\/le-centre-cima\\\/ou-qui\\\/\",\"name\":\"Who are the children of CIMA?\",\"isPartOf\":{\"@id\":\"https:\\\/\\\/www.ayudart.org\\\/#website\"},\"primaryImageOfPage\":{\"@id\":\"https:\\\/\\\/www.ayudart.org\\\/le-centre-cima\\\/ou-qui\\\/#primaryimage\"},\"image\":{\"@id\":\"https:\\\/\\\/www.ayudart.org\\\/le-centre-cima\\\/ou-qui\\\/#primaryimage\"},\"thumbnailUrl\":\"https:\\\/\\\/www.ayudart.org\\\/wp-content\\\/uploads\\\/2013\\\/04\\\/IMG_5294.v2-300x225.jpg\",\"datePublished\":\"2013-04-30T10:32:46+00:00\",\"dateModified\":\"2018-12-21T20:24:11+00:00\",\"breadcrumb\":{\"@id\":\"https:\\\/\\\/www.ayudart.org\\\/le-centre-cima\\\/ou-qui\\\/#breadcrumb\"},\"inLanguage\":\"en-US\",\"potentialAction\":[{\"@type\":\"ReadAction\",\"target\":[\"https:\\\/\\\/www.ayudart.org\\\/le-centre-cima\\\/ou-qui\\\/\"]}]},{\"@type\":\"ImageObject\",\"inLanguage\":\"en-US\",\"@id\":\"https:\\\/\\\/www.ayudart.org\\\/le-centre-cima\\\/ou-qui\\\/#primaryimage\",\"url\":\"https:\\\/\\\/www.ayudart.org\\\/wp-content\\\/uploads\\\/2013\\\/04\\\/IMG_5294.v2-300x225.jpg\",\"contentUrl\":\"https:\\\/\\\/www.ayudart.org\\\/wp-content\\\/uploads\\\/2013\\\/04\\\/IMG_5294.v2-300x225.jpg\"},{\"@type\":\"BreadcrumbList\",\"@id\":\"https:\\\/\\\/www.ayudart.org\\\/le-centre-cima\\\/ou-qui\\\/#breadcrumb\",\"itemListElement\":[{\"@type\":\"ListItem\",\"position\":1,\"name\":\"Accueil\",\"item\":\"https:\\\/\\\/www.ayudart.org\\\/\"},{\"@type\":\"ListItem\",\"position\":2,\"name\":\"Le Centre CIMA\",\"item\":\"https:\\\/\\\/www.ayudart.org\\\/le-centre-cima\\\/\"},{\"@type\":\"ListItem\",\"position\":3,\"name\":\"Qui sont les enfants du CIMA?\"}]},{\"@type\":\"WebSite\",\"@id\":\"https:\\\/\\\/www.ayudart.org\\\/#website\",\"url\":\"https:\\\/\\\/www.ayudart.org\\\/\",\"name\":\"Ayud'Art - Association d'aide aux enfants des rues du P\u00e9rou\",\"description\":\"\",\"publisher\":{\"@id\":\"https:\\\/\\\/www.ayudart.org\\\/#organization\"},\"potentialAction\":[{\"@type\":\"SearchAction\",\"target\":{\"@type\":\"EntryPoint\",\"urlTemplate\":\"https:\\\/\\\/www.ayudart.org\\\/?s={search_term_string}\"},\"query-input\":{\"@type\":\"PropertyValueSpecification\",\"valueRequired\":true,\"valueName\":\"search_term_string\"}}],\"inLanguage\":\"en-US\"},{\"@type\":\"Organization\",\"@id\":\"https:\\\/\\\/www.ayudart.org\\\/#organization\",\"name\":\"Ayud'Art\",\"url\":\"https:\\\/\\\/www.ayudart.org\\\/\",\"logo\":{\"@type\":\"ImageObject\",\"inLanguage\":\"en-US\",\"@id\":\"https:\\\/\\\/www.ayudart.org\\\/#\\\/schema\\\/logo\\\/image\\\/\",\"url\":\"https:\\\/\\\/www.ayudart.org\\\/wp-content\\\/uploads\\\/2018\\\/03\\\/cropped-logo-1000-1.jpg\",\"contentUrl\":\"https:\\\/\\\/www.ayudart.org\\\/wp-content\\\/uploads\\\/2018\\\/03\\\/cropped-logo-1000-1.jpg\",\"width\":547,\"height\":250,\"caption\":\"Ayud'Art\"},\"image\":{\"@id\":\"https:\\\/\\\/www.ayudart.org\\\/#\\\/schema\\\/logo\\\/image\\\/\"},\"sameAs\":[\"https:\\\/\\\/www.facebook.com\\\/AyudArt\",\"https:\\\/\\\/www.instagram.com\\\/ayud.art\\\/\",\"https:\\\/\\\/www.linkedin.com\\\/groups\\\/27245\\\/profile\"]}]}<\/script>\n<!-- \/ Yoast SEO plugin. -->","yoast_head_json":{"title":"Who are the children of CIMA?","robots":{"index":"index","follow":"follow","max-snippet":"max-snippet:-1","max-image-preview":"max-image-preview:large","max-video-preview":"max-video-preview:-1"},"canonical":"https:\/\/www.ayudart.org\/en\/le-centre-cima\/ou-qui\/","og_locale":"en_US","og_type":"article","og_title":"[:fr]Qui sont les enfants du CIMA?[:es]\u00bfQui\u00e9nes son los ni\u00f1os del CIMA?[:en]Who are the children of CIMA?[:] - Ayud'Art - Association d'aide aux enfants des rues du P\u00e9rou","og_description":"D&#8217;OU VIENNENT LES ENFANTS DU CIMA? Depuis 2001, une seule et m\u00eame question se devine ou se dessine sur toutes les l\u00e8vres lorsque Ayud&#8217;Art intervient et communique sur le th\u00e8me des enfants des rues de Lima : &#8220;Mais pourquoi ces gens abandonnent-ils leurs enfants, pourquoi le P\u00e9rou ne fait-il rien?&#8221;. \u00a0La meilleure des r\u00e9ponses consiste &hellip; Continue reading \"Who are the children of CIMA?\"","og_url":"https:\/\/www.ayudart.org\/en\/le-centre-cima\/ou-qui\/","og_site_name":"Ayud'Art - Association d'aide aux enfants des rues du P\u00e9rou","article_publisher":"https:\/\/www.facebook.com\/AyudArt","article_modified_time":"2018-12-21T20:24:11+00:00","og_image":[{"url":"https:\/\/www.ayudart.org\/wp-content\/uploads\/2013\/04\/dou-viennent-ils.v2-150x150.jpg","type":"","width":"","height":""}],"twitter_card":"summary_large_image","twitter_misc":{"Est. reading time":"4 minutes"},"schema":{"@context":"https:\/\/schema.org","@graph":[{"@type":"WebPage","@id":"https:\/\/www.ayudart.org\/le-centre-cima\/ou-qui\/","url":"https:\/\/www.ayudart.org\/le-centre-cima\/ou-qui\/","name":"Who are the children of CIMA?","isPartOf":{"@id":"https:\/\/www.ayudart.org\/#website"},"primaryImageOfPage":{"@id":"https:\/\/www.ayudart.org\/le-centre-cima\/ou-qui\/#primaryimage"},"image":{"@id":"https:\/\/www.ayudart.org\/le-centre-cima\/ou-qui\/#primaryimage"},"thumbnailUrl":"https:\/\/www.ayudart.org\/wp-content\/uploads\/2013\/04\/IMG_5294.v2-300x225.jpg","datePublished":"2013-04-30T10:32:46+00:00","dateModified":"2018-12-21T20:24:11+00:00","breadcrumb":{"@id":"https:\/\/www.ayudart.org\/le-centre-cima\/ou-qui\/#breadcrumb"},"inLanguage":"en-US","potentialAction":[{"@type":"ReadAction","target":["https:\/\/www.ayudart.org\/le-centre-cima\/ou-qui\/"]}]},{"@type":"ImageObject","inLanguage":"en-US","@id":"https:\/\/www.ayudart.org\/le-centre-cima\/ou-qui\/#primaryimage","url":"https:\/\/www.ayudart.org\/wp-content\/uploads\/2013\/04\/IMG_5294.v2-300x225.jpg","contentUrl":"https:\/\/www.ayudart.org\/wp-content\/uploads\/2013\/04\/IMG_5294.v2-300x225.jpg"},{"@type":"BreadcrumbList","@id":"https:\/\/www.ayudart.org\/le-centre-cima\/ou-qui\/#breadcrumb","itemListElement":[{"@type":"ListItem","position":1,"name":"Accueil","item":"https:\/\/www.ayudart.org\/"},{"@type":"ListItem","position":2,"name":"Le Centre CIMA","item":"https:\/\/www.ayudart.org\/le-centre-cima\/"},{"@type":"ListItem","position":3,"name":"Qui sont les enfants du CIMA?"}]},{"@type":"WebSite","@id":"https:\/\/www.ayudart.org\/#website","url":"https:\/\/www.ayudart.org\/","name":"Ayud'Art - Association d'aide aux enfants des rues du P\u00e9rou","description":"","publisher":{"@id":"https:\/\/www.ayudart.org\/#organization"},"potentialAction":[{"@type":"SearchAction","target":{"@type":"EntryPoint","urlTemplate":"https:\/\/www.ayudart.org\/?s={search_term_string}"},"query-input":{"@type":"PropertyValueSpecification","valueRequired":true,"valueName":"search_term_string"}}],"inLanguage":"en-US"},{"@type":"Organization","@id":"https:\/\/www.ayudart.org\/#organization","name":"Ayud'Art","url":"https:\/\/www.ayudart.org\/","logo":{"@type":"ImageObject","inLanguage":"en-US","@id":"https:\/\/www.ayudart.org\/#\/schema\/logo\/image\/","url":"https:\/\/www.ayudart.org\/wp-content\/uploads\/2018\/03\/cropped-logo-1000-1.jpg","contentUrl":"https:\/\/www.ayudart.org\/wp-content\/uploads\/2018\/03\/cropped-logo-1000-1.jpg","width":547,"height":250,"caption":"Ayud'Art"},"image":{"@id":"https:\/\/www.ayudart.org\/#\/schema\/logo\/image\/"},"sameAs":["https:\/\/www.facebook.com\/AyudArt","https:\/\/www.instagram.com\/ayud.art\/","https:\/\/www.linkedin.com\/groups\/27245\/profile"]}]}},"_links":{"self":[{"href":"https:\/\/www.ayudart.org\/en\/wp-json\/wp\/v2\/pages\/565","targetHints":{"allow":["GET"]}}],"collection":[{"href":"https:\/\/www.ayudart.org\/en\/wp-json\/wp\/v2\/pages"}],"about":[{"href":"https:\/\/www.ayudart.org\/en\/wp-json\/wp\/v2\/types\/page"}],"author":[{"embeddable":true,"href":"https:\/\/www.ayudart.org\/en\/wp-json\/wp\/v2\/users\/2"}],"replies":[{"embeddable":true,"href":"https:\/\/www.ayudart.org\/en\/wp-json\/wp\/v2\/comments?post=565"}],"version-history":[{"count":7,"href":"https:\/\/www.ayudart.org\/en\/wp-json\/wp\/v2\/pages\/565\/revisions"}],"predecessor-version":[{"id":3782,"href":"https:\/\/www.ayudart.org\/en\/wp-json\/wp\/v2\/pages\/565\/revisions\/3782"}],"up":[{"embeddable":true,"href":"https:\/\/www.ayudart.org\/en\/wp-json\/wp\/v2\/pages\/8"}],"wp:attachment":[{"href":"https:\/\/www.ayudart.org\/en\/wp-json\/wp\/v2\/media?parent=565"}],"curies":[{"name":"wp","href":"https:\/\/api.w.org\/{rel}","templated":true}]}}