{"id":1749,"date":"2013-05-16T18:06:10","date_gmt":"2013-05-16T16:06:10","guid":{"rendered":"\/?page_id=1749"},"modified":"2018-04-25T13:35:41","modified_gmt":"2018-04-25T11:35:41","slug":"massimo","status":"publish","type":"page","link":"https:\/\/www.ayudart.org\/en\/lassoication-ayudart\/envoi-de-volontaires-au-perou\/envoyer-des-volontaires-au-centre-cima\/massimo\/","title":{"rendered":"Massimo"},"content":{"rendered":"<p><strong>Which project?<\/strong><\/p>\n<p>Take a break in my professional life, meet CIMA children, and share the everyday life with them.<\/p>\n<p>Make an audiovisual documentary called \u201cthe forgotten of Lima\u201d which deals with the extreme poverty in Peru and most particularly the children from Lima\u2019s streets welcomed by CIMA.<\/p>\n<p><strong>Why\u00a0?<\/strong><\/p>\n<p>To live a personal experience on the other side of the world, learn a new language, learn educational and movie skills, communicate about a cause and bring back financial, material or human help.<\/p>\n<p><strong>How?<\/strong><\/p>\n<p>Spending six months in the everyday life of CIMA children and outside of it (shanty towns, families\u2026) to understand better the children life conditions, try to understand the reason which brought them in this situation, their pain, their fear, but also to share their hopes. The expressions I gathered in Lima will be the basis of the final documentary.<\/p>\n<p>To use the experience of a teacher and an athlete in France and share sporty and musical activities with them to create social links and collect their impressions and expressions.<\/p>\n<p><strong>What steps in \u00a0France\u00a0?<\/strong><\/p>\n<p>Put in place a partnership to finance the project and the audio-visual equipment necessary to make the documentary.<\/p>\n<p>Look for sponsoring to learn from professional volunteer skills in movie edition.<\/p>\n<p><strong>What impact is hoped back in France?<\/strong><\/p>\n<ul>\n<li>To make the editing of the documentary then broadcast it thanks to different means.<\/li>\n<li>To reach different types of media (TV, DVD, internet), educational (make lectures), organism specialized in humanitarian help, educational schools (IRTS), association, charities or any entities which could find an interest to learn or act.<\/li>\n<\/ul>\n<p><strong>Contact<\/strong><\/p>\n<p><a href=\"https:\/\/www.facebook.com\/LesOubliesDeLima\">https:\/\/www.facebook.com\/LesOubliesDeLima<\/a><\/p>\n<table>\n<tbody>\n<tr>\n<td><a href=\"https:\/\/www.ayudart.org\/wp-content\/uploads\/2013\/05\/1-R\u00e9aliser-un-documentaire-audiovisuel-intitul\u00e9-\u00ab-Les-oubli\u00e9s-de-Lima-\u00bb-qui-traite-de-l\u2019extr\u00eame-pauvret\u00e9-au-P\u00e9rou-.v2.jpg\"><img loading=\"lazy\" decoding=\"async\" class=\"aligncenter wp-image-2680 size-thumbnail\" src=\"https:\/\/www.ayudart.org\/wp-content\/uploads\/2013\/05\/1-R\u00e9aliser-un-documentaire-audiovisuel-intitul\u00e9-\u00ab-Les-oubli\u00e9s-de-Lima-\u00bb-qui-traite-de-l\u2019extr\u00eame-pauvret\u00e9-au-P\u00e9rou-.v2-150x150.jpg\" alt=\"To make a documentary called \u00ab the forgotten of Lima \u00bb which deals with the extreme poverty in Peru.\" width=\"150\" height=\"150\" srcset=\"https:\/\/www.ayudart.org\/wp-content\/uploads\/2013\/05\/1-R\u00e9aliser-un-documentaire-audiovisuel-intitul\u00e9-\u00ab-Les-oubli\u00e9s-de-Lima-\u00bb-qui-traite-de-l\u2019extr\u00eame-pauvret\u00e9-au-P\u00e9rou-.v2-150x150.jpg 150w, https:\/\/www.ayudart.org\/wp-content\/uploads\/2013\/05\/1-R\u00e9aliser-un-documentaire-audiovisuel-intitul\u00e9-\u00ab-Les-oubli\u00e9s-de-Lima-\u00bb-qui-traite-de-l\u2019extr\u00eame-pauvret\u00e9-au-P\u00e9rou-.v2-100x100.jpg 100w\" sizes=\"auto, (max-width: 150px) 100vw, 150px\" \/><\/a><\/td>\n<td><a href=\"https:\/\/www.ayudart.org\/wp-content\/uploads\/2013\/05\/2-et-plus-particuli\u00e8rement-des-enfants-des-rues-de-Lima-accueillis-au-sein-du-CIMA..v2.jpg\"><img loading=\"lazy\" decoding=\"async\" class=\"aligncenter wp-image-2681 size-thumbnail\" src=\"https:\/\/www.ayudart.org\/wp-content\/uploads\/2013\/05\/2-et-plus-particuli\u00e8rement-des-enfants-des-rues-de-Lima-accueillis-au-sein-du-CIMA..v2-150x150.jpg\" alt=\"and most particularly the children in Lima\u2019s street welcomed by the CIMA.\" width=\"150\" height=\"150\" srcset=\"https:\/\/www.ayudart.org\/wp-content\/uploads\/2013\/05\/2-et-plus-particuli\u00e8rement-des-enfants-des-rues-de-Lima-accueillis-au-sein-du-CIMA..v2-150x150.jpg 150w, https:\/\/www.ayudart.org\/wp-content\/uploads\/2013\/05\/2-et-plus-particuli\u00e8rement-des-enfants-des-rues-de-Lima-accueillis-au-sein-du-CIMA..v2-100x100.jpg 100w\" sizes=\"auto, (max-width: 150px) 100vw, 150px\" \/><\/a><\/td>\n<td><a href=\"https:\/\/www.ayudart.org\/wp-content\/uploads\/2013\/05\/3.v21.jpg\"><img loading=\"lazy\" decoding=\"async\" class=\"size-thumbnail wp-image-2675 aligncenter\" src=\"https:\/\/www.ayudart.org\/wp-content\/uploads\/2013\/05\/3.v21-150x150.jpg\" alt=\"\" width=\"150\" height=\"150\" srcset=\"https:\/\/www.ayudart.org\/wp-content\/uploads\/2013\/05\/3.v21-150x150.jpg 150w, https:\/\/www.ayudart.org\/wp-content\/uploads\/2013\/05\/3.v21-100x100.jpg 100w\" sizes=\"auto, (max-width: 150px) 100vw, 150px\" \/><\/a><\/td>\n<td><a href=\"https:\/\/www.ayudart.org\/wp-content\/uploads\/2013\/05\/4-Vivre-une-exp\u00e9rience-personnelle-\u00e0-l\u2019autre-bout-du-monde-apprendre-une-langue-.v2.jpg\"><img loading=\"lazy\" decoding=\"async\" class=\"aligncenter wp-image-2676 size-thumbnail\" src=\"https:\/\/www.ayudart.org\/wp-content\/uploads\/2013\/05\/4-Vivre-une-exp\u00e9rience-personnelle-\u00e0-l\u2019autre-bout-du-monde-apprendre-une-langue-.v2-150x150.jpg\" alt=\"To live a personal experience on the other side of the world, learn a language,\" width=\"150\" height=\"150\" srcset=\"https:\/\/www.ayudart.org\/wp-content\/uploads\/2013\/05\/4-Vivre-une-exp\u00e9rience-personnelle-\u00e0-l\u2019autre-bout-du-monde-apprendre-une-langue-.v2-150x150.jpg 150w, https:\/\/www.ayudart.org\/wp-content\/uploads\/2013\/05\/4-Vivre-une-exp\u00e9rience-personnelle-\u00e0-l\u2019autre-bout-du-monde-apprendre-une-langue-.v2-100x100.jpg 100w\" sizes=\"auto, (max-width: 150px) 100vw, 150px\" \/><\/a><\/td>\n<\/tr>\n<tr>\n<td><a href=\"https:\/\/www.ayudart.org\/wp-content\/uploads\/2013\/05\/5.1-partager-du-temps-avec-les-enfants-du-centre-CIMA..v2.jpg\"><img loading=\"lazy\" decoding=\"async\" class=\"aligncenter wp-image-2677 size-thumbnail\" src=\"https:\/\/www.ayudart.org\/wp-content\/uploads\/2013\/05\/5.1-partager-du-temps-avec-les-enfants-du-centre-CIMA..v2-150x150.jpg\" alt=\"share time with children from CIMA center.\" width=\"150\" height=\"150\" srcset=\"https:\/\/www.ayudart.org\/wp-content\/uploads\/2013\/05\/5.1-partager-du-temps-avec-les-enfants-du-centre-CIMA..v2-150x150.jpg 150w, https:\/\/www.ayudart.org\/wp-content\/uploads\/2013\/05\/5.1-partager-du-temps-avec-les-enfants-du-centre-CIMA..v2-100x100.jpg 100w\" sizes=\"auto, (max-width: 150px) 100vw, 150px\" \/><\/a><\/td>\n<td><a href=\"https:\/\/www.ayudart.org\/wp-content\/uploads\/2013\/05\/6-.Doner-la-parole.v2.jpg\"><img loading=\"lazy\" decoding=\"async\" class=\"aligncenter wp-image-2678 size-thumbnail\" src=\"https:\/\/www.ayudart.org\/wp-content\/uploads\/2013\/05\/6-.Doner-la-parole.v2-150x150.jpg\" alt=\"Give them the floor.\" width=\"150\" height=\"150\" srcset=\"https:\/\/www.ayudart.org\/wp-content\/uploads\/2013\/05\/6-.Doner-la-parole.v2-150x150.jpg 150w, https:\/\/www.ayudart.org\/wp-content\/uploads\/2013\/05\/6-.Doner-la-parole.v2-100x100.jpg 100w\" sizes=\"auto, (max-width: 150px) 100vw, 150px\" \/><\/a><\/td>\n<td><a href=\"https:\/\/www.ayudart.org\/wp-content\/uploads\/2013\/05\/7-httpswww.facebook.comLesOubliesDeLima.v2.jpg\"><img loading=\"lazy\" decoding=\"async\" class=\"size-thumbnail wp-image-2679 aligncenter\" src=\"https:\/\/www.ayudart.org\/wp-content\/uploads\/2013\/05\/7-httpswww.facebook.comLesOubliesDeLima.v2-150x150.jpg\" alt=\"https:\/\/www.facebook.com\/LesOubliesDeLima\/\" width=\"150\" height=\"150\" srcset=\"https:\/\/www.ayudart.org\/wp-content\/uploads\/2013\/05\/7-httpswww.facebook.comLesOubliesDeLima.v2-150x150.jpg 150w, https:\/\/www.ayudart.org\/wp-content\/uploads\/2013\/05\/7-httpswww.facebook.comLesOubliesDeLima.v2-100x100.jpg 100w\" sizes=\"auto, (max-width: 150px) 100vw, 150px\" \/><\/a><\/td>\n<\/tr>\n<\/tbody>\n<\/table>\n","protected":false},"excerpt":{"rendered":"<p>Which project? Take a break in my professional life, meet CIMA children, and share the everyday life with them. Make an audiovisual documentary called \u201cthe forgotten of Lima\u201d which deals with the extreme poverty in Peru and most particularly the children from Lima\u2019s streets welcomed by CIMA. Why\u00a0? To live a personal experience on the &hellip; <\/p>\n<p class=\"link-more\"><a href=\"https:\/\/www.ayudart.org\/en\/lassoication-ayudart\/envoi-de-volontaires-au-perou\/envoyer-des-volontaires-au-centre-cima\/massimo\/\" class=\"more-link\">Continue reading<span class=\"screen-reader-text\"> &#8220;Massimo&#8221;<\/span><\/a><\/p>\n","protected":false},"author":2,"featured_media":0,"parent":1503,"menu_order":0,"comment_status":"closed","ping_status":"closed","template":"","meta":{"footnotes":""},"class_list":["post-1749","page","type-page","status-publish","hentry"],"yoast_head":"<!-- This site is optimized with the Yoast SEO plugin v27.5 - https:\/\/yoast.com\/product\/yoast-seo-wordpress\/ -->\n<title>Massimo<\/title>\n<meta name=\"robots\" content=\"index, follow, max-snippet:-1, max-image-preview:large, max-video-preview:-1\" \/>\n<link rel=\"canonical\" href=\"https:\/\/www.ayudart.org\/en\/lassoication-ayudart\/envoi-de-volontaires-au-perou\/envoyer-des-volontaires-au-centre-cima\/massimo\/\" \/>\n<meta property=\"og:locale\" content=\"en_US\" \/>\n<meta property=\"og:locale:alternate\" content=\"fr_FR\" \/>\n<meta property=\"og:locale:alternate\" content=\"es_ES\" \/>\n<meta property=\"og:type\" content=\"article\" \/>\n<meta property=\"og:title\" content=\"Massimo\" \/>\n<meta property=\"og:description\" content=\"Which project? Take a break in my professional life, meet CIMA children, and share the everyday life with them. Make an audiovisual documentary called \u201cthe forgotten of Lima\u201d which deals with the extreme poverty in Peru and most particularly the children from Lima\u2019s streets welcomed by CIMA. Why\u00a0? To live a personal experience on the &hellip; Continue reading &quot;Massimo&quot;\" \/>\n<meta property=\"og:url\" content=\"https:\/\/www.ayudart.org\/en\/lassoication-ayudart\/envoi-de-volontaires-au-perou\/envoyer-des-volontaires-au-centre-cima\/massimo\/\" \/>\n<meta property=\"og:site_name\" content=\"Ayud&#039;Art - Association d&#039;aide aux enfants des rues du P\u00e9rou\" \/>\n<meta property=\"article:publisher\" content=\"https:\/\/www.facebook.com\/AyudArt\" \/>\n<meta property=\"article:modified_time\" content=\"2018-04-25T11:35:41+00:00\" \/>\n<meta property=\"og:image\" content=\"https:\/\/www.ayudart.org\/wp-content\/uploads\/2013\/05\/1-R\u00e9aliser-un-documentaire-audiovisuel-intitul\u00e9-\u00ab-Les-oubli\u00e9s-de-Lima-\u00bb-qui-traite-de-l\u2019extr\u00eame-pauvret\u00e9-au-P\u00e9rou-.v2-150x150.jpg\" \/>\n<meta name=\"twitter:card\" content=\"summary_large_image\" \/>\n<meta name=\"twitter:label1\" content=\"Est. reading time\" \/>\n\t<meta name=\"twitter:data1\" content=\"3 minutes\" \/>\n<script type=\"application\/ld+json\" class=\"yoast-schema-graph\">{\"@context\":\"https:\\\/\\\/schema.org\",\"@graph\":[{\"@type\":\"WebPage\",\"@id\":\"https:\\\/\\\/www.ayudart.org\\\/lassoication-ayudart\\\/envoi-de-volontaires-au-perou\\\/envoyer-des-volontaires-au-centre-cima\\\/massimo\\\/\",\"url\":\"https:\\\/\\\/www.ayudart.org\\\/lassoication-ayudart\\\/envoi-de-volontaires-au-perou\\\/envoyer-des-volontaires-au-centre-cima\\\/massimo\\\/\",\"name\":\"Massimo\",\"isPartOf\":{\"@id\":\"https:\\\/\\\/www.ayudart.org\\\/#website\"},\"primaryImageOfPage\":{\"@id\":\"https:\\\/\\\/www.ayudart.org\\\/lassoication-ayudart\\\/envoi-de-volontaires-au-perou\\\/envoyer-des-volontaires-au-centre-cima\\\/massimo\\\/#primaryimage\"},\"image\":{\"@id\":\"https:\\\/\\\/www.ayudart.org\\\/lassoication-ayudart\\\/envoi-de-volontaires-au-perou\\\/envoyer-des-volontaires-au-centre-cima\\\/massimo\\\/#primaryimage\"},\"thumbnailUrl\":\"https:\\\/\\\/www.ayudart.org\\\/wp-content\\\/uploads\\\/2013\\\/05\\\/3.v21-150x150.jpg\",\"datePublished\":\"2013-05-16T16:06:10+00:00\",\"dateModified\":\"2018-04-25T11:35:41+00:00\",\"breadcrumb\":{\"@id\":\"https:\\\/\\\/www.ayudart.org\\\/lassoication-ayudart\\\/envoi-de-volontaires-au-perou\\\/envoyer-des-volontaires-au-centre-cima\\\/massimo\\\/#breadcrumb\"},\"inLanguage\":\"en-US\",\"potentialAction\":[{\"@type\":\"ReadAction\",\"target\":[\"https:\\\/\\\/www.ayudart.org\\\/lassoication-ayudart\\\/envoi-de-volontaires-au-perou\\\/envoyer-des-volontaires-au-centre-cima\\\/massimo\\\/\"]}]},{\"@type\":\"ImageObject\",\"inLanguage\":\"en-US\",\"@id\":\"https:\\\/\\\/www.ayudart.org\\\/lassoication-ayudart\\\/envoi-de-volontaires-au-perou\\\/envoyer-des-volontaires-au-centre-cima\\\/massimo\\\/#primaryimage\",\"url\":\"https:\\\/\\\/www.ayudart.org\\\/wp-content\\\/uploads\\\/2013\\\/05\\\/3.v21-150x150.jpg\",\"contentUrl\":\"https:\\\/\\\/www.ayudart.org\\\/wp-content\\\/uploads\\\/2013\\\/05\\\/3.v21-150x150.jpg\"},{\"@type\":\"BreadcrumbList\",\"@id\":\"https:\\\/\\\/www.ayudart.org\\\/lassoication-ayudart\\\/envoi-de-volontaires-au-perou\\\/envoyer-des-volontaires-au-centre-cima\\\/massimo\\\/#breadcrumb\",\"itemListElement\":[{\"@type\":\"ListItem\",\"position\":1,\"name\":\"Accueil\",\"item\":\"https:\\\/\\\/www.ayudart.org\\\/\"},{\"@type\":\"ListItem\",\"position\":2,\"name\":\"L&rsquo;Association Ayud&rsquo;Art\",\"item\":\"https:\\\/\\\/www.ayudart.org\\\/lassoication-ayudart\\\/\"},{\"@type\":\"ListItem\",\"position\":3,\"name\":\"Rencontrer des b\u00e9n\u00e9voles et des volontaires\",\"item\":\"https:\\\/\\\/www.ayudart.org\\\/lassoication-ayudart\\\/envoi-de-volontaires-au-perou\\\/\"},{\"@type\":\"ListItem\",\"position\":4,\"name\":\"Envoyer des volontaires au centre CIMA\",\"item\":\"https:\\\/\\\/www.ayudart.org\\\/lassoication-ayudart\\\/envoi-de-volontaires-au-perou\\\/envoyer-des-volontaires-au-centre-cima\\\/\"},{\"@type\":\"ListItem\",\"position\":5,\"name\":\"Massimo\"}]},{\"@type\":\"WebSite\",\"@id\":\"https:\\\/\\\/www.ayudart.org\\\/#website\",\"url\":\"https:\\\/\\\/www.ayudart.org\\\/\",\"name\":\"Ayud'Art - Association d'aide aux enfants des rues du P\u00e9rou\",\"description\":\"\",\"publisher\":{\"@id\":\"https:\\\/\\\/www.ayudart.org\\\/#organization\"},\"potentialAction\":[{\"@type\":\"SearchAction\",\"target\":{\"@type\":\"EntryPoint\",\"urlTemplate\":\"https:\\\/\\\/www.ayudart.org\\\/?s={search_term_string}\"},\"query-input\":{\"@type\":\"PropertyValueSpecification\",\"valueRequired\":true,\"valueName\":\"search_term_string\"}}],\"inLanguage\":\"en-US\"},{\"@type\":\"Organization\",\"@id\":\"https:\\\/\\\/www.ayudart.org\\\/#organization\",\"name\":\"Ayud'Art\",\"url\":\"https:\\\/\\\/www.ayudart.org\\\/\",\"logo\":{\"@type\":\"ImageObject\",\"inLanguage\":\"en-US\",\"@id\":\"https:\\\/\\\/www.ayudart.org\\\/#\\\/schema\\\/logo\\\/image\\\/\",\"url\":\"https:\\\/\\\/www.ayudart.org\\\/wp-content\\\/uploads\\\/2018\\\/03\\\/cropped-logo-1000-1.jpg\",\"contentUrl\":\"https:\\\/\\\/www.ayudart.org\\\/wp-content\\\/uploads\\\/2018\\\/03\\\/cropped-logo-1000-1.jpg\",\"width\":547,\"height\":250,\"caption\":\"Ayud'Art\"},\"image\":{\"@id\":\"https:\\\/\\\/www.ayudart.org\\\/#\\\/schema\\\/logo\\\/image\\\/\"},\"sameAs\":[\"https:\\\/\\\/www.facebook.com\\\/AyudArt\",\"https:\\\/\\\/www.instagram.com\\\/ayud.art\\\/\",\"https:\\\/\\\/www.linkedin.com\\\/groups\\\/27245\\\/profile\"]}]}<\/script>\n<!-- \/ Yoast SEO plugin. -->","yoast_head_json":{"title":"Massimo","robots":{"index":"index","follow":"follow","max-snippet":"max-snippet:-1","max-image-preview":"max-image-preview:large","max-video-preview":"max-video-preview:-1"},"canonical":"https:\/\/www.ayudart.org\/en\/lassoication-ayudart\/envoi-de-volontaires-au-perou\/envoyer-des-volontaires-au-centre-cima\/massimo\/","og_locale":"en_US","og_type":"article","og_title":"[:fr]Massimo[:es]Massimo[:en]Massimo[:] - Ayud'Art - Association d'aide aux enfants des rues du P\u00e9rou","og_description":"Which project? Take a break in my professional life, meet CIMA children, and share the everyday life with them. Make an audiovisual documentary called \u201cthe forgotten of Lima\u201d which deals with the extreme poverty in Peru and most particularly the children from Lima\u2019s streets welcomed by CIMA. Why\u00a0? To live a personal experience on the &hellip; Continue reading \"Massimo\"","og_url":"https:\/\/www.ayudart.org\/en\/lassoication-ayudart\/envoi-de-volontaires-au-perou\/envoyer-des-volontaires-au-centre-cima\/massimo\/","og_site_name":"Ayud'Art - Association d'aide aux enfants des rues du P\u00e9rou","article_publisher":"https:\/\/www.facebook.com\/AyudArt","article_modified_time":"2018-04-25T11:35:41+00:00","og_image":[{"url":"https:\/\/www.ayudart.org\/wp-content\/uploads\/2013\/05\/1-R\u00e9aliser-un-documentaire-audiovisuel-intitul\u00e9-\u00ab-Les-oubli\u00e9s-de-Lima-\u00bb-qui-traite-de-l\u2019extr\u00eame-pauvret\u00e9-au-P\u00e9rou-.v2-150x150.jpg","type":"","width":"","height":""}],"twitter_card":"summary_large_image","twitter_misc":{"Est. reading time":"3 minutes"},"schema":{"@context":"https:\/\/schema.org","@graph":[{"@type":"WebPage","@id":"https:\/\/www.ayudart.org\/lassoication-ayudart\/envoi-de-volontaires-au-perou\/envoyer-des-volontaires-au-centre-cima\/massimo\/","url":"https:\/\/www.ayudart.org\/lassoication-ayudart\/envoi-de-volontaires-au-perou\/envoyer-des-volontaires-au-centre-cima\/massimo\/","name":"Massimo","isPartOf":{"@id":"https:\/\/www.ayudart.org\/#website"},"primaryImageOfPage":{"@id":"https:\/\/www.ayudart.org\/lassoication-ayudart\/envoi-de-volontaires-au-perou\/envoyer-des-volontaires-au-centre-cima\/massimo\/#primaryimage"},"image":{"@id":"https:\/\/www.ayudart.org\/lassoication-ayudart\/envoi-de-volontaires-au-perou\/envoyer-des-volontaires-au-centre-cima\/massimo\/#primaryimage"},"thumbnailUrl":"https:\/\/www.ayudart.org\/wp-content\/uploads\/2013\/05\/3.v21-150x150.jpg","datePublished":"2013-05-16T16:06:10+00:00","dateModified":"2018-04-25T11:35:41+00:00","breadcrumb":{"@id":"https:\/\/www.ayudart.org\/lassoication-ayudart\/envoi-de-volontaires-au-perou\/envoyer-des-volontaires-au-centre-cima\/massimo\/#breadcrumb"},"inLanguage":"en-US","potentialAction":[{"@type":"ReadAction","target":["https:\/\/www.ayudart.org\/lassoication-ayudart\/envoi-de-volontaires-au-perou\/envoyer-des-volontaires-au-centre-cima\/massimo\/"]}]},{"@type":"ImageObject","inLanguage":"en-US","@id":"https:\/\/www.ayudart.org\/lassoication-ayudart\/envoi-de-volontaires-au-perou\/envoyer-des-volontaires-au-centre-cima\/massimo\/#primaryimage","url":"https:\/\/www.ayudart.org\/wp-content\/uploads\/2013\/05\/3.v21-150x150.jpg","contentUrl":"https:\/\/www.ayudart.org\/wp-content\/uploads\/2013\/05\/3.v21-150x150.jpg"},{"@type":"BreadcrumbList","@id":"https:\/\/www.ayudart.org\/lassoication-ayudart\/envoi-de-volontaires-au-perou\/envoyer-des-volontaires-au-centre-cima\/massimo\/#breadcrumb","itemListElement":[{"@type":"ListItem","position":1,"name":"Accueil","item":"https:\/\/www.ayudart.org\/"},{"@type":"ListItem","position":2,"name":"L&rsquo;Association Ayud&rsquo;Art","item":"https:\/\/www.ayudart.org\/lassoication-ayudart\/"},{"@type":"ListItem","position":3,"name":"Rencontrer des b\u00e9n\u00e9voles et des volontaires","item":"https:\/\/www.ayudart.org\/lassoication-ayudart\/envoi-de-volontaires-au-perou\/"},{"@type":"ListItem","position":4,"name":"Envoyer des volontaires au centre CIMA","item":"https:\/\/www.ayudart.org\/lassoication-ayudart\/envoi-de-volontaires-au-perou\/envoyer-des-volontaires-au-centre-cima\/"},{"@type":"ListItem","position":5,"name":"Massimo"}]},{"@type":"WebSite","@id":"https:\/\/www.ayudart.org\/#website","url":"https:\/\/www.ayudart.org\/","name":"Ayud'Art - Association d'aide aux enfants des rues du P\u00e9rou","description":"","publisher":{"@id":"https:\/\/www.ayudart.org\/#organization"},"potentialAction":[{"@type":"SearchAction","target":{"@type":"EntryPoint","urlTemplate":"https:\/\/www.ayudart.org\/?s={search_term_string}"},"query-input":{"@type":"PropertyValueSpecification","valueRequired":true,"valueName":"search_term_string"}}],"inLanguage":"en-US"},{"@type":"Organization","@id":"https:\/\/www.ayudart.org\/#organization","name":"Ayud'Art","url":"https:\/\/www.ayudart.org\/","logo":{"@type":"ImageObject","inLanguage":"en-US","@id":"https:\/\/www.ayudart.org\/#\/schema\/logo\/image\/","url":"https:\/\/www.ayudart.org\/wp-content\/uploads\/2018\/03\/cropped-logo-1000-1.jpg","contentUrl":"https:\/\/www.ayudart.org\/wp-content\/uploads\/2018\/03\/cropped-logo-1000-1.jpg","width":547,"height":250,"caption":"Ayud'Art"},"image":{"@id":"https:\/\/www.ayudart.org\/#\/schema\/logo\/image\/"},"sameAs":["https:\/\/www.facebook.com\/AyudArt","https:\/\/www.instagram.com\/ayud.art\/","https:\/\/www.linkedin.com\/groups\/27245\/profile"]}]}},"_links":{"self":[{"href":"https:\/\/www.ayudart.org\/en\/wp-json\/wp\/v2\/pages\/1749","targetHints":{"allow":["GET"]}}],"collection":[{"href":"https:\/\/www.ayudart.org\/en\/wp-json\/wp\/v2\/pages"}],"about":[{"href":"https:\/\/www.ayudart.org\/en\/wp-json\/wp\/v2\/types\/page"}],"author":[{"embeddable":true,"href":"https:\/\/www.ayudart.org\/en\/wp-json\/wp\/v2\/users\/2"}],"replies":[{"embeddable":true,"href":"https:\/\/www.ayudart.org\/en\/wp-json\/wp\/v2\/comments?post=1749"}],"version-history":[{"count":3,"href":"https:\/\/www.ayudart.org\/en\/wp-json\/wp\/v2\/pages\/1749\/revisions"}],"predecessor-version":[{"id":3446,"href":"https:\/\/www.ayudart.org\/en\/wp-json\/wp\/v2\/pages\/1749\/revisions\/3446"}],"up":[{"embeddable":true,"href":"https:\/\/www.ayudart.org\/en\/wp-json\/wp\/v2\/pages\/1503"}],"wp:attachment":[{"href":"https:\/\/www.ayudart.org\/en\/wp-json\/wp\/v2\/media?parent=1749"}],"curies":[{"name":"wp","href":"https:\/\/api.w.org\/{rel}","templated":true}]}}