{"id":1503,"date":"2013-05-09T14:46:20","date_gmt":"2013-05-09T12:46:20","guid":{"rendered":"\/?page_id=1503"},"modified":"2018-04-25T15:24:57","modified_gmt":"2018-04-25T13:24:57","slug":"envoyer-des-volontaires-au-centre-cima","status":"publish","type":"page","link":"https:\/\/www.ayudart.org\/en\/lassoication-ayudart\/envoi-de-volontaires-au-perou\/envoyer-des-volontaires-au-centre-cima\/","title":{"rendered":"Sending volunteers to CIMA center"},"content":{"rendered":"<p style=\"text-align: center;\">The charity always respects CIMA choices. For example, if they decide to welcome or not candidates according to their housing possibilities, but also according to the characteristics of the candidates and their project.<\/p>\n<p style=\"text-align: center;\">Nothing worth better than a real experience, something you have really lived, memories etch on people\u2019s memories. That\u2019s why Ayud\u2019Art does everything to enable volunteers to go to CIMA in the best conditions so that they can judge by themselves.<\/p>\n<table>\n<tbody>\n<tr>\n<td>\n<p style=\"text-align: center;\"><a href=\"\/en\/virginie\/\"><img loading=\"lazy\" decoding=\"async\" class=\"aligncenter wp-image-1519 size-thumbnail\" src=\"https:\/\/www.ayudart.org\/wp-content\/uploads\/2013\/05\/La-piscine-pendant-les-vacances-4.v2-150x150.jpg\" alt=\"Virginie\" width=\"150\" height=\"150\" srcset=\"https:\/\/www.ayudart.org\/wp-content\/uploads\/2013\/05\/La-piscine-pendant-les-vacances-4.v2-150x150.jpg 150w, https:\/\/www.ayudart.org\/wp-content\/uploads\/2013\/05\/La-piscine-pendant-les-vacances-4.v2-100x100.jpg 100w\" sizes=\"auto, (max-width: 150px) 100vw, 150px\" \/><\/a><a href=\"https:\/\/www.ayudart.org\/en\/lassoication-ayudart\/envoi-de-volontaires-au-perou\/envoyer-des-volontaires-au-centre-cima\/virginie-legrand-portraits-denfants\/\">Virginie<\/a><\/p>\n<\/td>\n<td>\n<p style=\"text-align: center;\"><a href=\"\/en\/massimo\/\"><img loading=\"lazy\" decoding=\"async\" class=\"aligncenter wp-image-1515 size-thumbnail\" src=\"https:\/\/www.ayudart.org\/wp-content\/uploads\/2013\/05\/massimo.v2-150x150.jpg\" alt=\"massimo\" width=\"150\" height=\"150\" srcset=\"https:\/\/www.ayudart.org\/wp-content\/uploads\/2013\/05\/massimo.v2-150x150.jpg 150w, https:\/\/www.ayudart.org\/wp-content\/uploads\/2013\/05\/massimo.v2-100x100.jpg 100w\" sizes=\"auto, (max-width: 150px) 100vw, 150px\" \/><\/a><a href=\"https:\/\/www.ayudart.org\/en\/lassoication-ayudart\/envoi-de-volontaires-au-perou\/envoyer-des-volontaires-au-centre-cima\/massimo\/\">Massimo<\/a><\/p>\n<\/td>\n<td><a name=\"medecins\"><\/a><\/p>\n<p style=\"text-align: center;\"><a href=\"https:\/\/www.ayudart.org\/wp-content\/uploads\/2013\/05\/1-partager-du-temps-avec-les-enfants-du-CIMA.v2.jpg\"><img loading=\"lazy\" decoding=\"async\" class=\"aligncenter wp-image-2104 size-thumbnail\" src=\"https:\/\/www.ayudart.org\/wp-content\/uploads\/2013\/05\/1-partager-du-temps-avec-les-enfants-du-CIMA.v2-150x150.jpg\" alt=\"Share time with CIMA children\" width=\"150\" height=\"150\" srcset=\"https:\/\/www.ayudart.org\/wp-content\/uploads\/2013\/05\/1-partager-du-temps-avec-les-enfants-du-CIMA.v2-150x150.jpg 150w, https:\/\/www.ayudart.org\/wp-content\/uploads\/2013\/05\/1-partager-du-temps-avec-les-enfants-du-CIMA.v2-100x100.jpg 100w\" sizes=\"auto, (max-width: 150px) 100vw, 150px\" \/><\/a>M\u00e9decins<\/p>\n<div class=\"fancybox-hidden\">\n<div id='gallery-1' class='gallery galleryid-1503 gallery-columns-3 gallery-size-thumbnail'><figure class='gallery-item'>\r\n\t\t\t<div class='gallery-icon landscape'>\r\n\t\t\t\t<a href='https:\/\/www.ayudart.org\/wp-content\/uploads\/2013\/05\/2-Former-les-enfants-aux-premiers-secours.v2.jpg'><img loading=\"lazy\" decoding=\"async\" width=\"150\" height=\"150\" src=\"https:\/\/www.ayudart.org\/wp-content\/uploads\/2013\/05\/2-Former-les-enfants-aux-premiers-secours.v2-150x150.jpg\" class=\"attachment-thumbnail size-thumbnail\" alt=\"Learn the children the first-aid intervention.\" srcset=\"https:\/\/www.ayudart.org\/wp-content\/uploads\/2013\/05\/2-Former-les-enfants-aux-premiers-secours.v2-150x150.jpg 150w, https:\/\/www.ayudart.org\/wp-content\/uploads\/2013\/05\/2-Former-les-enfants-aux-premiers-secours.v2-100x100.jpg 100w\" sizes=\"auto, 100vw\" \/><\/a>\r\n\t\t\t<\/div><\/figure><figure class='gallery-item'>\r\n\t\t\t<div class='gallery-icon landscape'>\r\n\t\t\t\t<a href='https:\/\/www.ayudart.org\/wp-content\/uploads\/2013\/05\/3-Leur-enseigner-les-gestes-qui-sauvent.v2.jpg'><img loading=\"lazy\" decoding=\"async\" width=\"150\" height=\"150\" src=\"https:\/\/www.ayudart.org\/wp-content\/uploads\/2013\/05\/3-Leur-enseigner-les-gestes-qui-sauvent.v2-150x150.jpg\" class=\"attachment-thumbnail size-thumbnail\" alt=\"Learn them the gestures that can save.\" srcset=\"https:\/\/www.ayudart.org\/wp-content\/uploads\/2013\/05\/3-Leur-enseigner-les-gestes-qui-sauvent.v2-150x150.jpg 150w, https:\/\/www.ayudart.org\/wp-content\/uploads\/2013\/05\/3-Leur-enseigner-les-gestes-qui-sauvent.v2-100x100.jpg 100w\" sizes=\"auto, 100vw\" \/><\/a>\r\n\t\t\t<\/div><\/figure><figure class='gallery-item'>\r\n\t\t\t<div class='gallery-icon landscape'>\r\n\t\t\t\t<a href='https:\/\/www.ayudart.org\/wp-content\/uploads\/2013\/05\/SDC12295.v2.jpg'><img loading=\"lazy\" decoding=\"async\" width=\"150\" height=\"150\" src=\"https:\/\/www.ayudart.org\/wp-content\/uploads\/2013\/05\/SDC12295.v2-150x150.jpg\" class=\"attachment-thumbnail size-thumbnail\" alt=\"\" srcset=\"https:\/\/www.ayudart.org\/wp-content\/uploads\/2013\/05\/SDC12295.v2-150x150.jpg 150w, https:\/\/www.ayudart.org\/wp-content\/uploads\/2013\/05\/SDC12295.v2-100x100.jpg 100w\" sizes=\"auto, 100vw\" \/><\/a>\r\n\t\t\t<\/div><\/figure><figure class='gallery-item'>\r\n\t\t\t<div class='gallery-icon portrait'>\r\n\t\t\t\t<a href='https:\/\/www.ayudart.org\/wp-content\/uploads\/2013\/05\/4-1.v2.jpg'><img loading=\"lazy\" decoding=\"async\" width=\"150\" height=\"150\" src=\"https:\/\/www.ayudart.org\/wp-content\/uploads\/2013\/05\/4-1.v2-150x150.jpg\" class=\"attachment-thumbnail size-thumbnail\" alt=\"\" srcset=\"https:\/\/www.ayudart.org\/wp-content\/uploads\/2013\/05\/4-1.v2-150x150.jpg 150w, https:\/\/www.ayudart.org\/wp-content\/uploads\/2013\/05\/4-1.v2-100x100.jpg 100w\" sizes=\"auto, 100vw\" \/><\/a>\r\n\t\t\t<\/div><\/figure><figure class='gallery-item'>\r\n\t\t\t<div class='gallery-icon landscape'>\r\n\t\t\t\t<a href='https:\/\/www.ayudart.org\/wp-content\/uploads\/2013\/05\/4-Sensibiliser-les-jeunes-\u00e0-lhygi\u00e8ne-buccale.v2.jpg'><img loading=\"lazy\" decoding=\"async\" width=\"150\" height=\"150\" src=\"https:\/\/www.ayudart.org\/wp-content\/uploads\/2013\/05\/4-Sensibiliser-les-jeunes-\u00e0-lhygi\u00e8ne-buccale.v2-150x150.jpg\" class=\"attachment-thumbnail size-thumbnail\" alt=\"Make them aware of oral hygiene.\" srcset=\"https:\/\/www.ayudart.org\/wp-content\/uploads\/2013\/05\/4-Sensibiliser-les-jeunes-\u00e0-lhygi\u00e8ne-buccale.v2-150x150.jpg 150w, https:\/\/www.ayudart.org\/wp-content\/uploads\/2013\/05\/4-Sensibiliser-les-jeunes-\u00e0-lhygi\u00e8ne-buccale.v2-100x100.jpg 100w\" sizes=\"auto, 100vw\" \/><\/a>\r\n\t\t\t<\/div><\/figure><figure class='gallery-item'>\r\n\t\t\t<div class='gallery-icon portrait'>\r\n\t\t\t\t<a href='https:\/\/www.ayudart.org\/wp-content\/uploads\/2013\/05\/5-Organiser-des-jeux-autour-de-lhygi\u00e8ne-alimentaire.v2.jpg'><img loading=\"lazy\" decoding=\"async\" width=\"150\" height=\"150\" src=\"https:\/\/www.ayudart.org\/wp-content\/uploads\/2013\/05\/5-Organiser-des-jeux-autour-de-lhygi\u00e8ne-alimentaire.v2-150x150.jpg\" class=\"attachment-thumbnail size-thumbnail\" alt=\"Warn them against STD and its risks\" srcset=\"https:\/\/www.ayudart.org\/wp-content\/uploads\/2013\/05\/5-Organiser-des-jeux-autour-de-lhygi\u00e8ne-alimentaire.v2-150x150.jpg 150w, https:\/\/www.ayudart.org\/wp-content\/uploads\/2013\/05\/5-Organiser-des-jeux-autour-de-lhygi\u00e8ne-alimentaire.v2-100x100.jpg 100w\" sizes=\"auto, 100vw\" \/><\/a>\r\n\t\t\t<\/div><\/figure><figure class='gallery-item'>\r\n\t\t\t<div class='gallery-icon landscape'>\r\n\t\t\t\t<a href='https:\/\/www.ayudart.org\/wp-content\/uploads\/2013\/05\/6-Faire-de-la-pr\u00e9vention-des-risques-li\u00e9s-aux-MST.v2.jpg'><img loading=\"lazy\" decoding=\"async\" width=\"150\" height=\"150\" src=\"https:\/\/www.ayudart.org\/wp-content\/uploads\/2013\/05\/6-Faire-de-la-pr\u00e9vention-des-risques-li\u00e9s-aux-MST.v2-150x150.jpg\" class=\"attachment-thumbnail size-thumbnail\" alt=\"\" srcset=\"https:\/\/www.ayudart.org\/wp-content\/uploads\/2013\/05\/6-Faire-de-la-pr\u00e9vention-des-risques-li\u00e9s-aux-MST.v2-150x150.jpg 150w, https:\/\/www.ayudart.org\/wp-content\/uploads\/2013\/05\/6-Faire-de-la-pr\u00e9vention-des-risques-li\u00e9s-aux-MST.v2-100x100.jpg 100w\" sizes=\"auto, 100vw\" \/><\/a>\r\n\t\t\t<\/div><\/figure><figure class='gallery-item'>\r\n\t\t\t<div class='gallery-icon landscape'>\r\n\t\t\t\t<a href='https:\/\/www.ayudart.org\/wp-content\/uploads\/2013\/05\/P1030377.v2.jpg'><img loading=\"lazy\" decoding=\"async\" width=\"150\" height=\"150\" src=\"https:\/\/www.ayudart.org\/wp-content\/uploads\/2013\/05\/P1030377.v2-150x150.jpg\" class=\"attachment-thumbnail size-thumbnail\" alt=\"\" srcset=\"https:\/\/www.ayudart.org\/wp-content\/uploads\/2013\/05\/P1030377.v2-150x150.jpg 150w, https:\/\/www.ayudart.org\/wp-content\/uploads\/2013\/05\/P1030377.v2-100x100.jpg 100w\" sizes=\"auto, 100vw\" \/><\/a>\r\n\t\t\t<\/div><\/figure><figure class='gallery-item'>\r\n\t\t\t<div class='gallery-icon landscape'>\r\n\t\t\t\t<a href='https:\/\/www.ayudart.org\/wp-content\/uploads\/2013\/01\/Page-quitter.jpg'><img loading=\"lazy\" decoding=\"async\" width=\"150\" height=\"150\" src=\"https:\/\/www.ayudart.org\/wp-content\/uploads\/2013\/01\/Page-quitter-150x150.jpg\" class=\"attachment-thumbnail size-thumbnail\" alt=\"\" srcset=\"https:\/\/www.ayudart.org\/wp-content\/uploads\/2013\/01\/Page-quitter-150x150.jpg 150w, https:\/\/www.ayudart.org\/wp-content\/uploads\/2013\/01\/Page-quitter-100x100.jpg 100w\" sizes=\"auto, 100vw\" \/><\/a>\r\n\t\t\t<\/div><\/figure><\/div>\n\n<\/div>\n<\/td>\n<\/tr>\n<tr>\n<td><a name=\"elise\"><\/a><\/p>\n<p style=\"text-align: center;\"><a href=\"https:\/\/www.ayudart.org\/wp-content\/uploads\/2013\/05\/1.Elise-est-une-des-cofondatrice-de-lassociation-.Elle-pr\u00e9side-AuyudArt-depuis-sa-cr\u00e9ation-et-voyage-\u00e0-CIMA-tr\u00e8s-fr\u00e9quement..v2.jpg\"><img loading=\"lazy\" decoding=\"async\" class=\"aligncenter wp-image-2134 size-thumbnail\" src=\"https:\/\/www.ayudart.org\/wp-content\/uploads\/2013\/05\/1.Elise-est-une-des-cofondatrice-de-lassociation-.Elle-pr\u00e9side-AuyudArt-depuis-sa-cr\u00e9ation-et-voyage-\u00e0-CIMA-tr\u00e8s-fr\u00e9quement..v2-150x150.jpg\" alt=\"Elise is a cofounder of the association. She has presided over Ayud\u2019Art since its creation and has traveled to CIMA frequently.\" width=\"150\" height=\"150\" srcset=\"https:\/\/www.ayudart.org\/wp-content\/uploads\/2013\/05\/1.Elise-est-une-des-cofondatrice-de-lassociation-.Elle-pr\u00e9side-AuyudArt-depuis-sa-cr\u00e9ation-et-voyage-\u00e0-CIMA-tr\u00e8s-fr\u00e9quement..v2-150x150.jpg 150w, https:\/\/www.ayudart.org\/wp-content\/uploads\/2013\/05\/1.Elise-est-une-des-cofondatrice-de-lassociation-.Elle-pr\u00e9side-AuyudArt-depuis-sa-cr\u00e9ation-et-voyage-\u00e0-CIMA-tr\u00e8s-fr\u00e9quement..v2-100x100.jpg 100w\" sizes=\"auto, (max-width: 150px) 100vw, 150px\" \/><\/a>Elise<\/p>\n<div class=\"fancybox-hidden\">\n<div id='gallery-2' class='gallery galleryid-1503 gallery-columns-3 gallery-size-thumbnail'><figure class='gallery-item'>\r\n\t\t\t<div class='gallery-icon landscape'>\r\n\t\t\t\t<a href='https:\/\/www.ayudart.org\/wp-content\/uploads\/2013\/05\/2-Dans-les-premi\u00e8res-ann\u00e9es-de-volontariat-cela-se-r\u00e9sumait-\u00e0-jouer-avec-les-plus-petits.v2.jpg'><img loading=\"lazy\" decoding=\"async\" width=\"150\" height=\"150\" src=\"https:\/\/www.ayudart.org\/wp-content\/uploads\/2013\/05\/2-Dans-les-premi\u00e8res-ann\u00e9es-de-volontariat-cela-se-r\u00e9sumait-\u00e0-jouer-avec-les-plus-petits.v2-150x150.jpg\" class=\"attachment-thumbnail size-thumbnail\" alt=\"In her first voluntary years, she was only playing with the youngest,\" srcset=\"https:\/\/www.ayudart.org\/wp-content\/uploads\/2013\/05\/2-Dans-les-premi\u00e8res-ann\u00e9es-de-volontariat-cela-se-r\u00e9sumait-\u00e0-jouer-avec-les-plus-petits.v2-150x150.jpg 150w, https:\/\/www.ayudart.org\/wp-content\/uploads\/2013\/05\/2-Dans-les-premi\u00e8res-ann\u00e9es-de-volontariat-cela-se-r\u00e9sumait-\u00e0-jouer-avec-les-plus-petits.v2-100x100.jpg 100w\" sizes=\"auto, 100vw\" \/><\/a>\r\n\t\t\t<\/div><\/figure><figure class='gallery-item'>\r\n\t\t\t<div class='gallery-icon landscape'>\r\n\t\t\t\t<a href='https:\/\/www.ayudart.org\/wp-content\/uploads\/2013\/05\/3-\u00e0-vivre-des-moments-inoubliables..v2.jpg'><img loading=\"lazy\" decoding=\"async\" width=\"150\" height=\"150\" src=\"https:\/\/www.ayudart.org\/wp-content\/uploads\/2013\/05\/3-\u00e0-vivre-des-moments-inoubliables..v2-150x150.jpg\" class=\"attachment-thumbnail size-thumbnail\" alt=\", living unforgettable moments\" srcset=\"https:\/\/www.ayudart.org\/wp-content\/uploads\/2013\/05\/3-\u00e0-vivre-des-moments-inoubliables..v2-150x150.jpg 150w, https:\/\/www.ayudart.org\/wp-content\/uploads\/2013\/05\/3-\u00e0-vivre-des-moments-inoubliables..v2-100x100.jpg 100w\" sizes=\"auto, 100vw\" \/><\/a>\r\n\t\t\t<\/div><\/figure><figure class='gallery-item'>\r\n\t\t\t<div class='gallery-icon landscape'>\r\n\t\t\t\t<a href='https:\/\/www.ayudart.org\/wp-content\/uploads\/2013\/05\/4-Puis-lid\u00e9e-saugraunue-lui-a-pris.v2.jpg'><img loading=\"lazy\" decoding=\"async\" width=\"150\" height=\"150\" src=\"https:\/\/www.ayudart.org\/wp-content\/uploads\/2013\/05\/4-Puis-lid\u00e9e-saugraunue-lui-a-pris.v2-150x150.jpg\" class=\"attachment-thumbnail size-thumbnail\" alt=\"Then a strange idea came to her\" srcset=\"https:\/\/www.ayudart.org\/wp-content\/uploads\/2013\/05\/4-Puis-lid\u00e9e-saugraunue-lui-a-pris.v2-150x150.jpg 150w, https:\/\/www.ayudart.org\/wp-content\/uploads\/2013\/05\/4-Puis-lid\u00e9e-saugraunue-lui-a-pris.v2-300x297.jpg 300w, https:\/\/www.ayudart.org\/wp-content\/uploads\/2013\/05\/4-Puis-lid\u00e9e-saugraunue-lui-a-pris.v2-768x761.jpg 768w, https:\/\/www.ayudart.org\/wp-content\/uploads\/2013\/05\/4-Puis-lid\u00e9e-saugraunue-lui-a-pris.v2-100x100.jpg 100w, https:\/\/www.ayudart.org\/wp-content\/uploads\/2013\/05\/4-Puis-lid\u00e9e-saugraunue-lui-a-pris.v2.jpg 800w\" sizes=\"auto, 100vw\" \/><\/a>\r\n\t\t\t<\/div><\/figure><figure class='gallery-item'>\r\n\t\t\t<div class='gallery-icon landscape'>\r\n\t\t\t\t<a href='https:\/\/www.ayudart.org\/wp-content\/uploads\/2013\/05\/5-pour-\u00e9gayer-les-grands-murs-gris-du-centre..v2.jpg'><img loading=\"lazy\" decoding=\"async\" width=\"150\" height=\"150\" src=\"https:\/\/www.ayudart.org\/wp-content\/uploads\/2013\/05\/5-pour-\u00e9gayer-les-grands-murs-gris-du-centre..v2-150x150.jpg\" class=\"attachment-thumbnail size-thumbnail\" alt=\"her to brighten up the grey walls of the center.\" srcset=\"https:\/\/www.ayudart.org\/wp-content\/uploads\/2013\/05\/5-pour-\u00e9gayer-les-grands-murs-gris-du-centre..v2-150x150.jpg 150w, https:\/\/www.ayudart.org\/wp-content\/uploads\/2013\/05\/5-pour-\u00e9gayer-les-grands-murs-gris-du-centre..v2-100x100.jpg 100w\" sizes=\"auto, 100vw\" \/><\/a>\r\n\t\t\t<\/div><\/figure><figure class='gallery-item'>\r\n\t\t\t<div class='gallery-icon landscape'>\r\n\t\t\t\t<a href='https:\/\/www.ayudart.org\/wp-content\/uploads\/2013\/05\/5-1.de-vouloir-entreprendre-une-mosaique-de-55m\u00e8tres-carr\u00e9sjpg-2.v2.jpg'><img loading=\"lazy\" decoding=\"async\" width=\"150\" height=\"150\" src=\"https:\/\/www.ayudart.org\/wp-content\/uploads\/2013\/05\/5-1.de-vouloir-entreprendre-une-mosaique-de-55m\u00e8tres-carr\u00e9sjpg-2.v2-150x150.jpg\" class=\"attachment-thumbnail size-thumbnail\" alt=\"She proposed to make a 592.02 square meter mosaic\" srcset=\"https:\/\/www.ayudart.org\/wp-content\/uploads\/2013\/05\/5-1.de-vouloir-entreprendre-une-mosaique-de-55m\u00e8tres-carr\u00e9sjpg-2.v2-150x150.jpg 150w, https:\/\/www.ayudart.org\/wp-content\/uploads\/2013\/05\/5-1.de-vouloir-entreprendre-une-mosaique-de-55m\u00e8tres-carr\u00e9sjpg-2.v2-100x100.jpg 100w\" sizes=\"auto, 100vw\" \/><\/a>\r\n\t\t\t<\/div><\/figure><figure class='gallery-item'>\r\n\t\t\t<div class='gallery-icon landscape'>\r\n\t\t\t\t<a href='https:\/\/www.ayudart.org\/wp-content\/uploads\/2013\/05\/5-2.v2.jpg'><img loading=\"lazy\" decoding=\"async\" width=\"150\" height=\"150\" src=\"https:\/\/www.ayudart.org\/wp-content\/uploads\/2013\/05\/5-2.v2-150x150.jpg\" class=\"attachment-thumbnail size-thumbnail\" alt=\"\" srcset=\"https:\/\/www.ayudart.org\/wp-content\/uploads\/2013\/05\/5-2.v2-150x150.jpg 150w, https:\/\/www.ayudart.org\/wp-content\/uploads\/2013\/05\/5-2.v2-100x100.jpg 100w\" sizes=\"auto, 100vw\" \/><\/a>\r\n\t\t\t<\/div><\/figure><figure class='gallery-item'>\r\n\t\t\t<div class='gallery-icon portrait'>\r\n\t\t\t\t<a href='https:\/\/www.ayudart.org\/wp-content\/uploads\/2013\/05\/6-Et-cr\u00e9er-dautres-liens-avec-les-jeunes-..v2.jpg'><img loading=\"lazy\" decoding=\"async\" width=\"150\" height=\"150\" src=\"https:\/\/www.ayudart.org\/wp-content\/uploads\/2013\/05\/6-Et-cr\u00e9er-dautres-liens-avec-les-jeunes-..v2-150x150.jpg\" class=\"attachment-thumbnail size-thumbnail\" alt=\"and to create social links with young people.\" srcset=\"https:\/\/www.ayudart.org\/wp-content\/uploads\/2013\/05\/6-Et-cr\u00e9er-dautres-liens-avec-les-jeunes-..v2-150x150.jpg 150w, https:\/\/www.ayudart.org\/wp-content\/uploads\/2013\/05\/6-Et-cr\u00e9er-dautres-liens-avec-les-jeunes-..v2-100x100.jpg 100w\" sizes=\"auto, 100vw\" \/><\/a>\r\n\t\t\t<\/div><\/figure><figure class='gallery-item'>\r\n\t\t\t<div class='gallery-icon landscape'>\r\n\t\t\t\t<a href='https:\/\/www.ayudart.org\/wp-content\/uploads\/2013\/05\/7-Lann\u00e9e-dapr\u00e8s-le-mur-den-face-\u00e9tant-affreusement-jaloux-.v2.jpg'><img loading=\"lazy\" decoding=\"async\" width=\"150\" height=\"150\" src=\"https:\/\/www.ayudart.org\/wp-content\/uploads\/2013\/05\/7-Lann\u00e9e-dapr\u00e8s-le-mur-den-face-\u00e9tant-affreusement-jaloux-.v2-150x150.jpg\" class=\"attachment-thumbnail size-thumbnail\" alt=\"The year after, the wall opposite was extremely jealous,\" srcset=\"https:\/\/www.ayudart.org\/wp-content\/uploads\/2013\/05\/7-Lann\u00e9e-dapr\u00e8s-le-mur-den-face-\u00e9tant-affreusement-jaloux-.v2-150x150.jpg 150w, https:\/\/www.ayudart.org\/wp-content\/uploads\/2013\/05\/7-Lann\u00e9e-dapr\u00e8s-le-mur-den-face-\u00e9tant-affreusement-jaloux-.v2-100x100.jpg 100w\" sizes=\"auto, 100vw\" \/><\/a>\r\n\t\t\t<\/div><\/figure><figure class='gallery-item'>\r\n\t\t\t<div class='gallery-icon landscape'>\r\n\t\t\t\t<a href='https:\/\/www.ayudart.org\/wp-content\/uploads\/2013\/05\/8-le-projet-a-consist\u00e9-\u00e0-rr\u00e9aliser-une-fresque-de-peinture-.v2.jpg'><img loading=\"lazy\" decoding=\"async\" width=\"150\" height=\"150\" src=\"https:\/\/www.ayudart.org\/wp-content\/uploads\/2013\/05\/8-le-projet-a-consist\u00e9-\u00e0-rr\u00e9aliser-une-fresque-de-peinture-.v2-150x150.jpg\" class=\"attachment-thumbnail size-thumbnail\" alt=\"so a new project appeared: to realize a mural painting.\" srcset=\"https:\/\/www.ayudart.org\/wp-content\/uploads\/2013\/05\/8-le-projet-a-consist\u00e9-\u00e0-rr\u00e9aliser-une-fresque-de-peinture-.v2-150x150.jpg 150w, https:\/\/www.ayudart.org\/wp-content\/uploads\/2013\/05\/8-le-projet-a-consist\u00e9-\u00e0-rr\u00e9aliser-une-fresque-de-peinture-.v2-100x100.jpg 100w\" sizes=\"auto, 100vw\" \/><\/a>\r\n\t\t\t<\/div><\/figure><figure class='gallery-item'>\r\n\t\t\t<div class='gallery-icon landscape'>\r\n\t\t\t\t<a href='https:\/\/www.ayudart.org\/wp-content\/uploads\/2013\/05\/9-.v2.jpg'><img loading=\"lazy\" decoding=\"async\" width=\"150\" height=\"150\" src=\"https:\/\/www.ayudart.org\/wp-content\/uploads\/2013\/05\/9-.v2-150x150.jpg\" class=\"attachment-thumbnail size-thumbnail\" alt=\"\" srcset=\"https:\/\/www.ayudart.org\/wp-content\/uploads\/2013\/05\/9-.v2-150x150.jpg 150w, https:\/\/www.ayudart.org\/wp-content\/uploads\/2013\/05\/9-.v2-100x100.jpg 100w\" sizes=\"auto, 100vw\" \/><\/a>\r\n\t\t\t<\/div><\/figure><figure class='gallery-item'>\r\n\t\t\t<div class='gallery-icon landscape'>\r\n\t\t\t\t<a href='https:\/\/www.ayudart.org\/wp-content\/uploads\/2013\/05\/10-Dann\u00e9e-en-ann\u00e9e-les-t\u00e2ches-ne-manquent-pas-et-les-liens-gagnent-en-profondeur.v2.jpg'><img loading=\"lazy\" decoding=\"async\" width=\"150\" height=\"150\" src=\"https:\/\/www.ayudart.org\/wp-content\/uploads\/2013\/05\/10-Dann\u00e9e-en-ann\u00e9e-les-t\u00e2ches-ne-manquent-pas-et-les-liens-gagnent-en-profondeur.v2-150x150.jpg\" class=\"attachment-thumbnail size-thumbnail\" alt=\"Year after year, there is always some work to do and social links are becoming deeper and deeper.\" srcset=\"https:\/\/www.ayudart.org\/wp-content\/uploads\/2013\/05\/10-Dann\u00e9e-en-ann\u00e9e-les-t\u00e2ches-ne-manquent-pas-et-les-liens-gagnent-en-profondeur.v2-150x150.jpg 150w, https:\/\/www.ayudart.org\/wp-content\/uploads\/2013\/05\/10-Dann\u00e9e-en-ann\u00e9e-les-t\u00e2ches-ne-manquent-pas-et-les-liens-gagnent-en-profondeur.v2-100x100.jpg 100w\" sizes=\"auto, 100vw\" \/><\/a>\r\n\t\t\t<\/div><\/figure><figure class='gallery-item'>\r\n\t\t\t<div class='gallery-icon landscape'>\r\n\t\t\t\t<a href='https:\/\/www.ayudart.org\/wp-content\/uploads\/2013\/05\/11-Son-action-au-P\u00e9rou-consiste-aussi-d\u00e9sormais-coordonner-les-dossiers-administratifs-avec-Anne-la-secr\u00e9taire-et-jean-louis-le-fondateur..v2.jpg'><img loading=\"lazy\" decoding=\"async\" width=\"150\" height=\"150\" src=\"https:\/\/www.ayudart.org\/wp-content\/uploads\/2013\/05\/11-Son-action-au-P\u00e9rou-consiste-aussi-d\u00e9sormais-coordonner-les-dossiers-administratifs-avec-Anne-la-secr\u00e9taire-et-jean-louis-le-fondateur..v2-150x150.jpg\" class=\"attachment-thumbnail size-thumbnail\" alt=\"Now, her action in Peru is to coordinate administrative files with Anne the secretary and Jean-Louis the founder.\" srcset=\"https:\/\/www.ayudart.org\/wp-content\/uploads\/2013\/05\/11-Son-action-au-P\u00e9rou-consiste-aussi-d\u00e9sormais-coordonner-les-dossiers-administratifs-avec-Anne-la-secr\u00e9taire-et-jean-louis-le-fondateur..v2-150x150.jpg 150w, https:\/\/www.ayudart.org\/wp-content\/uploads\/2013\/05\/11-Son-action-au-P\u00e9rou-consiste-aussi-d\u00e9sormais-coordonner-les-dossiers-administratifs-avec-Anne-la-secr\u00e9taire-et-jean-louis-le-fondateur..v2-100x100.jpg 100w\" sizes=\"auto, 100vw\" \/><\/a>\r\n\t\t\t<\/div><\/figure><figure class='gallery-item'>\r\n\t\t\t<div class='gallery-icon landscape'>\r\n\t\t\t\t<a href='https:\/\/www.ayudart.org\/wp-content\/uploads\/2013\/01\/Page-quitter.jpg'><img loading=\"lazy\" decoding=\"async\" width=\"150\" height=\"150\" src=\"https:\/\/www.ayudart.org\/wp-content\/uploads\/2013\/01\/Page-quitter-150x150.jpg\" class=\"attachment-thumbnail size-thumbnail\" alt=\"\" srcset=\"https:\/\/www.ayudart.org\/wp-content\/uploads\/2013\/01\/Page-quitter-150x150.jpg 150w, https:\/\/www.ayudart.org\/wp-content\/uploads\/2013\/01\/Page-quitter-100x100.jpg 100w\" sizes=\"auto, 100vw\" \/><\/a>\r\n\t\t\t<\/div><\/figure><\/div>\n\n<\/div>\n<\/td>\n<td>\n<p style=\"text-align: center;\"><a href=\"\/en\/quentin-et-matthieu\/\"><img loading=\"lazy\" decoding=\"async\" class=\"aligncenter wp-image-1510 size-thumbnail\" src=\"https:\/\/www.ayudart.org\/wp-content\/uploads\/2013\/05\/p\u00e9rou1425.v2-150x150.jpg\" alt=\"p\u00e9rou1425.v2\" width=\"150\" height=\"150\" srcset=\"https:\/\/www.ayudart.org\/wp-content\/uploads\/2013\/05\/p\u00e9rou1425.v2-150x150.jpg 150w, https:\/\/www.ayudart.org\/wp-content\/uploads\/2013\/05\/p\u00e9rou1425.v2-100x100.jpg 100w\" sizes=\"auto, (max-width: 150px) 100vw, 150px\" \/><\/a>Quentin et Matthieu<\/p>\n<\/td>\n<td><a name=\"jfemilie\"><\/a><\/p>\n<p style=\"text-align: center;\"><a href=\"https:\/\/www.ayudart.org\/wp-content\/uploads\/2013\/05\/httpbubblesandtravels.comcategorybain-a-bulles.v2.jpg\"><img loading=\"lazy\" decoding=\"async\" class=\"aligncenter wp-image-2113 size-thumbnail\" src=\"https:\/\/www.ayudart.org\/wp-content\/uploads\/2013\/05\/httpbubblesandtravels.comcategorybain-a-bulles.v2-150x150.jpg\" alt=\"http:\/\/bubblesandtravels.com\" width=\"150\" height=\"150\" srcset=\"https:\/\/www.ayudart.org\/wp-content\/uploads\/2013\/05\/httpbubblesandtravels.comcategorybain-a-bulles.v2-150x150.jpg 150w, https:\/\/www.ayudart.org\/wp-content\/uploads\/2013\/05\/httpbubblesandtravels.comcategorybain-a-bulles.v2-100x100.jpg 100w\" sizes=\"auto, (max-width: 150px) 100vw, 150px\" \/><\/a>Jean-Fran\u00e7ois et Emilie<\/p>\n<div class=\"fancybox-hidden\">\n<div id='gallery-3' class='gallery galleryid-1503 gallery-columns-3 gallery-size-thumbnail'><figure class='gallery-item'>\r\n\t\t\t<div class='gallery-icon landscape'>\r\n\t\t\t\t<a href='https:\/\/www.ayudart.org\/wp-content\/uploads\/2013\/05\/Un-break-de-6-mois-en-Am\u00e9rique-du-Sud-des-galapagos-\u00e0-Cima..v2.png'><img loading=\"lazy\" decoding=\"async\" width=\"150\" height=\"150\" src=\"https:\/\/www.ayudart.org\/wp-content\/uploads\/2013\/05\/Un-break-de-6-mois-en-Am\u00e9rique-du-Sud-des-galapagos-\u00e0-Cima..v2-150x150.png\" class=\"attachment-thumbnail size-thumbnail\" alt=\"A 6-month break in South America from the Galapagos to CIMA\" srcset=\"https:\/\/www.ayudart.org\/wp-content\/uploads\/2013\/05\/Un-break-de-6-mois-en-Am\u00e9rique-du-Sud-des-galapagos-\u00e0-Cima..v2-150x150.png 150w, https:\/\/www.ayudart.org\/wp-content\/uploads\/2013\/05\/Un-break-de-6-mois-en-Am\u00e9rique-du-Sud-des-galapagos-\u00e0-Cima..v2-100x100.png 100w\" sizes=\"auto, 100vw\" \/><\/a>\r\n\t\t\t<\/div><\/figure><figure class='gallery-item'>\r\n\t\t\t<div class='gallery-icon landscape'>\r\n\t\t\t\t<a href='https:\/\/www.ayudart.org\/wp-content\/uploads\/2013\/01\/Page-quitter.jpg'><img loading=\"lazy\" decoding=\"async\" width=\"150\" height=\"150\" src=\"https:\/\/www.ayudart.org\/wp-content\/uploads\/2013\/01\/Page-quitter-150x150.jpg\" class=\"attachment-thumbnail size-thumbnail\" alt=\"\" srcset=\"https:\/\/www.ayudart.org\/wp-content\/uploads\/2013\/01\/Page-quitter-150x150.jpg 150w, https:\/\/www.ayudart.org\/wp-content\/uploads\/2013\/01\/Page-quitter-100x100.jpg 100w\" sizes=\"auto, 100vw\" \/><\/a>\r\n\t\t\t<\/div><\/figure><\/div>\n\n<\/div>\n<\/td>\n<\/tr>\n<tr>\n<td><a name=\"mariepierrerinck\"><\/a><\/p>\n<p style=\"text-align: center;\"><a href=\"http:\/\/www.youtube.com\/watch?v=ZmUFvRc3sgQ&#038;fs=1&#038;autoplay=1\"><img loading=\"lazy\" decoding=\"async\" class=\"size-thumbnail wp-image-2116 aligncenter\" src=\"https:\/\/www.ayudart.org\/wp-content\/uploads\/2013\/05\/P1080615.v2-150x150.jpg\" alt=\"P1080615.v2\" width=\"150\" height=\"150\" srcset=\"https:\/\/www.ayudart.org\/wp-content\/uploads\/2013\/05\/P1080615.v2-150x150.jpg 150w, https:\/\/www.ayudart.org\/wp-content\/uploads\/2013\/05\/P1080615.v2-100x100.jpg 100w\" sizes=\"auto, (max-width: 150px) 100vw, 150px\" \/><\/a>Marie-Pierre Rinck<br \/>\nLearn more :<br \/>\n<a href=\"http:\/\/atelierinck.blogspot.fr\/\" target=\"_blank\" rel=\"noopener\">Atelier Rinck<\/a><\/p>\n<\/td>\n<td><a name=\"ameliebeuve\"><\/a><\/p>\n<p style=\"text-align: center;\"><a href=\"https:\/\/www.ayudart.org\/wp-content\/uploads\/2013\/05\/1Un-\u00e9ducatrice-sp\u00e9cialis\u00e9e-de-la-Manche.v2.jpg\"><img loading=\"lazy\" decoding=\"async\" class=\"aligncenter wp-image-2149 size-thumbnail\" src=\"https:\/\/www.ayudart.org\/wp-content\/uploads\/2013\/05\/1Un-\u00e9ducatrice-sp\u00e9cialis\u00e9e-de-la-Manche.v2-150x150.jpg\" alt=\"A specialist teacher form the Manche \" width=\"150\" height=\"150\" srcset=\"https:\/\/www.ayudart.org\/wp-content\/uploads\/2013\/05\/1Un-\u00e9ducatrice-sp\u00e9cialis\u00e9e-de-la-Manche.v2-150x150.jpg 150w, https:\/\/www.ayudart.org\/wp-content\/uploads\/2013\/05\/1Un-\u00e9ducatrice-sp\u00e9cialis\u00e9e-de-la-Manche.v2-100x100.jpg 100w\" sizes=\"auto, (max-width: 150px) 100vw, 150px\" \/><\/a>Am\u00e9lie Beuve<\/p>\n<div class=\"fancybox-hidden\">\n<div id='gallery-4' class='gallery galleryid-1503 gallery-columns-3 gallery-size-thumbnail'><figure class='gallery-item'>\r\n\t\t\t<div class='gallery-icon portrait'>\r\n\t\t\t\t<a href='https:\/\/www.ayudart.org\/wp-content\/uploads\/2013\/05\/2-d\u00e9cide-de-rencontrer-dautres-paratiques-.v2.jpg'><img loading=\"lazy\" decoding=\"async\" width=\"150\" height=\"150\" src=\"https:\/\/www.ayudart.org\/wp-content\/uploads\/2013\/05\/2-d\u00e9cide-de-rencontrer-dautres-paratiques-.v2-150x150.jpg\" class=\"attachment-thumbnail size-thumbnail\" alt=\"decided to learn other practices at CIMA,\" srcset=\"https:\/\/www.ayudart.org\/wp-content\/uploads\/2013\/05\/2-d\u00e9cide-de-rencontrer-dautres-paratiques-.v2-150x150.jpg 150w, https:\/\/www.ayudart.org\/wp-content\/uploads\/2013\/05\/2-d\u00e9cide-de-rencontrer-dautres-paratiques-.v2-100x100.jpg 100w\" sizes=\"auto, 100vw\" \/><\/a>\r\n\t\t\t<\/div><\/figure><figure class='gallery-item'>\r\n\t\t\t<div class='gallery-icon landscape'>\r\n\t\t\t\t<a href='https:\/\/www.ayudart.org\/wp-content\/uploads\/2013\/05\/3.-rencontrer-les-\u00e9quipes.v2.jpg'><img loading=\"lazy\" decoding=\"async\" width=\"150\" height=\"150\" src=\"https:\/\/www.ayudart.org\/wp-content\/uploads\/2013\/05\/3.-rencontrer-les-\u00e9quipes.v2-150x150.jpg\" class=\"attachment-thumbnail size-thumbnail\" alt=\"to meet teams,\" srcset=\"https:\/\/www.ayudart.org\/wp-content\/uploads\/2013\/05\/3.-rencontrer-les-\u00e9quipes.v2-150x150.jpg 150w, https:\/\/www.ayudart.org\/wp-content\/uploads\/2013\/05\/3.-rencontrer-les-\u00e9quipes.v2-100x100.jpg 100w\" sizes=\"auto, 100vw\" \/><\/a>\r\n\t\t\t<\/div><\/figure><figure class='gallery-item'>\r\n\t\t\t<div class='gallery-icon landscape'>\r\n\t\t\t\t<a href='https:\/\/www.ayudart.org\/wp-content\/uploads\/2013\/05\/4-les-enfants.v2.jpg'><img loading=\"lazy\" decoding=\"async\" width=\"150\" height=\"150\" src=\"https:\/\/www.ayudart.org\/wp-content\/uploads\/2013\/05\/4-les-enfants.v2-150x150.jpg\" class=\"attachment-thumbnail size-thumbnail\" alt=\"childrens.\" srcset=\"https:\/\/www.ayudart.org\/wp-content\/uploads\/2013\/05\/4-les-enfants.v2-150x150.jpg 150w, https:\/\/www.ayudart.org\/wp-content\/uploads\/2013\/05\/4-les-enfants.v2-100x100.jpg 100w\" sizes=\"auto, 100vw\" \/><\/a>\r\n\t\t\t<\/div><\/figure><figure class='gallery-item'>\r\n\t\t\t<div class='gallery-icon landscape'>\r\n\t\t\t\t<a href='https:\/\/www.ayudart.org\/wp-content\/uploads\/2013\/05\/5-vivre-des-moments-inoubliables.v2.jpg'><img loading=\"lazy\" decoding=\"async\" width=\"150\" height=\"150\" src=\"https:\/\/www.ayudart.org\/wp-content\/uploads\/2013\/05\/5-vivre-des-moments-inoubliables.v2-150x150.jpg\" class=\"attachment-thumbnail size-thumbnail\" alt=\"Live unforgettable moments.\" srcset=\"https:\/\/www.ayudart.org\/wp-content\/uploads\/2013\/05\/5-vivre-des-moments-inoubliables.v2-150x150.jpg 150w, https:\/\/www.ayudart.org\/wp-content\/uploads\/2013\/05\/5-vivre-des-moments-inoubliables.v2-100x100.jpg 100w\" sizes=\"auto, 100vw\" \/><\/a>\r\n\t\t\t<\/div><\/figure><figure class='gallery-item'>\r\n\t\t\t<div class='gallery-icon portrait'>\r\n\t\t\t\t<a href='https:\/\/www.ayudart.org\/wp-content\/uploads\/2013\/05\/5-de-retour-en-France-associer-des-jeunes-de-foyer-\u00e0-ce-projet-international-en-leur-faisant-\u00e9crire-une-histoire-qui-sera-apport\u00e9e-aux-enfants-du-CIMA.v2.jpg'><img loading=\"lazy\" decoding=\"async\" width=\"150\" height=\"150\" src=\"https:\/\/www.ayudart.org\/wp-content\/uploads\/2013\/05\/5-de-retour-en-France-associer-des-jeunes-de-foyer-\u00e0-ce-projet-international-en-leur-faisant-\u00e9crire-une-histoire-qui-sera-apport\u00e9e-aux-enfants-du-CIMA.v2-150x150.jpg\" class=\"attachment-thumbnail size-thumbnail\" alt=\"Back in France, associate youth in foster care to this international project by making them write a story which will be brought to CIMA children.\" srcset=\"https:\/\/www.ayudart.org\/wp-content\/uploads\/2013\/05\/5-de-retour-en-France-associer-des-jeunes-de-foyer-\u00e0-ce-projet-international-en-leur-faisant-\u00e9crire-une-histoire-qui-sera-apport\u00e9e-aux-enfants-du-CIMA.v2-150x150.jpg 150w, https:\/\/www.ayudart.org\/wp-content\/uploads\/2013\/05\/5-de-retour-en-France-associer-des-jeunes-de-foyer-\u00e0-ce-projet-international-en-leur-faisant-\u00e9crire-une-histoire-qui-sera-apport\u00e9e-aux-enfants-du-CIMA.v2-100x100.jpg 100w\" sizes=\"auto, 100vw\" \/><\/a>\r\n\t\t\t<\/div><\/figure><figure class='gallery-item'>\r\n\t\t\t<div class='gallery-icon landscape'>\r\n\t\t\t\t<a href='https:\/\/www.ayudart.org\/wp-content\/uploads\/2013\/05\/6-retourner-au-P\u00e9rou-et-pr\u00e9senter-les-\u00e9crits-des-petits-fran\u00e7ais-aux-gar\u00e7ons-du-Cima.v2.jpg'><img loading=\"lazy\" decoding=\"async\" width=\"150\" height=\"150\" src=\"https:\/\/www.ayudart.org\/wp-content\/uploads\/2013\/05\/6-retourner-au-P\u00e9rou-et-pr\u00e9senter-les-\u00e9crits-des-petits-fran\u00e7ais-aux-gar\u00e7ons-du-Cima.v2-150x150.jpg\" class=\"attachment-thumbnail size-thumbnail\" alt=\"Present these writings to CIMA boys,\" srcset=\"https:\/\/www.ayudart.org\/wp-content\/uploads\/2013\/05\/6-retourner-au-P\u00e9rou-et-pr\u00e9senter-les-\u00e9crits-des-petits-fran\u00e7ais-aux-gar\u00e7ons-du-Cima.v2-150x150.jpg 150w, https:\/\/www.ayudart.org\/wp-content\/uploads\/2013\/05\/6-retourner-au-P\u00e9rou-et-pr\u00e9senter-les-\u00e9crits-des-petits-fran\u00e7ais-aux-gar\u00e7ons-du-Cima.v2-100x100.jpg 100w\" sizes=\"auto, 100vw\" \/><\/a>\r\n\t\t\t<\/div><\/figure><figure class='gallery-item'>\r\n\t\t\t<div class='gallery-icon landscape'>\r\n\t\t\t\t<a href='https:\/\/www.ayudart.org\/wp-content\/uploads\/2013\/05\/7-confronter-les-exp\u00e9riences.v2.jpg'><img loading=\"lazy\" decoding=\"async\" width=\"150\" height=\"150\" src=\"https:\/\/www.ayudart.org\/wp-content\/uploads\/2013\/05\/7-confronter-les-exp\u00e9riences.v2-150x150.jpg\" class=\"attachment-thumbnail size-thumbnail\" alt=\"confront experiences,\" srcset=\"https:\/\/www.ayudart.org\/wp-content\/uploads\/2013\/05\/7-confronter-les-exp\u00e9riences.v2-150x150.jpg 150w, https:\/\/www.ayudart.org\/wp-content\/uploads\/2013\/05\/7-confronter-les-exp\u00e9riences.v2-100x100.jpg 100w\" sizes=\"auto, 100vw\" \/><\/a>\r\n\t\t\t<\/div><\/figure><figure class='gallery-item'>\r\n\t\t\t<div class='gallery-icon portrait'>\r\n\t\t\t\t<a href='https:\/\/www.ayudart.org\/wp-content\/uploads\/2013\/05\/8-ouvrir-des-horizons.v2.jpg'><img loading=\"lazy\" decoding=\"async\" width=\"150\" height=\"150\" src=\"https:\/\/www.ayudart.org\/wp-content\/uploads\/2013\/05\/8-ouvrir-des-horizons.v2-150x150.jpg\" class=\"attachment-thumbnail size-thumbnail\" alt=\", open perceptions,\" srcset=\"https:\/\/www.ayudart.org\/wp-content\/uploads\/2013\/05\/8-ouvrir-des-horizons.v2-150x150.jpg 150w, https:\/\/www.ayudart.org\/wp-content\/uploads\/2013\/05\/8-ouvrir-des-horizons.v2-100x100.jpg 100w\" sizes=\"auto, 100vw\" \/><\/a>\r\n\t\t\t<\/div><\/figure><figure class='gallery-item'>\r\n\t\t\t<div class='gallery-icon portrait'>\r\n\t\t\t\t<a href='https:\/\/www.ayudart.org\/wp-content\/uploads\/2013\/05\/9-.v21.jpg'><img loading=\"lazy\" decoding=\"async\" width=\"150\" height=\"150\" src=\"https:\/\/www.ayudart.org\/wp-content\/uploads\/2013\/05\/9-.v21-150x150.jpg\" class=\"attachment-thumbnail size-thumbnail\" alt=\"\" srcset=\"https:\/\/www.ayudart.org\/wp-content\/uploads\/2013\/05\/9-.v21-150x150.jpg 150w, https:\/\/www.ayudart.org\/wp-content\/uploads\/2013\/05\/9-.v21-100x100.jpg 100w\" sizes=\"auto, 100vw\" \/><\/a>\r\n\t\t\t<\/div><\/figure><figure class='gallery-item'>\r\n\t\t\t<div class='gallery-icon landscape'>\r\n\t\t\t\t<a href='https:\/\/www.ayudart.org\/wp-content\/uploads\/2013\/05\/10-cr\u00e9er-un-va-et-vient..v2.jpg'><img loading=\"lazy\" decoding=\"async\" width=\"150\" height=\"150\" src=\"https:\/\/www.ayudart.org\/wp-content\/uploads\/2013\/05\/10-cr\u00e9er-un-va-et-vient..v2-150x150.jpg\" class=\"attachment-thumbnail size-thumbnail\" alt=\"create a movement\" srcset=\"https:\/\/www.ayudart.org\/wp-content\/uploads\/2013\/05\/10-cr\u00e9er-un-va-et-vient..v2-150x150.jpg 150w, https:\/\/www.ayudart.org\/wp-content\/uploads\/2013\/05\/10-cr\u00e9er-un-va-et-vient..v2-100x100.jpg 100w\" sizes=\"auto, 100vw\" \/><\/a>\r\n\t\t\t<\/div><\/figure><figure class='gallery-item'>\r\n\t\t\t<div class='gallery-icon landscape'>\r\n\t\t\t\t<a href='https:\/\/www.ayudart.org\/wp-content\/uploads\/2013\/05\/11-sengager-dans-AyudArt-entre-deux-voyages-organiser-des-manifestations-faire-parler-ce-ce-Cima-qui-change-le-cours-dune-vie.v2.jpg'><img loading=\"lazy\" decoding=\"async\" width=\"150\" height=\"150\" src=\"https:\/\/www.ayudart.org\/wp-content\/uploads\/2013\/05\/11-sengager-dans-AyudArt-entre-deux-voyages-organiser-des-manifestations-faire-parler-ce-ce-Cima-qui-change-le-cours-dune-vie.v2-150x150.jpg\" class=\"attachment-thumbnail size-thumbnail\" alt=\"movement and get myself involved in Ayud\u2019Art between two trips, organize demonstrations, present this CIMA center which changes the life of some young children.\" srcset=\"https:\/\/www.ayudart.org\/wp-content\/uploads\/2013\/05\/11-sengager-dans-AyudArt-entre-deux-voyages-organiser-des-manifestations-faire-parler-ce-ce-Cima-qui-change-le-cours-dune-vie.v2-150x150.jpg 150w, https:\/\/www.ayudart.org\/wp-content\/uploads\/2013\/05\/11-sengager-dans-AyudArt-entre-deux-voyages-organiser-des-manifestations-faire-parler-ce-ce-Cima-qui-change-le-cours-dune-vie.v2-100x100.jpg 100w\" sizes=\"auto, 100vw\" \/><\/a>\r\n\t\t\t<\/div><\/figure><figure class='gallery-item'>\r\n\t\t\t<div class='gallery-icon landscape'>\r\n\t\t\t\t<a href='https:\/\/www.ayudart.org\/wp-content\/uploads\/2013\/01\/Page-quitter.jpg'><img loading=\"lazy\" decoding=\"async\" width=\"150\" height=\"150\" src=\"https:\/\/www.ayudart.org\/wp-content\/uploads\/2013\/01\/Page-quitter-150x150.jpg\" class=\"attachment-thumbnail size-thumbnail\" alt=\"\" srcset=\"https:\/\/www.ayudart.org\/wp-content\/uploads\/2013\/01\/Page-quitter-150x150.jpg 150w, https:\/\/www.ayudart.org\/wp-content\/uploads\/2013\/01\/Page-quitter-100x100.jpg 100w\" sizes=\"auto, 100vw\" \/><\/a>\r\n\t\t\t<\/div><\/figure><\/div>\n\n<\/div>\n<\/td>\n<td><a name=\"sonia\"><\/a><\/p>\n<p style=\"text-align: center;\"><a href=\"https:\/\/www.ayudart.org\/wp-content\/uploads\/2013\/05\/1-comprendre-le-fonctionnement-du-centre.v2.jpg\"><img loading=\"lazy\" decoding=\"async\" class=\"aligncenter wp-image-2184 size-thumbnail\" src=\"https:\/\/www.ayudart.org\/wp-content\/uploads\/2013\/05\/1-comprendre-le-fonctionnement-du-centre.v2-150x150.jpg\" alt=\"Make a pause in my professional life, travel to Peru to discover CIMA. Understand how the center works, adopt another way of life, share the everyday life of the children, discover, learn the teams...\" width=\"150\" height=\"150\" srcset=\"https:\/\/www.ayudart.org\/wp-content\/uploads\/2013\/05\/1-comprendre-le-fonctionnement-du-centre.v2-150x150.jpg 150w, https:\/\/www.ayudart.org\/wp-content\/uploads\/2013\/05\/1-comprendre-le-fonctionnement-du-centre.v2-100x100.jpg 100w\" sizes=\"auto, (max-width: 150px) 100vw, 150px\" \/><\/a>Sonia<\/p>\n<div class=\"fancybox-hidden\">\n<div id='gallery-5' class='gallery galleryid-1503 gallery-columns-3 gallery-size-thumbnail'><figure class='gallery-item'>\r\n\t\t\t<div class='gallery-icon landscape'>\r\n\t\t\t\t<a href='https:\/\/www.ayudart.org\/wp-content\/uploads\/2013\/05\/2-se-laisserguider-par-un-autre-rythme.v2.jpg'><img loading=\"lazy\" decoding=\"async\" width=\"150\" height=\"150\" src=\"https:\/\/www.ayudart.org\/wp-content\/uploads\/2013\/05\/2-se-laisserguider-par-un-autre-rythme.v2-150x150.jpg\" class=\"attachment-thumbnail size-thumbnail\" alt=\"\" srcset=\"https:\/\/www.ayudart.org\/wp-content\/uploads\/2013\/05\/2-se-laisserguider-par-un-autre-rythme.v2-150x150.jpg 150w, https:\/\/www.ayudart.org\/wp-content\/uploads\/2013\/05\/2-se-laisserguider-par-un-autre-rythme.v2-100x100.jpg 100w\" sizes=\"auto, 100vw\" \/><\/a>\r\n\t\t\t<\/div><\/figure><figure class='gallery-item'>\r\n\t\t\t<div class='gallery-icon landscape'>\r\n\t\t\t\t<a href='https:\/\/www.ayudart.org\/wp-content\/uploads\/2013\/05\/3-Partager-le-quotidien-des-enfants.v2.jpg'><img loading=\"lazy\" decoding=\"async\" width=\"150\" height=\"150\" src=\"https:\/\/www.ayudart.org\/wp-content\/uploads\/2013\/05\/3-Partager-le-quotidien-des-enfants.v2-150x150.jpg\" class=\"attachment-thumbnail size-thumbnail\" alt=\"\" srcset=\"https:\/\/www.ayudart.org\/wp-content\/uploads\/2013\/05\/3-Partager-le-quotidien-des-enfants.v2-150x150.jpg 150w, https:\/\/www.ayudart.org\/wp-content\/uploads\/2013\/05\/3-Partager-le-quotidien-des-enfants.v2-100x100.jpg 100w\" sizes=\"auto, 100vw\" \/><\/a>\r\n\t\t\t<\/div><\/figure><figure class='gallery-item'>\r\n\t\t\t<div class='gallery-icon landscape'>\r\n\t\t\t\t<a href='https:\/\/www.ayudart.org\/wp-content\/uploads\/2013\/05\/4-d\u00e9couvrir.v2.jpg'><img loading=\"lazy\" decoding=\"async\" width=\"150\" height=\"150\" src=\"https:\/\/www.ayudart.org\/wp-content\/uploads\/2013\/05\/4-d\u00e9couvrir.v2-150x150.jpg\" class=\"attachment-thumbnail size-thumbnail\" alt=\"\" srcset=\"https:\/\/www.ayudart.org\/wp-content\/uploads\/2013\/05\/4-d\u00e9couvrir.v2-150x150.jpg 150w, https:\/\/www.ayudart.org\/wp-content\/uploads\/2013\/05\/4-d\u00e9couvrir.v2-100x100.jpg 100w\" sizes=\"auto, 100vw\" \/><\/a>\r\n\t\t\t<\/div><\/figure><figure class='gallery-item'>\r\n\t\t\t<div class='gallery-icon landscape'>\r\n\t\t\t\t<a href='https:\/\/www.ayudart.org\/wp-content\/uploads\/2013\/05\/5-connaitre-les-\u00e9quipes.v2.jpg'><img loading=\"lazy\" decoding=\"async\" width=\"150\" height=\"150\" src=\"https:\/\/www.ayudart.org\/wp-content\/uploads\/2013\/05\/5-connaitre-les-\u00e9quipes.v2-150x150.jpg\" class=\"attachment-thumbnail size-thumbnail\" alt=\"\" srcset=\"https:\/\/www.ayudart.org\/wp-content\/uploads\/2013\/05\/5-connaitre-les-\u00e9quipes.v2-150x150.jpg 150w, https:\/\/www.ayudart.org\/wp-content\/uploads\/2013\/05\/5-connaitre-les-\u00e9quipes.v2-100x100.jpg 100w\" sizes=\"auto, 100vw\" \/><\/a>\r\n\t\t\t<\/div><\/figure><figure class='gallery-item'>\r\n\t\t\t<div class='gallery-icon portrait'>\r\n\t\t\t\t<a href='https:\/\/www.ayudart.org\/wp-content\/uploads\/2013\/05\/6-et-le-cheptel...v2.jpg'><img loading=\"lazy\" decoding=\"async\" width=\"150\" height=\"150\" src=\"https:\/\/www.ayudart.org\/wp-content\/uploads\/2013\/05\/6-et-le-cheptel...v2-150x150.jpg\" class=\"attachment-thumbnail size-thumbnail\" alt=\"\" srcset=\"https:\/\/www.ayudart.org\/wp-content\/uploads\/2013\/05\/6-et-le-cheptel...v2-150x150.jpg 150w, https:\/\/www.ayudart.org\/wp-content\/uploads\/2013\/05\/6-et-le-cheptel...v2-100x100.jpg 100w\" sizes=\"auto, 100vw\" \/><\/a>\r\n\t\t\t<\/div><\/figure><figure class='gallery-item'>\r\n\t\t\t<div class='gallery-icon portrait'>\r\n\t\t\t\t<a href='https:\/\/www.ayudart.org\/wp-content\/uploads\/2013\/05\/6-1.v2.jpg'><img loading=\"lazy\" decoding=\"async\" width=\"150\" height=\"150\" src=\"https:\/\/www.ayudart.org\/wp-content\/uploads\/2013\/05\/6-1.v2-150x150.jpg\" class=\"attachment-thumbnail size-thumbnail\" alt=\"S&#039;\u00e9merveiller,\" srcset=\"https:\/\/www.ayudart.org\/wp-content\/uploads\/2013\/05\/6-1.v2-150x150.jpg 150w, https:\/\/www.ayudart.org\/wp-content\/uploads\/2013\/05\/6-1.v2-100x100.jpg 100w\" sizes=\"auto, 100vw\" \/><\/a>\r\n\t\t\t<\/div><\/figure><figure class='gallery-item'>\r\n\t\t\t<div class='gallery-icon landscape'>\r\n\t\t\t\t<a href='https:\/\/www.ayudart.org\/wp-content\/uploads\/2013\/05\/7-rencontrer-un-personnage-singulier...v2.jpg'><img loading=\"lazy\" decoding=\"async\" width=\"150\" height=\"150\" src=\"https:\/\/www.ayudart.org\/wp-content\/uploads\/2013\/05\/7-rencontrer-un-personnage-singulier...v2-150x150.jpg\" class=\"attachment-thumbnail size-thumbnail\" alt=\"\" srcset=\"https:\/\/www.ayudart.org\/wp-content\/uploads\/2013\/05\/7-rencontrer-un-personnage-singulier...v2-150x150.jpg 150w, https:\/\/www.ayudart.org\/wp-content\/uploads\/2013\/05\/7-rencontrer-un-personnage-singulier...v2-100x100.jpg 100w\" sizes=\"auto, 100vw\" \/><\/a>\r\n\t\t\t<\/div><\/figure><figure class='gallery-item'>\r\n\t\t\t<div class='gallery-icon landscape'>\r\n\t\t\t\t<a href='https:\/\/www.ayudart.org\/wp-content\/uploads\/2013\/05\/8-se-dire-que-le-lien-existe-bel-et-bien.v2.jpg'><img loading=\"lazy\" decoding=\"async\" width=\"150\" height=\"150\" src=\"https:\/\/www.ayudart.org\/wp-content\/uploads\/2013\/05\/8-se-dire-que-le-lien-existe-bel-et-bien.v2-150x150.jpg\" class=\"attachment-thumbnail size-thumbnail\" alt=\"\" srcset=\"https:\/\/www.ayudart.org\/wp-content\/uploads\/2013\/05\/8-se-dire-que-le-lien-existe-bel-et-bien.v2-150x150.jpg 150w, https:\/\/www.ayudart.org\/wp-content\/uploads\/2013\/05\/8-se-dire-que-le-lien-existe-bel-et-bien.v2-100x100.jpg 100w\" sizes=\"auto, 100vw\" \/><\/a>\r\n\t\t\t<\/div><\/figure><figure class='gallery-item'>\r\n\t\t\t<div class='gallery-icon landscape'>\r\n\t\t\t\t<a href='https:\/\/www.ayudart.org\/wp-content\/uploads\/2013\/05\/9-mettre-des-noms-et-des-visages-derri\u00e8re-lartisanat-de-lassociation.-2.v2.jpg'><img loading=\"lazy\" decoding=\"async\" width=\"150\" height=\"150\" src=\"https:\/\/www.ayudart.org\/wp-content\/uploads\/2013\/05\/9-mettre-des-noms-et-des-visages-derri\u00e8re-lartisanat-de-lassociation.-2.v2-150x150.jpg\" class=\"attachment-thumbnail size-thumbnail\" alt=\"\" srcset=\"https:\/\/www.ayudart.org\/wp-content\/uploads\/2013\/05\/9-mettre-des-noms-et-des-visages-derri\u00e8re-lartisanat-de-lassociation.-2.v2-150x150.jpg 150w, https:\/\/www.ayudart.org\/wp-content\/uploads\/2013\/05\/9-mettre-des-noms-et-des-visages-derri\u00e8re-lartisanat-de-lassociation.-2.v2-100x100.jpg 100w\" sizes=\"auto, 100vw\" \/><\/a>\r\n\t\t\t<\/div><\/figure><figure class='gallery-item'>\r\n\t\t\t<div class='gallery-icon landscape'>\r\n\t\t\t\t<a href='https:\/\/www.ayudart.org\/wp-content\/uploads\/2013\/05\/10-participer-aux-achats-prendre-soin-de-lartisanat..v2.jpg'><img loading=\"lazy\" decoding=\"async\" width=\"150\" height=\"150\" src=\"https:\/\/www.ayudart.org\/wp-content\/uploads\/2013\/05\/10-participer-aux-achats-prendre-soin-de-lartisanat..v2-150x150.jpg\" class=\"attachment-thumbnail size-thumbnail\" alt=\"\" srcset=\"https:\/\/www.ayudart.org\/wp-content\/uploads\/2013\/05\/10-participer-aux-achats-prendre-soin-de-lartisanat..v2-150x150.jpg 150w, https:\/\/www.ayudart.org\/wp-content\/uploads\/2013\/05\/10-participer-aux-achats-prendre-soin-de-lartisanat..v2-100x100.jpg 100w\" sizes=\"auto, 100vw\" \/><\/a>\r\n\t\t\t<\/div><\/figure><figure class='gallery-item'>\r\n\t\t\t<div class='gallery-icon landscape'>\r\n\t\t\t\t<a href='https:\/\/www.ayudart.org\/wp-content\/uploads\/2013\/05\/11-Laisser-une-empreinte-fructueuse-2.v2.jpg'><img loading=\"lazy\" decoding=\"async\" width=\"150\" height=\"150\" src=\"https:\/\/www.ayudart.org\/wp-content\/uploads\/2013\/05\/11-Laisser-une-empreinte-fructueuse-2.v2-150x150.jpg\" class=\"attachment-thumbnail size-thumbnail\" alt=\"\" srcset=\"https:\/\/www.ayudart.org\/wp-content\/uploads\/2013\/05\/11-Laisser-une-empreinte-fructueuse-2.v2-150x150.jpg 150w, https:\/\/www.ayudart.org\/wp-content\/uploads\/2013\/05\/11-Laisser-une-empreinte-fructueuse-2.v2-100x100.jpg 100w\" sizes=\"auto, 100vw\" \/><\/a>\r\n\t\t\t<\/div><\/figure><figure class='gallery-item'>\r\n\t\t\t<div class='gallery-icon landscape'>\r\n\t\t\t\t<a href='https:\/\/www.ayudart.org\/wp-content\/uploads\/2013\/01\/Page-quitter.jpg'><img loading=\"lazy\" decoding=\"async\" width=\"150\" height=\"150\" src=\"https:\/\/www.ayudart.org\/wp-content\/uploads\/2013\/01\/Page-quitter-150x150.jpg\" class=\"attachment-thumbnail size-thumbnail\" alt=\"\" srcset=\"https:\/\/www.ayudart.org\/wp-content\/uploads\/2013\/01\/Page-quitter-150x150.jpg 150w, https:\/\/www.ayudart.org\/wp-content\/uploads\/2013\/01\/Page-quitter-100x100.jpg 100w\" sizes=\"auto, 100vw\" \/><\/a>\r\n\t\t\t<\/div><\/figure><\/div>\n\n<\/div>\n<\/td>\n<\/tr>\n<tr>\n<td><a name=\"ameliedhautefeuille\"><\/a><\/p>\n<p style=\"text-align: center;\"><a href=\"https:\/\/www.ayudart.org\/wp-content\/uploads\/2013\/05\/1-Partir-six-mois-\u00e0-CIMA-dans-un-cursus-\u00e9cole-de-commerce.v2.jpg\"><img loading=\"lazy\" decoding=\"async\" class=\"aligncenter wp-image-2131 size-thumbnail\" src=\"https:\/\/www.ayudart.org\/wp-content\/uploads\/2013\/05\/1-Partir-six-mois-\u00e0-CIMA-dans-un-cursus-\u00e9cole-de-commerce.v2-150x150.jpg\" alt=\"Leave six months to CIMA in the business school program, live the everyday life of the children in the center, become integrated, become bilingual, participate in current projects (mural painting), gain maturity and self-confidence, laugh, dare. Give English classes, help to do homework, put in place pictures concourse and elections to choose the best pictures! Be in charge of a theater workshop, from the costumes to the stage but also the learning of the texts. Back in France, give my time and give a lift to the charity stand\" width=\"150\" height=\"150\" srcset=\"https:\/\/www.ayudart.org\/wp-content\/uploads\/2013\/05\/1-Partir-six-mois-\u00e0-CIMA-dans-un-cursus-\u00e9cole-de-commerce.v2-150x150.jpg 150w, https:\/\/www.ayudart.org\/wp-content\/uploads\/2013\/05\/1-Partir-six-mois-\u00e0-CIMA-dans-un-cursus-\u00e9cole-de-commerce.v2-100x100.jpg 100w\" sizes=\"auto, (max-width: 150px) 100vw, 150px\" \/><\/a>Am\u00e9lie d&#8217;Hautefeuille<\/p>\n<div class=\"fancybox-hidden\">\n<div id='gallery-6' class='gallery galleryid-1503 gallery-columns-3 gallery-size-thumbnail'><figure class='gallery-item'>\r\n\t\t\t<div class='gallery-icon landscape'>\r\n\t\t\t\t<a href='https:\/\/www.ayudart.org\/wp-content\/uploads\/2013\/05\/2-vivre-le-quotidien-des-enfants-du-centre-sint\u00e9grer-devenir-bilingue-participer-aux-projets-en-cours-fresque-murale.v2.jpg'><img loading=\"lazy\" decoding=\"async\" width=\"150\" height=\"150\" src=\"https:\/\/www.ayudart.org\/wp-content\/uploads\/2013\/05\/2-vivre-le-quotidien-des-enfants-du-centre-sint\u00e9grer-devenir-bilingue-participer-aux-projets-en-cours-fresque-murale.v2-150x150.jpg\" class=\"attachment-thumbnail size-thumbnail\" alt=\"\" srcset=\"https:\/\/www.ayudart.org\/wp-content\/uploads\/2013\/05\/2-vivre-le-quotidien-des-enfants-du-centre-sint\u00e9grer-devenir-bilingue-participer-aux-projets-en-cours-fresque-murale.v2-150x150.jpg 150w, https:\/\/www.ayudart.org\/wp-content\/uploads\/2013\/05\/2-vivre-le-quotidien-des-enfants-du-centre-sint\u00e9grer-devenir-bilingue-participer-aux-projets-en-cours-fresque-murale.v2-100x100.jpg 100w\" sizes=\"auto, 100vw\" \/><\/a>\r\n\t\t\t<\/div><\/figure><figure class='gallery-item'>\r\n\t\t\t<div class='gallery-icon landscape'>\r\n\t\t\t\t<a href='https:\/\/www.ayudart.org\/wp-content\/uploads\/2013\/05\/3-gagner-en-maturit\u00e9-en-confiance-en-soi-rire-oser.v2.jpg'><img loading=\"lazy\" decoding=\"async\" width=\"150\" height=\"150\" src=\"https:\/\/www.ayudart.org\/wp-content\/uploads\/2013\/05\/3-gagner-en-maturit\u00e9-en-confiance-en-soi-rire-oser.v2-150x150.jpg\" class=\"attachment-thumbnail size-thumbnail\" alt=\"\" srcset=\"https:\/\/www.ayudart.org\/wp-content\/uploads\/2013\/05\/3-gagner-en-maturit\u00e9-en-confiance-en-soi-rire-oser.v2-150x150.jpg 150w, https:\/\/www.ayudart.org\/wp-content\/uploads\/2013\/05\/3-gagner-en-maturit\u00e9-en-confiance-en-soi-rire-oser.v2-100x100.jpg 100w\" sizes=\"auto, 100vw\" \/><\/a>\r\n\t\t\t<\/div><\/figure><figure class='gallery-item'>\r\n\t\t\t<div class='gallery-icon landscape'>\r\n\t\t\t\t<a href='https:\/\/www.ayudart.org\/wp-content\/uploads\/2013\/05\/AMELIE.v2.jpg'><img loading=\"lazy\" decoding=\"async\" width=\"150\" height=\"150\" src=\"https:\/\/www.ayudart.org\/wp-content\/uploads\/2013\/05\/AMELIE.v2-150x150.jpg\" class=\"attachment-thumbnail size-thumbnail\" alt=\"Rire, oser.\" srcset=\"https:\/\/www.ayudart.org\/wp-content\/uploads\/2013\/05\/AMELIE.v2-150x150.jpg 150w, https:\/\/www.ayudart.org\/wp-content\/uploads\/2013\/05\/AMELIE.v2-100x100.jpg 100w\" sizes=\"auto, 100vw\" \/><\/a>\r\n\t\t\t<\/div><\/figure><figure class='gallery-item'>\r\n\t\t\t<div class='gallery-icon landscape'>\r\n\t\t\t\t<a href='https:\/\/www.ayudart.org\/wp-content\/uploads\/2013\/05\/1-Donner-des-cours-danglais-.v2.jpg'><img loading=\"lazy\" decoding=\"async\" width=\"150\" height=\"150\" src=\"https:\/\/www.ayudart.org\/wp-content\/uploads\/2013\/05\/1-Donner-des-cours-danglais-.v2-150x150.jpg\" class=\"attachment-thumbnail size-thumbnail\" alt=\"\" srcset=\"https:\/\/www.ayudart.org\/wp-content\/uploads\/2013\/05\/1-Donner-des-cours-danglais-.v2-150x150.jpg 150w, https:\/\/www.ayudart.org\/wp-content\/uploads\/2013\/05\/1-Donner-des-cours-danglais-.v2-100x100.jpg 100w\" sizes=\"auto, 100vw\" \/><\/a>\r\n\t\t\t<\/div><\/figure><figure class='gallery-item'>\r\n\t\t\t<div class='gallery-icon portrait'>\r\n\t\t\t\t<a href='https:\/\/www.ayudart.org\/wp-content\/uploads\/2013\/05\/2-aider-\u00e0-faire-ses-devoirs-.v2.jpg'><img loading=\"lazy\" decoding=\"async\" width=\"150\" height=\"150\" src=\"https:\/\/www.ayudart.org\/wp-content\/uploads\/2013\/05\/2-aider-\u00e0-faire-ses-devoirs-.v2-150x150.jpg\" class=\"attachment-thumbnail size-thumbnail\" alt=\"\" srcset=\"https:\/\/www.ayudart.org\/wp-content\/uploads\/2013\/05\/2-aider-\u00e0-faire-ses-devoirs-.v2-150x150.jpg 150w, https:\/\/www.ayudart.org\/wp-content\/uploads\/2013\/05\/2-aider-\u00e0-faire-ses-devoirs-.v2-100x100.jpg 100w\" sizes=\"auto, 100vw\" \/><\/a>\r\n\t\t\t<\/div><\/figure><figure class='gallery-item'>\r\n\t\t\t<div class='gallery-icon landscape'>\r\n\t\t\t\t<a href='https:\/\/www.ayudart.org\/wp-content\/uploads\/2013\/05\/3-mettre-en-place-un-concours-de-photgraphies-.v2.jpg'><img loading=\"lazy\" decoding=\"async\" width=\"150\" height=\"150\" src=\"https:\/\/www.ayudart.org\/wp-content\/uploads\/2013\/05\/3-mettre-en-place-un-concours-de-photgraphies-.v2-150x150.jpg\" class=\"attachment-thumbnail size-thumbnail\" alt=\"\" srcset=\"https:\/\/www.ayudart.org\/wp-content\/uploads\/2013\/05\/3-mettre-en-place-un-concours-de-photgraphies-.v2-150x150.jpg 150w, https:\/\/www.ayudart.org\/wp-content\/uploads\/2013\/05\/3-mettre-en-place-un-concours-de-photgraphies-.v2-100x100.jpg 100w\" sizes=\"auto, 100vw\" \/><\/a>\r\n\t\t\t<\/div><\/figure><figure class='gallery-item'>\r\n\t\t\t<div class='gallery-icon landscape'>\r\n\t\t\t\t<a href='https:\/\/www.ayudart.org\/wp-content\/uploads\/2013\/05\/4-et-des-elections-pour-choisir-la-photo-qui-plait-le-plus.jpg'><img loading=\"lazy\" decoding=\"async\" width=\"150\" height=\"150\" src=\"https:\/\/www.ayudart.org\/wp-content\/uploads\/2013\/05\/4-et-des-elections-pour-choisir-la-photo-qui-plait-le-plus-150x150.jpg\" class=\"attachment-thumbnail size-thumbnail\" alt=\"\" srcset=\"https:\/\/www.ayudart.org\/wp-content\/uploads\/2013\/05\/4-et-des-elections-pour-choisir-la-photo-qui-plait-le-plus-150x150.jpg 150w, https:\/\/www.ayudart.org\/wp-content\/uploads\/2013\/05\/4-et-des-elections-pour-choisir-la-photo-qui-plait-le-plus-100x100.jpg 100w\" sizes=\"auto, 100vw\" \/><\/a>\r\n\t\t\t<\/div><\/figure><figure class='gallery-item'>\r\n\t\t\t<div class='gallery-icon landscape'>\r\n\t\t\t\t<a href='https:\/\/www.ayudart.org\/wp-content\/uploads\/2013\/05\/5-Encadrer-un-atelier-th\u00e9\u00e2tre.-des-costumes-\u00e0-la-mise-en-sc\u00e8ne-jusqu\u00e0-lapprentissage-des-textes..v2.jpg'><img loading=\"lazy\" decoding=\"async\" width=\"150\" height=\"150\" src=\"https:\/\/www.ayudart.org\/wp-content\/uploads\/2013\/05\/5-Encadrer-un-atelier-th\u00e9\u00e2tre.-des-costumes-\u00e0-la-mise-en-sc\u00e8ne-jusqu\u00e0-lapprentissage-des-textes..v2-150x150.jpg\" class=\"attachment-thumbnail size-thumbnail\" alt=\"\" srcset=\"https:\/\/www.ayudart.org\/wp-content\/uploads\/2013\/05\/5-Encadrer-un-atelier-th\u00e9\u00e2tre.-des-costumes-\u00e0-la-mise-en-sc\u00e8ne-jusqu\u00e0-lapprentissage-des-textes..v2-150x150.jpg 150w, https:\/\/www.ayudart.org\/wp-content\/uploads\/2013\/05\/5-Encadrer-un-atelier-th\u00e9\u00e2tre.-des-costumes-\u00e0-la-mise-en-sc\u00e8ne-jusqu\u00e0-lapprentissage-des-textes..v2-100x100.jpg 100w\" sizes=\"auto, 100vw\" \/><\/a>\r\n\t\t\t<\/div><\/figure><figure class='gallery-item'>\r\n\t\t\t<div class='gallery-icon portrait'>\r\n\t\t\t\t<a href='https:\/\/www.ayudart.org\/wp-content\/uploads\/2013\/05\/6-et-le-menner-\u00e0-son-terme.v2.jpg'><img loading=\"lazy\" decoding=\"async\" width=\"150\" height=\"150\" src=\"https:\/\/www.ayudart.org\/wp-content\/uploads\/2013\/05\/6-et-le-menner-\u00e0-son-terme.v2-150x150.jpg\" class=\"attachment-thumbnail size-thumbnail\" alt=\"\" srcset=\"https:\/\/www.ayudart.org\/wp-content\/uploads\/2013\/05\/6-et-le-menner-\u00e0-son-terme.v2-150x150.jpg 150w, https:\/\/www.ayudart.org\/wp-content\/uploads\/2013\/05\/6-et-le-menner-\u00e0-son-terme.v2-100x100.jpg 100w\" sizes=\"auto, 100vw\" \/><\/a>\r\n\t\t\t<\/div><\/figure><figure class='gallery-item'>\r\n\t\t\t<div class='gallery-icon landscape'>\r\n\t\t\t\t<a href='https:\/\/www.ayudart.org\/wp-content\/uploads\/2013\/05\/4-et-de-retour-en-France-offrir-de-son-temps-.v2.jpg'><img loading=\"lazy\" decoding=\"async\" width=\"150\" height=\"150\" src=\"https:\/\/www.ayudart.org\/wp-content\/uploads\/2013\/05\/4-et-de-retour-en-France-offrir-de-son-temps-.v2-150x150.jpg\" class=\"attachment-thumbnail size-thumbnail\" alt=\"\" srcset=\"https:\/\/www.ayudart.org\/wp-content\/uploads\/2013\/05\/4-et-de-retour-en-France-offrir-de-son-temps-.v2-150x150.jpg 150w, https:\/\/www.ayudart.org\/wp-content\/uploads\/2013\/05\/4-et-de-retour-en-France-offrir-de-son-temps-.v2-100x100.jpg 100w\" sizes=\"auto, 100vw\" \/><\/a>\r\n\t\t\t<\/div><\/figure><figure class='gallery-item'>\r\n\t\t\t<div class='gallery-icon portrait'>\r\n\t\t\t\t<a href='https:\/\/www.ayudart.org\/wp-content\/uploads\/2013\/05\/5-et-dynamiser-le-stand-de-lassociation.v2.jpg'><img loading=\"lazy\" decoding=\"async\" width=\"150\" height=\"150\" src=\"https:\/\/www.ayudart.org\/wp-content\/uploads\/2013\/05\/5-et-dynamiser-le-stand-de-lassociation.v2-150x150.jpg\" class=\"attachment-thumbnail size-thumbnail\" alt=\"\" srcset=\"https:\/\/www.ayudart.org\/wp-content\/uploads\/2013\/05\/5-et-dynamiser-le-stand-de-lassociation.v2-150x150.jpg 150w, https:\/\/www.ayudart.org\/wp-content\/uploads\/2013\/05\/5-et-dynamiser-le-stand-de-lassociation.v2-100x100.jpg 100w\" sizes=\"auto, 100vw\" \/><\/a>\r\n\t\t\t<\/div><\/figure><figure class='gallery-item'>\r\n\t\t\t<div class='gallery-icon landscape'>\r\n\t\t\t\t<a href='https:\/\/www.ayudart.org\/wp-content\/uploads\/2013\/01\/Page-quitter.jpg'><img loading=\"lazy\" decoding=\"async\" width=\"150\" height=\"150\" src=\"https:\/\/www.ayudart.org\/wp-content\/uploads\/2013\/01\/Page-quitter-150x150.jpg\" class=\"attachment-thumbnail size-thumbnail\" alt=\"\" srcset=\"https:\/\/www.ayudart.org\/wp-content\/uploads\/2013\/01\/Page-quitter-150x150.jpg 150w, https:\/\/www.ayudart.org\/wp-content\/uploads\/2013\/01\/Page-quitter-100x100.jpg 100w\" sizes=\"auto, 100vw\" \/><\/a>\r\n\t\t\t<\/div><\/figure><\/div>\n\n<\/div>\n<\/td>\n<td><a name=\"mathilde\"><\/a><\/p>\n<p style=\"text-align: center;\"><a href=\"https:\/\/www.ayudart.org\/wp-content\/uploads\/2013\/05\/1-Partir-3-mois-\u00e0-CIMA-d\u00e9couvrir-le-P\u00e9rou-avec-des-p\u00e9ruviens.v2.jpg\"><img loading=\"lazy\" decoding=\"async\" class=\"aligncenter wp-image-2177 size-thumbnail\" src=\"https:\/\/www.ayudart.org\/wp-content\/uploads\/2013\/05\/1-Partir-3-mois-\u00e0-CIMA-d\u00e9couvrir-le-P\u00e9rou-avec-des-p\u00e9ruviens.v2-150x150.jpg\" alt=\"Travel 3 months to CIMA\" width=\"150\" height=\"150\" srcset=\"https:\/\/www.ayudart.org\/wp-content\/uploads\/2013\/05\/1-Partir-3-mois-\u00e0-CIMA-d\u00e9couvrir-le-P\u00e9rou-avec-des-p\u00e9ruviens.v2-150x150.jpg 150w, https:\/\/www.ayudart.org\/wp-content\/uploads\/2013\/05\/1-Partir-3-mois-\u00e0-CIMA-d\u00e9couvrir-le-P\u00e9rou-avec-des-p\u00e9ruviens.v2-100x100.jpg 100w\" sizes=\"auto, (max-width: 150px) 100vw, 150px\" \/><\/a>Mathilde<\/p>\n<div class=\"fancybox-hidden\">\n<div id='gallery-7' class='gallery galleryid-1503 gallery-columns-3 gallery-size-thumbnail'><figure class='gallery-item'>\r\n\t\t\t<div class='gallery-icon portrait'>\r\n\t\t\t\t<a href='https:\/\/www.ayudart.org\/wp-content\/uploads\/2013\/05\/2-.v2.jpg'><img loading=\"lazy\" decoding=\"async\" width=\"150\" height=\"150\" src=\"https:\/\/www.ayudart.org\/wp-content\/uploads\/2013\/05\/2-.v2-150x150.jpg\" class=\"attachment-thumbnail size-thumbnail\" alt=\"rencontrer &quot;Don Mario&quot;, le directeur de CIMA,\" srcset=\"https:\/\/www.ayudart.org\/wp-content\/uploads\/2013\/05\/2-.v2-150x150.jpg 150w, https:\/\/www.ayudart.org\/wp-content\/uploads\/2013\/05\/2-.v2-100x100.jpg 100w\" sizes=\"auto, 100vw\" \/><\/a>\r\n\t\t\t<\/div><\/figure><figure class='gallery-item'>\r\n\t\t\t<div class='gallery-icon landscape'>\r\n\t\t\t\t<a href='https:\/\/www.ayudart.org\/wp-content\/uploads\/2013\/05\/2-1.v2.jpg'><img loading=\"lazy\" decoding=\"async\" width=\"150\" height=\"150\" src=\"https:\/\/www.ayudart.org\/wp-content\/uploads\/2013\/05\/2-1.v2-150x150.jpg\" class=\"attachment-thumbnail size-thumbnail\" alt=\"vivre le quotidien des enfants du centre,\" srcset=\"https:\/\/www.ayudart.org\/wp-content\/uploads\/2013\/05\/2-1.v2-150x150.jpg 150w, https:\/\/www.ayudart.org\/wp-content\/uploads\/2013\/05\/2-1.v2-100x100.jpg 100w\" sizes=\"auto, 100vw\" \/><\/a>\r\n\t\t\t<\/div><\/figure><figure class='gallery-item'>\r\n\t\t\t<div class='gallery-icon landscape'>\r\n\t\t\t\t<a href='https:\/\/www.ayudart.org\/wp-content\/uploads\/2013\/05\/accompagner-les-enfants-en-sortie-.v2.jpg'><img loading=\"lazy\" decoding=\"async\" width=\"150\" height=\"150\" src=\"https:\/\/www.ayudart.org\/wp-content\/uploads\/2013\/05\/accompagner-les-enfants-en-sortie-.v2-150x150.jpg\" class=\"attachment-thumbnail size-thumbnail\" alt=\"\" srcset=\"https:\/\/www.ayudart.org\/wp-content\/uploads\/2013\/05\/accompagner-les-enfants-en-sortie-.v2-150x150.jpg 150w, https:\/\/www.ayudart.org\/wp-content\/uploads\/2013\/05\/accompagner-les-enfants-en-sortie-.v2-100x100.jpg 100w\" sizes=\"auto, 100vw\" \/><\/a>\r\n\t\t\t<\/div><\/figure><figure class='gallery-item'>\r\n\t\t\t<div class='gallery-icon portrait'>\r\n\t\t\t\t<a href='https:\/\/www.ayudart.org\/wp-content\/uploads\/2013\/05\/d\u00e9couvrir-les-producteurs-dAyudArt.v2.jpg'><img loading=\"lazy\" decoding=\"async\" width=\"150\" height=\"150\" src=\"https:\/\/www.ayudart.org\/wp-content\/uploads\/2013\/05\/d\u00e9couvrir-les-producteurs-dAyudArt.v2-150x150.jpg\" class=\"attachment-thumbnail size-thumbnail\" alt=\"\" srcset=\"https:\/\/www.ayudart.org\/wp-content\/uploads\/2013\/05\/d\u00e9couvrir-les-producteurs-dAyudArt.v2-150x150.jpg 150w, https:\/\/www.ayudart.org\/wp-content\/uploads\/2013\/05\/d\u00e9couvrir-les-producteurs-dAyudArt.v2-100x100.jpg 100w\" sizes=\"auto, 100vw\" \/><\/a>\r\n\t\t\t<\/div><\/figure><figure class='gallery-item'>\r\n\t\t\t<div class='gallery-icon landscape'>\r\n\t\t\t\t<a href='https:\/\/www.ayudart.org\/wp-content\/uploads\/2013\/05\/rencontrer-dautres-volontaires-.v2.jpg'><img loading=\"lazy\" decoding=\"async\" width=\"150\" height=\"150\" src=\"https:\/\/www.ayudart.org\/wp-content\/uploads\/2013\/05\/rencontrer-dautres-volontaires-.v2-150x150.jpg\" class=\"attachment-thumbnail size-thumbnail\" alt=\"\" srcset=\"https:\/\/www.ayudart.org\/wp-content\/uploads\/2013\/05\/rencontrer-dautres-volontaires-.v2-150x150.jpg 150w, https:\/\/www.ayudart.org\/wp-content\/uploads\/2013\/05\/rencontrer-dautres-volontaires-.v2-100x100.jpg 100w\" sizes=\"auto, 100vw\" \/><\/a>\r\n\t\t\t<\/div><\/figure><figure class='gallery-item'>\r\n\t\t\t<div class='gallery-icon landscape'>\r\n\t\t\t\t<a href='https:\/\/www.ayudart.org\/wp-content\/uploads\/2013\/05\/3-retrouver-son-amoureux-\u00e0-Lima-apr\u00e8s-tous-ces-mois-loin-faire-un-bout-de-voyage-andien-rentrer-en-France-.v2.jpg'><img loading=\"lazy\" decoding=\"async\" width=\"150\" height=\"150\" src=\"https:\/\/www.ayudart.org\/wp-content\/uploads\/2013\/05\/3-retrouver-son-amoureux-\u00e0-Lima-apr\u00e8s-tous-ces-mois-loin-faire-un-bout-de-voyage-andien-rentrer-en-France-.v2-150x150.jpg\" class=\"attachment-thumbnail size-thumbnail\" alt=\"\" srcset=\"https:\/\/www.ayudart.org\/wp-content\/uploads\/2013\/05\/3-retrouver-son-amoureux-\u00e0-Lima-apr\u00e8s-tous-ces-mois-loin-faire-un-bout-de-voyage-andien-rentrer-en-France-.v2-150x150.jpg 150w, https:\/\/www.ayudart.org\/wp-content\/uploads\/2013\/05\/3-retrouver-son-amoureux-\u00e0-Lima-apr\u00e8s-tous-ces-mois-loin-faire-un-bout-de-voyage-andien-rentrer-en-France-.v2-100x100.jpg 100w\" sizes=\"auto, 100vw\" \/><\/a>\r\n\t\t\t<\/div><\/figure><figure class='gallery-item'>\r\n\t\t\t<div class='gallery-icon portrait'>\r\n\t\t\t\t<a href='https:\/\/www.ayudart.org\/wp-content\/uploads\/2013\/05\/4.v2.jpg'><img loading=\"lazy\" decoding=\"async\" width=\"150\" height=\"150\" src=\"https:\/\/www.ayudart.org\/wp-content\/uploads\/2013\/05\/4.v2-150x150.jpg\" class=\"attachment-thumbnail size-thumbnail\" alt=\"donner la vie, continuer \u00e0 appuyer Ayud&#039;Art, participer aux r\u00e9unions, tenir un stand, cr\u00e9er une commission g\u00e9ographique, recevoir la visite des membres de Cima en visite en France.\" srcset=\"https:\/\/www.ayudart.org\/wp-content\/uploads\/2013\/05\/4.v2-150x150.jpg 150w, https:\/\/www.ayudart.org\/wp-content\/uploads\/2013\/05\/4.v2-100x100.jpg 100w\" sizes=\"auto, 100vw\" \/><\/a>\r\n\t\t\t<\/div><\/figure><figure class='gallery-item'>\r\n\t\t\t<div class='gallery-icon portrait'>\r\n\t\t\t\t<a href='https:\/\/www.ayudart.org\/wp-content\/uploads\/2013\/05\/5-mettre-de-la-vie-dans-la-vie-de-lassociation-et-\u00eatre-la-preuve-que-le-temps-peut-renforcer-plut\u00f4t-que-d\u00e9liter..v2.jpg'><img loading=\"lazy\" decoding=\"async\" width=\"150\" height=\"150\" src=\"https:\/\/www.ayudart.org\/wp-content\/uploads\/2013\/05\/5-mettre-de-la-vie-dans-la-vie-de-lassociation-et-\u00eatre-la-preuve-que-le-temps-peut-renforcer-plut\u00f4t-que-d\u00e9liter..v2-150x150.jpg\" class=\"attachment-thumbnail size-thumbnail\" alt=\"\" srcset=\"https:\/\/www.ayudart.org\/wp-content\/uploads\/2013\/05\/5-mettre-de-la-vie-dans-la-vie-de-lassociation-et-\u00eatre-la-preuve-que-le-temps-peut-renforcer-plut\u00f4t-que-d\u00e9liter..v2-150x150.jpg 150w, https:\/\/www.ayudart.org\/wp-content\/uploads\/2013\/05\/5-mettre-de-la-vie-dans-la-vie-de-lassociation-et-\u00eatre-la-preuve-que-le-temps-peut-renforcer-plut\u00f4t-que-d\u00e9liter..v2-100x100.jpg 100w\" sizes=\"auto, 100vw\" \/><\/a>\r\n\t\t\t<\/div><\/figure><figure class='gallery-item'>\r\n\t\t\t<div class='gallery-icon landscape'>\r\n\t\t\t\t<a href='https:\/\/www.ayudart.org\/wp-content\/uploads\/2013\/01\/Page-quitter.jpg'><img loading=\"lazy\" decoding=\"async\" width=\"150\" height=\"150\" src=\"https:\/\/www.ayudart.org\/wp-content\/uploads\/2013\/01\/Page-quitter-150x150.jpg\" class=\"attachment-thumbnail size-thumbnail\" alt=\"\" srcset=\"https:\/\/www.ayudart.org\/wp-content\/uploads\/2013\/01\/Page-quitter-150x150.jpg 150w, https:\/\/www.ayudart.org\/wp-content\/uploads\/2013\/01\/Page-quitter-100x100.jpg 100w\" sizes=\"auto, 100vw\" \/><\/a>\r\n\t\t\t<\/div><\/figure><\/div>\n\n<\/div>\n<\/td>\n<td><a name=\"claire\"><\/a><\/p>\n<p style=\"text-align: center;\"><a href=\"https:\/\/www.ayudart.org\/wp-content\/uploads\/2013\/05\/1-Quand-une-prof-despagnol-part-d\u00e9couvrir-la-langue-des-ado-p\u00e9ruviens-de-la-rue..v2.jpg\"><img loading=\"lazy\" decoding=\"async\" class=\"aligncenter wp-image-2171 size-thumbnail\" src=\"https:\/\/www.ayudart.org\/wp-content\/uploads\/2013\/05\/1-Quand-une-prof-despagnol-part-d\u00e9couvrir-la-langue-des-ado-p\u00e9ruviens-de-la-rue..v2-150x150.jpg\" alt=\"When a Spanish teacher travels to discover the language of Peruvian teenagers from the street \" width=\"150\" height=\"150\" srcset=\"https:\/\/www.ayudart.org\/wp-content\/uploads\/2013\/05\/1-Quand-une-prof-despagnol-part-d\u00e9couvrir-la-langue-des-ado-p\u00e9ruviens-de-la-rue..v2-150x150.jpg 150w, https:\/\/www.ayudart.org\/wp-content\/uploads\/2013\/05\/1-Quand-une-prof-despagnol-part-d\u00e9couvrir-la-langue-des-ado-p\u00e9ruviens-de-la-rue..v2-100x100.jpg 100w\" sizes=\"auto, (max-width: 150px) 100vw, 150px\" \/><\/a>Claire<\/p>\n<div class=\"fancybox-hidden\">\n<div id='gallery-8' class='gallery galleryid-1503 gallery-columns-3 gallery-size-thumbnail'><figure class='gallery-item'>\r\n\t\t\t<div class='gallery-icon landscape'>\r\n\t\t\t\t<a href='https:\/\/www.ayudart.org\/wp-content\/uploads\/2013\/05\/2-deux-mois-aux-c\u00f4t\u00e9s-des-enfants-de-CIMA-...-.v2.jpg'><img loading=\"lazy\" decoding=\"async\" width=\"150\" height=\"150\" src=\"https:\/\/www.ayudart.org\/wp-content\/uploads\/2013\/05\/2-deux-mois-aux-c\u00f4t\u00e9s-des-enfants-de-CIMA-...-.v2-150x150.jpg\" class=\"attachment-thumbnail size-thumbnail\" alt=\"\" srcset=\"https:\/\/www.ayudart.org\/wp-content\/uploads\/2013\/05\/2-deux-mois-aux-c\u00f4t\u00e9s-des-enfants-de-CIMA-...-.v2-150x150.jpg 150w, https:\/\/www.ayudart.org\/wp-content\/uploads\/2013\/05\/2-deux-mois-aux-c\u00f4t\u00e9s-des-enfants-de-CIMA-...-.v2-100x100.jpg 100w\" sizes=\"auto, 100vw\" \/><\/a>\r\n\t\t\t<\/div><\/figure><figure class='gallery-item'>\r\n\t\t\t<div class='gallery-icon landscape'>\r\n\t\t\t\t<a href='https:\/\/www.ayudart.org\/wp-content\/uploads\/2013\/05\/3-partager-leurs-quotidiens.v2.jpg'><img loading=\"lazy\" decoding=\"async\" width=\"150\" height=\"150\" src=\"https:\/\/www.ayudart.org\/wp-content\/uploads\/2013\/05\/3-partager-leurs-quotidiens.v2-150x150.jpg\" class=\"attachment-thumbnail size-thumbnail\" alt=\"\" srcset=\"https:\/\/www.ayudart.org\/wp-content\/uploads\/2013\/05\/3-partager-leurs-quotidiens.v2-150x150.jpg 150w, https:\/\/www.ayudart.org\/wp-content\/uploads\/2013\/05\/3-partager-leurs-quotidiens.v2-100x100.jpg 100w\" sizes=\"auto, 100vw\" \/><\/a>\r\n\t\t\t<\/div><\/figure><figure class='gallery-item'>\r\n\t\t\t<div class='gallery-icon landscape'>\r\n\t\t\t\t<a href='https:\/\/www.ayudart.org\/wp-content\/uploads\/2013\/05\/4-leurs-r\u00e9cits-et-mettre-de-leau-dans-sa-grammaire.v2.jpg'><img loading=\"lazy\" decoding=\"async\" width=\"150\" height=\"150\" src=\"https:\/\/www.ayudart.org\/wp-content\/uploads\/2013\/05\/4-leurs-r\u00e9cits-et-mettre-de-leau-dans-sa-grammaire.v2-150x150.jpg\" class=\"attachment-thumbnail size-thumbnail\" alt=\"\" srcset=\"https:\/\/www.ayudart.org\/wp-content\/uploads\/2013\/05\/4-leurs-r\u00e9cits-et-mettre-de-leau-dans-sa-grammaire.v2-150x150.jpg 150w, https:\/\/www.ayudart.org\/wp-content\/uploads\/2013\/05\/4-leurs-r\u00e9cits-et-mettre-de-leau-dans-sa-grammaire.v2-100x100.jpg 100w\" sizes=\"auto, 100vw\" \/><\/a>\r\n\t\t\t<\/div><\/figure><figure class='gallery-item'>\r\n\t\t\t<div class='gallery-icon landscape'>\r\n\t\t\t\t<a href='https:\/\/www.ayudart.org\/wp-content\/uploads\/2013\/05\/5.v2.jpg'><img loading=\"lazy\" decoding=\"async\" width=\"150\" height=\"150\" src=\"https:\/\/www.ayudart.org\/wp-content\/uploads\/2013\/05\/5.v2-150x150.jpg\" class=\"attachment-thumbnail size-thumbnail\" alt=\"De retour en France, ouvrir grand \u00e0 l&#039;association des salles de classe des lyc\u00e9es, pr\u00e9senter CIMA \u00e0 ses coll\u00e8gues, corriger les erreurs de traduction, tenir un stand, \u00eatre fid\u00e8le \u00e0 ses principes.\" srcset=\"https:\/\/www.ayudart.org\/wp-content\/uploads\/2013\/05\/5.v2-150x150.jpg 150w, https:\/\/www.ayudart.org\/wp-content\/uploads\/2013\/05\/5.v2-100x100.jpg 100w\" sizes=\"auto, 100vw\" \/><\/a>\r\n\t\t\t<\/div><\/figure><figure class='gallery-item'>\r\n\t\t\t<div class='gallery-icon landscape'>\r\n\t\t\t\t<a href='https:\/\/www.ayudart.org\/wp-content\/uploads\/2013\/01\/Page-quitter.jpg'><img loading=\"lazy\" decoding=\"async\" width=\"150\" height=\"150\" src=\"https:\/\/www.ayudart.org\/wp-content\/uploads\/2013\/01\/Page-quitter-150x150.jpg\" class=\"attachment-thumbnail size-thumbnail\" alt=\"\" srcset=\"https:\/\/www.ayudart.org\/wp-content\/uploads\/2013\/01\/Page-quitter-150x150.jpg 150w, https:\/\/www.ayudart.org\/wp-content\/uploads\/2013\/01\/Page-quitter-100x100.jpg 100w\" sizes=\"auto, 100vw\" \/><\/a>\r\n\t\t\t<\/div><\/figure><\/div>\n\n<\/div>\n<\/td>\n<\/tr>\n<tr>\n<td><a name=\"nico\"><\/a><\/p>\n<p style=\"text-align: center;\"><a href=\"https:\/\/www.ayudart.org\/wp-content\/uploads\/2013\/05\/1-De-retour-dun-volontariat-au-p\u00e9rou-en-1999.v3.jpg\"><img loading=\"lazy\" decoding=\"async\" class=\"aligncenter wp-image-2239 size-thumbnail\" src=\"https:\/\/www.ayudart.org\/wp-content\/uploads\/2013\/05\/1-De-retour-dun-volontariat-au-p\u00e9rou-en-1999.v3-150x150.jpg\" alt=\"Back from a voluntary service in 1999 with CIMA children or with tutors, .Nicolas cofounded Ayud\u2019Art in 2001. \" width=\"150\" height=\"150\" srcset=\"https:\/\/www.ayudart.org\/wp-content\/uploads\/2013\/05\/1-De-retour-dun-volontariat-au-p\u00e9rou-en-1999.v3-150x150.jpg 150w, https:\/\/www.ayudart.org\/wp-content\/uploads\/2013\/05\/1-De-retour-dun-volontariat-au-p\u00e9rou-en-1999.v3-100x100.jpg 100w\" sizes=\"auto, (max-width: 150px) 100vw, 150px\" \/><\/a>Nico<\/p>\n<div class=\"fancybox-hidden\">\n<div id='gallery-9' class='gallery galleryid-1503 gallery-columns-3 gallery-size-thumbnail'><figure class='gallery-item'>\r\n\t\t\t<div class='gallery-icon landscape'>\r\n\t\t\t\t<a href='https:\/\/www.ayudart.org\/wp-content\/uploads\/2013\/05\/2-aux-c\u00f4t\u00e9s-des-enfants-du-CIMA.v2.jpg'><img loading=\"lazy\" decoding=\"async\" width=\"150\" height=\"150\" src=\"https:\/\/www.ayudart.org\/wp-content\/uploads\/2013\/05\/2-aux-c\u00f4t\u00e9s-des-enfants-du-CIMA.v2-150x150.jpg\" class=\"attachment-thumbnail size-thumbnail\" alt=\"\" srcset=\"https:\/\/www.ayudart.org\/wp-content\/uploads\/2013\/05\/2-aux-c\u00f4t\u00e9s-des-enfants-du-CIMA.v2-150x150.jpg 150w, https:\/\/www.ayudart.org\/wp-content\/uploads\/2013\/05\/2-aux-c\u00f4t\u00e9s-des-enfants-du-CIMA.v2-100x100.jpg 100w\" sizes=\"auto, 100vw\" \/><\/a>\r\n\t\t\t<\/div><\/figure><figure class='gallery-item'>\r\n\t\t\t<div class='gallery-icon landscape'>\r\n\t\t\t\t<a href='https:\/\/www.ayudart.org\/wp-content\/uploads\/2013\/05\/3-ou-en-accompagnement-des-tuteurs.v2.jpg'><img loading=\"lazy\" decoding=\"async\" width=\"150\" height=\"150\" src=\"https:\/\/www.ayudart.org\/wp-content\/uploads\/2013\/05\/3-ou-en-accompagnement-des-tuteurs.v2-150x150.jpg\" class=\"attachment-thumbnail size-thumbnail\" alt=\"\" srcset=\"https:\/\/www.ayudart.org\/wp-content\/uploads\/2013\/05\/3-ou-en-accompagnement-des-tuteurs.v2-150x150.jpg 150w, https:\/\/www.ayudart.org\/wp-content\/uploads\/2013\/05\/3-ou-en-accompagnement-des-tuteurs.v2-100x100.jpg 100w\" sizes=\"auto, 100vw\" \/><\/a>\r\n\t\t\t<\/div><\/figure><figure class='gallery-item'>\r\n\t\t\t<div class='gallery-icon landscape'>\r\n\t\t\t\t<a href='https:\/\/www.ayudart.org\/wp-content\/uploads\/2013\/05\/4-Nicolas-a-co-fond\u00e9-AyudArt-en-2001..v2.jpg'><img loading=\"lazy\" decoding=\"async\" width=\"150\" height=\"150\" src=\"https:\/\/www.ayudart.org\/wp-content\/uploads\/2013\/05\/4-Nicolas-a-co-fond\u00e9-AyudArt-en-2001..v2-150x150.jpg\" class=\"attachment-thumbnail size-thumbnail\" alt=\"\" srcset=\"https:\/\/www.ayudart.org\/wp-content\/uploads\/2013\/05\/4-Nicolas-a-co-fond\u00e9-AyudArt-en-2001..v2-150x150.jpg 150w, https:\/\/www.ayudart.org\/wp-content\/uploads\/2013\/05\/4-Nicolas-a-co-fond\u00e9-AyudArt-en-2001..v2-100x100.jpg 100w\" sizes=\"auto, 100vw\" \/><\/a>\r\n\t\t\t<\/div><\/figure><figure class='gallery-item'>\r\n\t\t\t<div class='gallery-icon portrait'>\r\n\t\t\t\t<a href='https:\/\/www.ayudart.org\/wp-content\/uploads\/2013\/05\/5-depuis-lors-il-est-retourn\u00e9-chaque-deux-ans-au-P\u00e9rou.v2.jpg'><img loading=\"lazy\" decoding=\"async\" width=\"150\" height=\"150\" src=\"https:\/\/www.ayudart.org\/wp-content\/uploads\/2013\/05\/5-depuis-lors-il-est-retourn\u00e9-chaque-deux-ans-au-P\u00e9rou.v2-150x150.jpg\" class=\"attachment-thumbnail size-thumbnail\" alt=\"\" srcset=\"https:\/\/www.ayudart.org\/wp-content\/uploads\/2013\/05\/5-depuis-lors-il-est-retourn\u00e9-chaque-deux-ans-au-P\u00e9rou.v2-150x150.jpg 150w, https:\/\/www.ayudart.org\/wp-content\/uploads\/2013\/05\/5-depuis-lors-il-est-retourn\u00e9-chaque-deux-ans-au-P\u00e9rou.v2-100x100.jpg 100w\" sizes=\"auto, 100vw\" \/><\/a>\r\n\t\t\t<\/div><\/figure><figure class='gallery-item'>\r\n\t\t\t<div class='gallery-icon portrait'>\r\n\t\t\t\t<a href='https:\/\/www.ayudart.org\/wp-content\/uploads\/2013\/05\/6-vivre-despartages-am\u00e9rindiens.v2.jpg'><img loading=\"lazy\" decoding=\"async\" width=\"150\" height=\"150\" src=\"https:\/\/www.ayudart.org\/wp-content\/uploads\/2013\/05\/6-vivre-despartages-am\u00e9rindiens.v2-150x150.jpg\" class=\"attachment-thumbnail size-thumbnail\" alt=\"\" srcset=\"https:\/\/www.ayudart.org\/wp-content\/uploads\/2013\/05\/6-vivre-despartages-am\u00e9rindiens.v2-150x150.jpg 150w, https:\/\/www.ayudart.org\/wp-content\/uploads\/2013\/05\/6-vivre-despartages-am\u00e9rindiens.v2-100x100.jpg 100w\" sizes=\"auto, 100vw\" \/><\/a>\r\n\t\t\t<\/div><\/figure><figure class='gallery-item'>\r\n\t\t\t<div class='gallery-icon portrait'>\r\n\t\t\t\t<a href='https:\/\/www.ayudart.org\/wp-content\/uploads\/2013\/05\/7-De-retour-en-France-responsable-bonne-humeur-sur-les-stands..v2.jpg'><img loading=\"lazy\" decoding=\"async\" width=\"150\" height=\"150\" src=\"https:\/\/www.ayudart.org\/wp-content\/uploads\/2013\/05\/7-De-retour-en-France-responsable-bonne-humeur-sur-les-stands..v2-150x150.jpg\" class=\"attachment-thumbnail size-thumbnail\" alt=\"\" srcset=\"https:\/\/www.ayudart.org\/wp-content\/uploads\/2013\/05\/7-De-retour-en-France-responsable-bonne-humeur-sur-les-stands..v2-150x150.jpg 150w, https:\/\/www.ayudart.org\/wp-content\/uploads\/2013\/05\/7-De-retour-en-France-responsable-bonne-humeur-sur-les-stands..v2-100x100.jpg 100w\" sizes=\"auto, 100vw\" \/><\/a>\r\n\t\t\t<\/div><\/figure><figure class='gallery-item'>\r\n\t\t\t<div class='gallery-icon landscape'>\r\n\t\t\t\t<a href='https:\/\/www.ayudart.org\/wp-content\/uploads\/2013\/05\/8-et-de-laccueil-hors-du-commun-des-p\u00e9ruviens-du-Cima.v2.jpg'><img loading=\"lazy\" decoding=\"async\" width=\"150\" height=\"150\" src=\"https:\/\/www.ayudart.org\/wp-content\/uploads\/2013\/05\/8-et-de-laccueil-hors-du-commun-des-p\u00e9ruviens-du-Cima.v2-150x150.jpg\" class=\"attachment-thumbnail size-thumbnail\" alt=\"\" srcset=\"https:\/\/www.ayudart.org\/wp-content\/uploads\/2013\/05\/8-et-de-laccueil-hors-du-commun-des-p\u00e9ruviens-du-Cima.v2-150x150.jpg 150w, https:\/\/www.ayudart.org\/wp-content\/uploads\/2013\/05\/8-et-de-laccueil-hors-du-commun-des-p\u00e9ruviens-du-Cima.v2-100x100.jpg 100w\" sizes=\"auto, 100vw\" \/><\/a>\r\n\t\t\t<\/div><\/figure><figure class='gallery-item'>\r\n\t\t\t<div class='gallery-icon landscape'>\r\n\t\t\t\t<a href='https:\/\/www.ayudart.org\/wp-content\/uploads\/2013\/01\/Page-quitter.jpg'><img loading=\"lazy\" decoding=\"async\" width=\"150\" height=\"150\" src=\"https:\/\/www.ayudart.org\/wp-content\/uploads\/2013\/01\/Page-quitter-150x150.jpg\" class=\"attachment-thumbnail size-thumbnail\" alt=\"\" srcset=\"https:\/\/www.ayudart.org\/wp-content\/uploads\/2013\/01\/Page-quitter-150x150.jpg 150w, https:\/\/www.ayudart.org\/wp-content\/uploads\/2013\/01\/Page-quitter-100x100.jpg 100w\" sizes=\"auto, 100vw\" \/><\/a>\r\n\t\t\t<\/div><\/figure><\/div>\n\n<\/div>\n<\/td>\n<td><a name=\"arnaudlaurencedaniele\"><\/a><\/p>\n<p style=\"text-align: center;\"><a href=\"https:\/\/www.ayudart.org\/wp-content\/uploads\/2013\/05\/1-Quand-voyager-au-P\u00e9rou-peut-rimer.v2.jpg\"><img loading=\"lazy\" decoding=\"async\" class=\"aligncenter wp-image-2118 size-thumbnail\" src=\"https:\/\/www.ayudart.org\/wp-content\/uploads\/2013\/05\/1-Quand-voyager-au-P\u00e9rou-peut-rimer.v2-150x150.jpg\" alt=\"When traveling to Peru can be associated with the wish to discover the everyday life of CIMA children, and back in France, to talk about them. It enables to give ideas and get other people involved. In the continuity of their involvment Arnaud and Lauren took the co-responsability of Ayud\u2019Art\u2019s Paris commission. \" width=\"150\" height=\"150\" srcset=\"https:\/\/www.ayudart.org\/wp-content\/uploads\/2013\/05\/1-Quand-voyager-au-P\u00e9rou-peut-rimer.v2-150x150.jpg 150w, https:\/\/www.ayudart.org\/wp-content\/uploads\/2013\/05\/1-Quand-voyager-au-P\u00e9rou-peut-rimer.v2-100x100.jpg 100w\" sizes=\"auto, (max-width: 150px) 100vw, 150px\" \/><\/a>Arnaud, Laurence<br \/>\nand Daniele<\/p>\n<div class=\"fancybox-hidden\">\n<div id='gallery-10' class='gallery galleryid-1503 gallery-columns-3 gallery-size-thumbnail'><figure class='gallery-item'>\r\n\t\t\t<div class='gallery-icon portrait'>\r\n\t\t\t\t<a href='https:\/\/www.ayudart.org\/wp-content\/uploads\/2013\/05\/2-avec-lenvie-de-d\u00e9couvrir.v2.jpg'><img loading=\"lazy\" decoding=\"async\" width=\"150\" height=\"150\" src=\"https:\/\/www.ayudart.org\/wp-content\/uploads\/2013\/05\/2-avec-lenvie-de-d\u00e9couvrir.v2-150x150.jpg\" class=\"attachment-thumbnail size-thumbnail\" alt=\"\" srcset=\"https:\/\/www.ayudart.org\/wp-content\/uploads\/2013\/05\/2-avec-lenvie-de-d\u00e9couvrir.v2-150x150.jpg 150w, https:\/\/www.ayudart.org\/wp-content\/uploads\/2013\/05\/2-avec-lenvie-de-d\u00e9couvrir.v2-100x100.jpg 100w\" sizes=\"auto, 100vw\" \/><\/a>\r\n\t\t\t<\/div><\/figure><figure class='gallery-item'>\r\n\t\t\t<div class='gallery-icon landscape'>\r\n\t\t\t\t<a href='https:\/\/www.ayudart.org\/wp-content\/uploads\/2013\/05\/3-aussi-le-quotidien-des-enfants-du-Cima-puis-de-retour-en-France-den-parler-si-bien.v2.jpg'><img loading=\"lazy\" decoding=\"async\" width=\"150\" height=\"150\" src=\"https:\/\/www.ayudart.org\/wp-content\/uploads\/2013\/05\/3-aussi-le-quotidien-des-enfants-du-Cima-puis-de-retour-en-France-den-parler-si-bien.v2-150x150.jpg\" class=\"attachment-thumbnail size-thumbnail\" alt=\"\" srcset=\"https:\/\/www.ayudart.org\/wp-content\/uploads\/2013\/05\/3-aussi-le-quotidien-des-enfants-du-Cima-puis-de-retour-en-France-den-parler-si-bien.v2-150x150.jpg 150w, https:\/\/www.ayudart.org\/wp-content\/uploads\/2013\/05\/3-aussi-le-quotidien-des-enfants-du-Cima-puis-de-retour-en-France-den-parler-si-bien.v2-100x100.jpg 100w\" sizes=\"auto, 100vw\" \/><\/a>\r\n\t\t\t<\/div><\/figure><figure class='gallery-item'>\r\n\t\t\t<div class='gallery-icon landscape'>\r\n\t\t\t\t<a href='https:\/\/www.ayudart.org\/wp-content\/uploads\/2013\/05\/4-quils-ont-sucit\u00e9-de-nouveaux-volontariats-comme-celui-de-Daniele-.jpg'><img loading=\"lazy\" decoding=\"async\" width=\"150\" height=\"150\" src=\"https:\/\/www.ayudart.org\/wp-content\/uploads\/2013\/05\/4-quils-ont-sucit\u00e9-de-nouveaux-volontariats-comme-celui-de-Daniele--150x150.jpg\" class=\"attachment-thumbnail size-thumbnail\" alt=\"\" srcset=\"https:\/\/www.ayudart.org\/wp-content\/uploads\/2013\/05\/4-quils-ont-sucit\u00e9-de-nouveaux-volontariats-comme-celui-de-Daniele--150x150.jpg 150w, https:\/\/www.ayudart.org\/wp-content\/uploads\/2013\/05\/4-quils-ont-sucit\u00e9-de-nouveaux-volontariats-comme-celui-de-Daniele--100x100.jpg 100w\" sizes=\"auto, 100vw\" \/><\/a>\r\n\t\t\t<\/div><\/figure><figure class='gallery-item'>\r\n\t\t\t<div class='gallery-icon landscape'>\r\n\t\t\t\t<a href='https:\/\/www.ayudart.org\/wp-content\/uploads\/2013\/05\/arnaud-et-laurence.v2.jpg'><img loading=\"lazy\" decoding=\"async\" width=\"150\" height=\"150\" src=\"https:\/\/www.ayudart.org\/wp-content\/uploads\/2013\/05\/arnaud-et-laurence.v2-150x150.jpg\" class=\"attachment-thumbnail size-thumbnail\" alt=\"Dans la continuit\u00e9 de leur engagement Arnaud et Laurence ont pris la co-responsabilit\u00e9 de la commission Paris d&#039;Ayud&#039;Art.\" srcset=\"https:\/\/www.ayudart.org\/wp-content\/uploads\/2013\/05\/arnaud-et-laurence.v2-150x150.jpg 150w, https:\/\/www.ayudart.org\/wp-content\/uploads\/2013\/05\/arnaud-et-laurence.v2-100x100.jpg 100w\" sizes=\"auto, 100vw\" \/><\/a>\r\n\t\t\t<\/div><\/figure><figure class='gallery-item'>\r\n\t\t\t<div class='gallery-icon landscape'>\r\n\t\t\t\t<a href='https:\/\/www.ayudart.org\/wp-content\/uploads\/2013\/01\/Page-quitter.jpg'><img loading=\"lazy\" decoding=\"async\" width=\"150\" height=\"150\" src=\"https:\/\/www.ayudart.org\/wp-content\/uploads\/2013\/01\/Page-quitter-150x150.jpg\" class=\"attachment-thumbnail size-thumbnail\" alt=\"\" srcset=\"https:\/\/www.ayudart.org\/wp-content\/uploads\/2013\/01\/Page-quitter-150x150.jpg 150w, https:\/\/www.ayudart.org\/wp-content\/uploads\/2013\/01\/Page-quitter-100x100.jpg 100w\" sizes=\"auto, 100vw\" \/><\/a>\r\n\t\t\t<\/div><\/figure><\/div>\n\n<\/div>\n<\/td>\n<td><a name=\"danielannie\"><\/a><\/p>\n<p style=\"text-align: center;\"><a href=\"https:\/\/www.ayudart.org\/wp-content\/uploads\/2013\/05\/tandem.v2.jpg\"><img loading=\"lazy\" decoding=\"async\" class=\"aligncenter wp-image-2419 size-thumbnail\" src=\"https:\/\/www.ayudart.org\/wp-content\/uploads\/2013\/05\/tandem.v2-150x150.jpg\" alt=\"Daniel et Annie are two very sporty retired people who decided to travel around Peru by tandem. They enabled CIMA children to take advantage of their experience by presenting them their tandem, the pictures of their trip in Peru and by making them bike. Back in France, they made their relatives aware of the charity actions and get involved in the life of the association. \" width=\"150\" height=\"150\" srcset=\"https:\/\/www.ayudart.org\/wp-content\/uploads\/2013\/05\/tandem.v2-150x150.jpg 150w, https:\/\/www.ayudart.org\/wp-content\/uploads\/2013\/05\/tandem.v2-100x100.jpg 100w, https:\/\/www.ayudart.org\/wp-content\/uploads\/2013\/05\/tandem.v2.jpg 300w\" sizes=\"auto, (max-width: 150px) 100vw, 150px\" \/><\/a>Daniel and Annie<\/p>\n<div class=\"fancybox-hidden\">\n<div id='gallery-11' class='gallery galleryid-1503 gallery-columns-3 gallery-size-thumbnail'><figure class='gallery-item'>\r\n\t\t\t<div class='gallery-icon landscape'>\r\n\t\t\t\t<a href='https:\/\/www.ayudart.org\/wp-content\/uploads\/2013\/05\/et-de-faire-profiter-les-gamins-du-Cima-de-leur-exp\u00e9rience-en-leur-pr\u00e9sentant-leur-tandem-leurs-images-et-en-les-emenat-faire-des-ballades-\u00e0-v\u00e9o.v2.jpg'><img loading=\"lazy\" decoding=\"async\" width=\"150\" height=\"150\" src=\"https:\/\/www.ayudart.org\/wp-content\/uploads\/2013\/05\/et-de-faire-profiter-les-gamins-du-Cima-de-leur-exp\u00e9rience-en-leur-pr\u00e9sentant-leur-tandem-leurs-images-et-en-les-emenat-faire-des-ballades-\u00e0-v\u00e9o.v2-150x150.jpg\" class=\"attachment-thumbnail size-thumbnail\" alt=\"\" srcset=\"https:\/\/www.ayudart.org\/wp-content\/uploads\/2013\/05\/et-de-faire-profiter-les-gamins-du-Cima-de-leur-exp\u00e9rience-en-leur-pr\u00e9sentant-leur-tandem-leurs-images-et-en-les-emenat-faire-des-ballades-\u00e0-v\u00e9o.v2-150x150.jpg 150w, https:\/\/www.ayudart.org\/wp-content\/uploads\/2013\/05\/et-de-faire-profiter-les-gamins-du-Cima-de-leur-exp\u00e9rience-en-leur-pr\u00e9sentant-leur-tandem-leurs-images-et-en-les-emenat-faire-des-ballades-\u00e0-v\u00e9o.v2-100x100.jpg 100w\" sizes=\"auto, 100vw\" \/><\/a>\r\n\t\t\t<\/div><\/figure><figure class='gallery-item'>\r\n\t\t\t<div class='gallery-icon portrait'>\r\n\t\t\t\t<a href='https:\/\/www.ayudart.org\/wp-content\/uploads\/2013\/05\/PDF.v2.jpg'><img loading=\"lazy\" decoding=\"async\" width=\"150\" height=\"150\" src=\"https:\/\/www.ayudart.org\/wp-content\/uploads\/2013\/05\/PDF.v2-150x150.jpg\" class=\"attachment-thumbnail size-thumbnail\" alt=\"De retour en France, ils communiquent dans leur r\u00e9seau\" srcset=\"https:\/\/www.ayudart.org\/wp-content\/uploads\/2013\/05\/PDF.v2-150x150.jpg 150w, https:\/\/www.ayudart.org\/wp-content\/uploads\/2013\/05\/PDF.v2-100x100.jpg 100w\" sizes=\"auto, 100vw\" \/><\/a>\r\n\t\t\t<\/div><\/figure><figure class='gallery-item'>\r\n\t\t\t<div class='gallery-icon landscape'>\r\n\t\t\t\t<a href='https:\/\/www.ayudart.org\/wp-content\/uploads\/2013\/05\/P1110772.v2.jpg'><img loading=\"lazy\" decoding=\"async\" width=\"150\" height=\"150\" src=\"https:\/\/www.ayudart.org\/wp-content\/uploads\/2013\/05\/P1110772.v2-150x150.jpg\" class=\"attachment-thumbnail size-thumbnail\" alt=\"et s&#039;engagent dans la vie de l&#039;association.\" srcset=\"https:\/\/www.ayudart.org\/wp-content\/uploads\/2013\/05\/P1110772.v2-150x150.jpg 150w, https:\/\/www.ayudart.org\/wp-content\/uploads\/2013\/05\/P1110772.v2-100x100.jpg 100w\" sizes=\"auto, 100vw\" \/><\/a>\r\n\t\t\t<\/div><\/figure><figure class='gallery-item'>\r\n\t\t\t<div class='gallery-icon landscape'>\r\n\t\t\t\t<a href='https:\/\/www.ayudart.org\/wp-content\/uploads\/2013\/01\/Page-quitter.jpg'><img loading=\"lazy\" decoding=\"async\" width=\"150\" height=\"150\" src=\"https:\/\/www.ayudart.org\/wp-content\/uploads\/2013\/01\/Page-quitter-150x150.jpg\" class=\"attachment-thumbnail size-thumbnail\" alt=\"\" srcset=\"https:\/\/www.ayudart.org\/wp-content\/uploads\/2013\/01\/Page-quitter-150x150.jpg 150w, https:\/\/www.ayudart.org\/wp-content\/uploads\/2013\/01\/Page-quitter-100x100.jpg 100w\" sizes=\"auto, 100vw\" \/><\/a>\r\n\t\t\t<\/div><\/figure><\/div>\n\n<\/div>\n<\/td>\n<\/tr>\n<tr>\n<td>\n<p style=\"text-align: center;\"><a href=\"http:\/\/www.escsansfrontieres.fr\/perou\/\"><img loading=\"lazy\" decoding=\"async\" class=\"size-thumbnail wp-image-1523 aligncenter\" src=\"https:\/\/www.ayudart.org\/wp-content\/uploads\/2013\/05\/Sans-titre-150x150.jpg\" alt=\"Sans titre\" width=\"150\" height=\"150\" srcset=\"https:\/\/www.ayudart.org\/wp-content\/uploads\/2013\/05\/Sans-titre-150x150.jpg 150w, https:\/\/www.ayudart.org\/wp-content\/uploads\/2013\/05\/Sans-titre-300x300.jpg 300w, https:\/\/www.ayudart.org\/wp-content\/uploads\/2013\/05\/Sans-titre-100x100.jpg 100w, https:\/\/www.ayudart.org\/wp-content\/uploads\/2013\/05\/Sans-titre.jpg 400w\" sizes=\"auto, (max-width: 150px) 100vw, 150px\" \/><\/a><a title=\"ESC Rouen - P\u00e9rou\" href=\"http:\/\/www.escsansfrontieres.fr\/perou\/\">ESC Rouen<\/a><\/p>\n<\/td>\n<td><a name=\"odyssound\"><\/a><\/p>\n<p style=\"text-align: center;\"><a href=\"https:\/\/www.ayudart.org\/wp-content\/uploads\/2013\/05\/odyssound.v2.jpg\"><img loading=\"lazy\" decoding=\"async\" class=\"size-thumbnail wp-image-1575 aligncenter\" src=\"https:\/\/www.ayudart.org\/wp-content\/uploads\/2013\/05\/odyssound.v2-150x150.jpg\" alt=\"13 \u00e9tudiants issus de l'Ecole Centrale de Marseille\" width=\"150\" height=\"150\" srcset=\"https:\/\/www.ayudart.org\/wp-content\/uploads\/2013\/05\/odyssound.v2-150x150.jpg 150w, https:\/\/www.ayudart.org\/wp-content\/uploads\/2013\/05\/odyssound.v2-100x100.jpg 100w\" sizes=\"auto, (max-width: 150px) 100vw, 150px\" \/><\/a>Odyssound<br \/>\nLeanr more :<br \/>\n<a title=\"www.odyssound.org\" href=\"http:\/\/www.odyssound.org\/\">odyssound.org<\/a><\/p>\n<div class=\"fancybox-hidden\">\n<div id='gallery-12' class='gallery galleryid-1503 gallery-columns-3 gallery-size-thumbnail'><figure class='gallery-item'>\r\n\t\t\t<div class='gallery-icon landscape'>\r\n\t\t\t\t<a href='https:\/\/www.ayudart.org\/wp-content\/uploads\/2013\/05\/2-convaincus-que-la-musique-est-un-outil-d\u2019\u00e9ducation-d\u2019\u00e9change-de-communication-et-d\u2019apprentissage-extraordinaire.v2.png'><img loading=\"lazy\" decoding=\"async\" width=\"150\" height=\"150\" src=\"https:\/\/www.ayudart.org\/wp-content\/uploads\/2013\/05\/2-convaincus-que-la-musique-est-un-outil-d\u2019\u00e9ducation-d\u2019\u00e9change-de-communication-et-d\u2019apprentissage-extraordinaire.v2-150x150.png\" class=\"attachment-thumbnail size-thumbnail\" alt=\"\" srcset=\"https:\/\/www.ayudart.org\/wp-content\/uploads\/2013\/05\/2-convaincus-que-la-musique-est-un-outil-d\u2019\u00e9ducation-d\u2019\u00e9change-de-communication-et-d\u2019apprentissage-extraordinaire.v2-150x150.png 150w, https:\/\/www.ayudart.org\/wp-content\/uploads\/2013\/05\/2-convaincus-que-la-musique-est-un-outil-d\u2019\u00e9ducation-d\u2019\u00e9change-de-communication-et-d\u2019apprentissage-extraordinaire.v2-100x100.png 100w\" sizes=\"auto, 100vw\" \/><\/a>\r\n\t\t\t<\/div><\/figure><figure class='gallery-item'>\r\n\t\t\t<div class='gallery-icon portrait'>\r\n\t\t\t\t<a href='https:\/\/www.ayudart.org\/wp-content\/uploads\/2013\/05\/3-d\u00e9cident-de-mener-une-action-humanitaire-de-six-mois-dans-quatre-pays-en-voie-de-d\u00e9veloppement-en-collaboration-avec-des-ONG-locales-Cima-pour-le-P\u00e9rou-d\u2019aide-\u00e0-l\u2019enfance..v2.png'><img loading=\"lazy\" decoding=\"async\" width=\"150\" height=\"150\" src=\"https:\/\/www.ayudart.org\/wp-content\/uploads\/2013\/05\/3-d\u00e9cident-de-mener-une-action-humanitaire-de-six-mois-dans-quatre-pays-en-voie-de-d\u00e9veloppement-en-collaboration-avec-des-ONG-locales-Cima-pour-le-P\u00e9rou-d\u2019aide-\u00e0-l\u2019enfance..v2-150x150.png\" class=\"attachment-thumbnail size-thumbnail\" alt=\"\" srcset=\"https:\/\/www.ayudart.org\/wp-content\/uploads\/2013\/05\/3-d\u00e9cident-de-mener-une-action-humanitaire-de-six-mois-dans-quatre-pays-en-voie-de-d\u00e9veloppement-en-collaboration-avec-des-ONG-locales-Cima-pour-le-P\u00e9rou-d\u2019aide-\u00e0-l\u2019enfance..v2-150x150.png 150w, https:\/\/www.ayudart.org\/wp-content\/uploads\/2013\/05\/3-d\u00e9cident-de-mener-une-action-humanitaire-de-six-mois-dans-quatre-pays-en-voie-de-d\u00e9veloppement-en-collaboration-avec-des-ONG-locales-Cima-pour-le-P\u00e9rou-d\u2019aide-\u00e0-l\u2019enfance..v2-100x100.png 100w\" sizes=\"auto, 100vw\" \/><\/a>\r\n\t\t\t<\/div><\/figure><figure class='gallery-item'>\r\n\t\t\t<div class='gallery-icon landscape'>\r\n\t\t\t\t<a href='https:\/\/www.ayudart.org\/wp-content\/uploads\/2013\/05\/4-en-proposant-diff\u00e9rentes-activit\u00e9s-ludiques-et-musicales-qui-permettront-aux-enfants-de-d\u00e9velopper-cr\u00e9ativit\u00e9-.v2.jpg'><img loading=\"lazy\" decoding=\"async\" width=\"150\" height=\"150\" src=\"https:\/\/www.ayudart.org\/wp-content\/uploads\/2013\/05\/4-en-proposant-diff\u00e9rentes-activit\u00e9s-ludiques-et-musicales-qui-permettront-aux-enfants-de-d\u00e9velopper-cr\u00e9ativit\u00e9-.v2-150x150.jpg\" class=\"attachment-thumbnail size-thumbnail\" alt=\"\" srcset=\"https:\/\/www.ayudart.org\/wp-content\/uploads\/2013\/05\/4-en-proposant-diff\u00e9rentes-activit\u00e9s-ludiques-et-musicales-qui-permettront-aux-enfants-de-d\u00e9velopper-cr\u00e9ativit\u00e9-.v2-150x150.jpg 150w, https:\/\/www.ayudart.org\/wp-content\/uploads\/2013\/05\/4-en-proposant-diff\u00e9rentes-activit\u00e9s-ludiques-et-musicales-qui-permettront-aux-enfants-de-d\u00e9velopper-cr\u00e9ativit\u00e9-.v2-100x100.jpg 100w\" sizes=\"auto, 100vw\" \/><\/a>\r\n\t\t\t<\/div><\/figure><figure class='gallery-item'>\r\n\t\t\t<div class='gallery-icon landscape'>\r\n\t\t\t\t<a href='https:\/\/www.ayudart.org\/wp-content\/uploads\/2013\/05\/5-expression-de-soi-concentration-pers\u00e9v\u00e9rance-et-\u00e9coute..v2.jpg'><img loading=\"lazy\" decoding=\"async\" width=\"150\" height=\"150\" src=\"https:\/\/www.ayudart.org\/wp-content\/uploads\/2013\/05\/5-expression-de-soi-concentration-pers\u00e9v\u00e9rance-et-\u00e9coute..v2-150x150.jpg\" class=\"attachment-thumbnail size-thumbnail\" alt=\"\" srcset=\"https:\/\/www.ayudart.org\/wp-content\/uploads\/2013\/05\/5-expression-de-soi-concentration-pers\u00e9v\u00e9rance-et-\u00e9coute..v2-150x150.jpg 150w, https:\/\/www.ayudart.org\/wp-content\/uploads\/2013\/05\/5-expression-de-soi-concentration-pers\u00e9v\u00e9rance-et-\u00e9coute..v2-100x100.jpg 100w\" sizes=\"auto, 100vw\" \/><\/a>\r\n\t\t\t<\/div><\/figure><figure class='gallery-item'>\r\n\t\t\t<div class='gallery-icon landscape'>\r\n\t\t\t\t<a href='https:\/\/www.ayudart.org\/wp-content\/uploads\/2013\/01\/Page-quitter.jpg'><img loading=\"lazy\" decoding=\"async\" width=\"150\" height=\"150\" src=\"https:\/\/www.ayudart.org\/wp-content\/uploads\/2013\/01\/Page-quitter-150x150.jpg\" class=\"attachment-thumbnail size-thumbnail\" alt=\"\" srcset=\"https:\/\/www.ayudart.org\/wp-content\/uploads\/2013\/01\/Page-quitter-150x150.jpg 150w, https:\/\/www.ayudart.org\/wp-content\/uploads\/2013\/01\/Page-quitter-100x100.jpg 100w\" sizes=\"auto, 100vw\" \/><\/a>\r\n\t\t\t<\/div><\/figure><\/div>\n\n<\/div>\n<\/td>\n<td><a name=\"etvoustous\"><\/a><\/p>\n<p style=\"text-align: center;\"><a href=\"https:\/\/www.ayudart.org\/wp-content\/uploads\/2013\/01\/Image10.v23.jpg\"><img loading=\"lazy\" decoding=\"async\" class=\"aligncenter wp-image-3132 size-thumbnail\" src=\"https:\/\/www.ayudart.org\/wp-content\/uploads\/2013\/01\/Image10.v23-150x150.jpg\" alt=\"\" width=\"150\" height=\"150\" srcset=\"https:\/\/www.ayudart.org\/wp-content\/uploads\/2013\/01\/Image10.v23-150x150.jpg 150w, https:\/\/www.ayudart.org\/wp-content\/uploads\/2013\/01\/Image10.v23-100x100.jpg 100w\" sizes=\"auto, (max-width: 150px) 100vw, 150px\" \/><\/a><\/p>\n<p style=\"text-align: center;\">And you all&#8230;<\/p>\n<\/td>\n<\/tr>\n<\/tbody>\n<\/table>\n<p style=\"text-align: center;\">Meet volunteers when they come back and communicate in France about what they did in Peru<\/p>\n<p style=\"text-align: center;\">When they come back, volunteers can meet Ayud\u2019Art \u201cfamily\u201d and exchange about their experiences, share with\u00a0 the public.<\/p>\n","protected":false},"excerpt":{"rendered":"<p>The charity always respects CIMA choices. For example, if they decide to welcome or not candidates according to their housing possibilities, but also according to the characteristics of the candidates and their project. Nothing worth better than a real experience, something you have really lived, memories etch on people\u2019s memories. That\u2019s why Ayud\u2019Art does everything &hellip; <\/p>\n<p class=\"link-more\"><a href=\"https:\/\/www.ayudart.org\/en\/lassoication-ayudart\/envoi-de-volontaires-au-perou\/envoyer-des-volontaires-au-centre-cima\/\" class=\"more-link\">Continue reading<span class=\"screen-reader-text\"> &#8220;Sending volunteers to CIMA center&#8221;<\/span><\/a><\/p>\n","protected":false},"author":2,"featured_media":0,"parent":901,"menu_order":0,"comment_status":"closed","ping_status":"closed","template":"","meta":{"footnotes":""},"class_list":["post-1503","page","type-page","status-publish","hentry"],"yoast_head":"<!-- This site is optimized with the Yoast SEO plugin v27.5 - https:\/\/yoast.com\/product\/yoast-seo-wordpress\/ -->\n<title>Sending volunteers to CIMA center<\/title>\n<meta name=\"robots\" content=\"index, follow, max-snippet:-1, max-image-preview:large, max-video-preview:-1\" \/>\n<link rel=\"canonical\" href=\"https:\/\/www.ayudart.org\/en\/lassoication-ayudart\/envoi-de-volontaires-au-perou\/envoyer-des-volontaires-au-centre-cima\/\" \/>\n<meta property=\"og:locale\" content=\"en_US\" \/>\n<meta property=\"og:locale:alternate\" content=\"fr_FR\" \/>\n<meta property=\"og:locale:alternate\" content=\"es_ES\" \/>\n<meta property=\"og:type\" content=\"article\" \/>\n<meta property=\"og:title\" content=\"Sending volunteers to CIMA center\" \/>\n<meta property=\"og:description\" content=\"The charity always respects CIMA choices. For example, if they decide to welcome or not candidates according to their housing possibilities, but also according to the characteristics of the candidates and their project. Nothing worth better than a real experience, something you have really lived, memories etch on people\u2019s memories. That\u2019s why Ayud\u2019Art does everything &hellip; Continue reading &quot;Sending volunteers to CIMA center&quot;\" \/>\n<meta property=\"og:url\" content=\"https:\/\/www.ayudart.org\/en\/lassoication-ayudart\/envoi-de-volontaires-au-perou\/envoyer-des-volontaires-au-centre-cima\/\" \/>\n<meta property=\"og:site_name\" content=\"Ayud&#039;Art - Association d&#039;aide aux enfants des rues du P\u00e9rou\" \/>\n<meta property=\"article:publisher\" content=\"https:\/\/www.facebook.com\/AyudArt\" \/>\n<meta property=\"article:modified_time\" content=\"2018-04-25T13:24:57+00:00\" \/>\n<meta property=\"og:image\" content=\"https:\/\/www.ayudart.org\/wp-content\/uploads\/2013\/05\/2-Former-les-enfants-aux-premiers-secours.v2-150x150.jpg\" \/>\n<meta name=\"twitter:card\" content=\"summary_large_image\" \/>\n<meta name=\"twitter:label1\" content=\"Est. reading time\" \/>\n\t<meta name=\"twitter:data1\" content=\"1 minute\" \/>\n<script type=\"application\/ld+json\" class=\"yoast-schema-graph\">{\"@context\":\"https:\\\/\\\/schema.org\",\"@graph\":[{\"@type\":\"WebPage\",\"@id\":\"https:\\\/\\\/www.ayudart.org\\\/lassoication-ayudart\\\/envoi-de-volontaires-au-perou\\\/envoyer-des-volontaires-au-centre-cima\\\/\",\"url\":\"https:\\\/\\\/www.ayudart.org\\\/lassoication-ayudart\\\/envoi-de-volontaires-au-perou\\\/envoyer-des-volontaires-au-centre-cima\\\/\",\"name\":\"Sending volunteers to CIMA center\",\"isPartOf\":{\"@id\":\"https:\\\/\\\/www.ayudart.org\\\/#website\"},\"primaryImageOfPage\":{\"@id\":\"https:\\\/\\\/www.ayudart.org\\\/lassoication-ayudart\\\/envoi-de-volontaires-au-perou\\\/envoyer-des-volontaires-au-centre-cima\\\/#primaryimage\"},\"image\":{\"@id\":\"https:\\\/\\\/www.ayudart.org\\\/lassoication-ayudart\\\/envoi-de-volontaires-au-perou\\\/envoyer-des-volontaires-au-centre-cima\\\/#primaryimage\"},\"thumbnailUrl\":\"https:\\\/\\\/www.ayudart.org\\\/wp-content\\\/uploads\\\/2013\\\/05\\\/La-piscine-pendant-les-vacances-4.v2-150x150.jpg\",\"datePublished\":\"2013-05-09T12:46:20+00:00\",\"dateModified\":\"2018-04-25T13:24:57+00:00\",\"breadcrumb\":{\"@id\":\"https:\\\/\\\/www.ayudart.org\\\/lassoication-ayudart\\\/envoi-de-volontaires-au-perou\\\/envoyer-des-volontaires-au-centre-cima\\\/#breadcrumb\"},\"inLanguage\":\"en-US\",\"potentialAction\":[{\"@type\":\"ReadAction\",\"target\":[\"https:\\\/\\\/www.ayudart.org\\\/lassoication-ayudart\\\/envoi-de-volontaires-au-perou\\\/envoyer-des-volontaires-au-centre-cima\\\/\"]}]},{\"@type\":\"ImageObject\",\"inLanguage\":\"en-US\",\"@id\":\"https:\\\/\\\/www.ayudart.org\\\/lassoication-ayudart\\\/envoi-de-volontaires-au-perou\\\/envoyer-des-volontaires-au-centre-cima\\\/#primaryimage\",\"url\":\"https:\\\/\\\/www.ayudart.org\\\/wp-content\\\/uploads\\\/2013\\\/05\\\/La-piscine-pendant-les-vacances-4.v2-150x150.jpg\",\"contentUrl\":\"https:\\\/\\\/www.ayudart.org\\\/wp-content\\\/uploads\\\/2013\\\/05\\\/La-piscine-pendant-les-vacances-4.v2-150x150.jpg\"},{\"@type\":\"BreadcrumbList\",\"@id\":\"https:\\\/\\\/www.ayudart.org\\\/lassoication-ayudart\\\/envoi-de-volontaires-au-perou\\\/envoyer-des-volontaires-au-centre-cima\\\/#breadcrumb\",\"itemListElement\":[{\"@type\":\"ListItem\",\"position\":1,\"name\":\"Accueil\",\"item\":\"https:\\\/\\\/www.ayudart.org\\\/\"},{\"@type\":\"ListItem\",\"position\":2,\"name\":\"L&rsquo;Association Ayud&rsquo;Art\",\"item\":\"https:\\\/\\\/www.ayudart.org\\\/lassoication-ayudart\\\/\"},{\"@type\":\"ListItem\",\"position\":3,\"name\":\"Rencontrer des b\u00e9n\u00e9voles et des volontaires\",\"item\":\"https:\\\/\\\/www.ayudart.org\\\/lassoication-ayudart\\\/envoi-de-volontaires-au-perou\\\/\"},{\"@type\":\"ListItem\",\"position\":4,\"name\":\"Envoyer des volontaires au centre CIMA\"}]},{\"@type\":\"WebSite\",\"@id\":\"https:\\\/\\\/www.ayudart.org\\\/#website\",\"url\":\"https:\\\/\\\/www.ayudart.org\\\/\",\"name\":\"Ayud'Art - Association d'aide aux enfants des rues du P\u00e9rou\",\"description\":\"\",\"publisher\":{\"@id\":\"https:\\\/\\\/www.ayudart.org\\\/#organization\"},\"potentialAction\":[{\"@type\":\"SearchAction\",\"target\":{\"@type\":\"EntryPoint\",\"urlTemplate\":\"https:\\\/\\\/www.ayudart.org\\\/?s={search_term_string}\"},\"query-input\":{\"@type\":\"PropertyValueSpecification\",\"valueRequired\":true,\"valueName\":\"search_term_string\"}}],\"inLanguage\":\"en-US\"},{\"@type\":\"Organization\",\"@id\":\"https:\\\/\\\/www.ayudart.org\\\/#organization\",\"name\":\"Ayud'Art\",\"url\":\"https:\\\/\\\/www.ayudart.org\\\/\",\"logo\":{\"@type\":\"ImageObject\",\"inLanguage\":\"en-US\",\"@id\":\"https:\\\/\\\/www.ayudart.org\\\/#\\\/schema\\\/logo\\\/image\\\/\",\"url\":\"https:\\\/\\\/www.ayudart.org\\\/wp-content\\\/uploads\\\/2018\\\/03\\\/cropped-logo-1000-1.jpg\",\"contentUrl\":\"https:\\\/\\\/www.ayudart.org\\\/wp-content\\\/uploads\\\/2018\\\/03\\\/cropped-logo-1000-1.jpg\",\"width\":547,\"height\":250,\"caption\":\"Ayud'Art\"},\"image\":{\"@id\":\"https:\\\/\\\/www.ayudart.org\\\/#\\\/schema\\\/logo\\\/image\\\/\"},\"sameAs\":[\"https:\\\/\\\/www.facebook.com\\\/AyudArt\",\"https:\\\/\\\/www.instagram.com\\\/ayud.art\\\/\",\"https:\\\/\\\/www.linkedin.com\\\/groups\\\/27245\\\/profile\"]}]}<\/script>\n<!-- \/ Yoast SEO plugin. -->","yoast_head_json":{"title":"Sending volunteers to CIMA center","robots":{"index":"index","follow":"follow","max-snippet":"max-snippet:-1","max-image-preview":"max-image-preview:large","max-video-preview":"max-video-preview:-1"},"canonical":"https:\/\/www.ayudart.org\/en\/lassoication-ayudart\/envoi-de-volontaires-au-perou\/envoyer-des-volontaires-au-centre-cima\/","og_locale":"en_US","og_type":"article","og_title":"[:fr]Envoyer des volontaires au centre CIMA[:es]Envoyer des volontaires au centre CIMA[:en]Sending volunteers to CIMA center[:] - Ayud'Art - Association d'aide aux enfants des rues du P\u00e9rou","og_description":"The charity always respects CIMA choices. For example, if they decide to welcome or not candidates according to their housing possibilities, but also according to the characteristics of the candidates and their project. Nothing worth better than a real experience, something you have really lived, memories etch on people\u2019s memories. That\u2019s why Ayud\u2019Art does everything &hellip; Continue reading \"Sending volunteers to CIMA center\"","og_url":"https:\/\/www.ayudart.org\/en\/lassoication-ayudart\/envoi-de-volontaires-au-perou\/envoyer-des-volontaires-au-centre-cima\/","og_site_name":"Ayud'Art - Association d'aide aux enfants des rues du P\u00e9rou","article_publisher":"https:\/\/www.facebook.com\/AyudArt","article_modified_time":"2018-04-25T13:24:57+00:00","og_image":[{"url":"https:\/\/www.ayudart.org\/wp-content\/uploads\/2013\/05\/2-Former-les-enfants-aux-premiers-secours.v2-150x150.jpg","type":"","width":"","height":""}],"twitter_card":"summary_large_image","twitter_misc":{"Est. reading time":"1 minute"},"schema":{"@context":"https:\/\/schema.org","@graph":[{"@type":"WebPage","@id":"https:\/\/www.ayudart.org\/lassoication-ayudart\/envoi-de-volontaires-au-perou\/envoyer-des-volontaires-au-centre-cima\/","url":"https:\/\/www.ayudart.org\/lassoication-ayudart\/envoi-de-volontaires-au-perou\/envoyer-des-volontaires-au-centre-cima\/","name":"Sending volunteers to CIMA center","isPartOf":{"@id":"https:\/\/www.ayudart.org\/#website"},"primaryImageOfPage":{"@id":"https:\/\/www.ayudart.org\/lassoication-ayudart\/envoi-de-volontaires-au-perou\/envoyer-des-volontaires-au-centre-cima\/#primaryimage"},"image":{"@id":"https:\/\/www.ayudart.org\/lassoication-ayudart\/envoi-de-volontaires-au-perou\/envoyer-des-volontaires-au-centre-cima\/#primaryimage"},"thumbnailUrl":"https:\/\/www.ayudart.org\/wp-content\/uploads\/2013\/05\/La-piscine-pendant-les-vacances-4.v2-150x150.jpg","datePublished":"2013-05-09T12:46:20+00:00","dateModified":"2018-04-25T13:24:57+00:00","breadcrumb":{"@id":"https:\/\/www.ayudart.org\/lassoication-ayudart\/envoi-de-volontaires-au-perou\/envoyer-des-volontaires-au-centre-cima\/#breadcrumb"},"inLanguage":"en-US","potentialAction":[{"@type":"ReadAction","target":["https:\/\/www.ayudart.org\/lassoication-ayudart\/envoi-de-volontaires-au-perou\/envoyer-des-volontaires-au-centre-cima\/"]}]},{"@type":"ImageObject","inLanguage":"en-US","@id":"https:\/\/www.ayudart.org\/lassoication-ayudart\/envoi-de-volontaires-au-perou\/envoyer-des-volontaires-au-centre-cima\/#primaryimage","url":"https:\/\/www.ayudart.org\/wp-content\/uploads\/2013\/05\/La-piscine-pendant-les-vacances-4.v2-150x150.jpg","contentUrl":"https:\/\/www.ayudart.org\/wp-content\/uploads\/2013\/05\/La-piscine-pendant-les-vacances-4.v2-150x150.jpg"},{"@type":"BreadcrumbList","@id":"https:\/\/www.ayudart.org\/lassoication-ayudart\/envoi-de-volontaires-au-perou\/envoyer-des-volontaires-au-centre-cima\/#breadcrumb","itemListElement":[{"@type":"ListItem","position":1,"name":"Accueil","item":"https:\/\/www.ayudart.org\/"},{"@type":"ListItem","position":2,"name":"L&rsquo;Association Ayud&rsquo;Art","item":"https:\/\/www.ayudart.org\/lassoication-ayudart\/"},{"@type":"ListItem","position":3,"name":"Rencontrer des b\u00e9n\u00e9voles et des volontaires","item":"https:\/\/www.ayudart.org\/lassoication-ayudart\/envoi-de-volontaires-au-perou\/"},{"@type":"ListItem","position":4,"name":"Envoyer des volontaires au centre CIMA"}]},{"@type":"WebSite","@id":"https:\/\/www.ayudart.org\/#website","url":"https:\/\/www.ayudart.org\/","name":"Ayud'Art - Association d'aide aux enfants des rues du P\u00e9rou","description":"","publisher":{"@id":"https:\/\/www.ayudart.org\/#organization"},"potentialAction":[{"@type":"SearchAction","target":{"@type":"EntryPoint","urlTemplate":"https:\/\/www.ayudart.org\/?s={search_term_string}"},"query-input":{"@type":"PropertyValueSpecification","valueRequired":true,"valueName":"search_term_string"}}],"inLanguage":"en-US"},{"@type":"Organization","@id":"https:\/\/www.ayudart.org\/#organization","name":"Ayud'Art","url":"https:\/\/www.ayudart.org\/","logo":{"@type":"ImageObject","inLanguage":"en-US","@id":"https:\/\/www.ayudart.org\/#\/schema\/logo\/image\/","url":"https:\/\/www.ayudart.org\/wp-content\/uploads\/2018\/03\/cropped-logo-1000-1.jpg","contentUrl":"https:\/\/www.ayudart.org\/wp-content\/uploads\/2018\/03\/cropped-logo-1000-1.jpg","width":547,"height":250,"caption":"Ayud'Art"},"image":{"@id":"https:\/\/www.ayudart.org\/#\/schema\/logo\/image\/"},"sameAs":["https:\/\/www.facebook.com\/AyudArt","https:\/\/www.instagram.com\/ayud.art\/","https:\/\/www.linkedin.com\/groups\/27245\/profile"]}]}},"_links":{"self":[{"href":"https:\/\/www.ayudart.org\/en\/wp-json\/wp\/v2\/pages\/1503","targetHints":{"allow":["GET"]}}],"collection":[{"href":"https:\/\/www.ayudart.org\/en\/wp-json\/wp\/v2\/pages"}],"about":[{"href":"https:\/\/www.ayudart.org\/en\/wp-json\/wp\/v2\/types\/page"}],"author":[{"embeddable":true,"href":"https:\/\/www.ayudart.org\/en\/wp-json\/wp\/v2\/users\/2"}],"replies":[{"embeddable":true,"href":"https:\/\/www.ayudart.org\/en\/wp-json\/wp\/v2\/comments?post=1503"}],"version-history":[{"count":14,"href":"https:\/\/www.ayudart.org\/en\/wp-json\/wp\/v2\/pages\/1503\/revisions"}],"predecessor-version":[{"id":3457,"href":"https:\/\/www.ayudart.org\/en\/wp-json\/wp\/v2\/pages\/1503\/revisions\/3457"}],"up":[{"embeddable":true,"href":"https:\/\/www.ayudart.org\/en\/wp-json\/wp\/v2\/pages\/901"}],"wp:attachment":[{"href":"https:\/\/www.ayudart.org\/en\/wp-json\/wp\/v2\/media?parent=1503"}],"curies":[{"name":"wp","href":"https:\/\/api.w.org\/{rel}","templated":true}]}}